{"id":160,"date":"2017-03-26T16:04:37","date_gmt":"2017-03-26T14:04:37","guid":{"rendered":"http:\/\/ecole.ac-nice.fr\/val-siagne\/?page_id=160"},"modified":"2020-09-02T14:56:18","modified_gmt":"2020-09-02T12:56:18","slug":"ecoles-par-commune","status":"publish","type":"page","link":"https:\/\/ecole.ac-nice.fr\/val-siagne\/circo\/ecoles-par-commune\/","title":{"rendered":"Ecoles par commune"},"content":{"rendered":"<p>Liste des \u00e9coles par communes :<\/p>\n<ul>\n<li><a href=\"http:\/\/ecole.ac-nice.fr\/val-siagne\/ecoles-dauribeau-sur-siagne\/\">Auribeau sur Siagne<\/a> (2) :\n<ul>\n<li>Ecole maternelle Le Bayle<\/li>\n<li>Ecole \u00e9l\u00e9mentaire Le Bayle<\/li>\n<\/ul>\n<\/li>\n<\/ul>\n<ul>\n<li><a href=\"http:\/\/ecole.ac-nice.fr\/val-siagne\/circo\/ecoles-par-commune\/ecoles-de-la-roquette\/\">La Roquette sur Siagne<\/a> (3)\n<ul>\n<li>Ecole primaire La Roquette village<\/li>\n<li>Ecole primaire Saint Jean les vignasses<\/li>\n<li>Ecole primaire Les oliviers<\/li>\n<\/ul>\n<\/li>\n<\/ul>\n<ul>\n<li><a href=\"http:\/\/ecole.ac-nice.fr\/val-siagne\/circo\/ecoles-par-commune\/ecoles-du-val-de-tignet\/\">Le Val de Tignet<\/a> (2)\n<ul>\n<li>Ecole maternelle Marius Campagno<\/li>\n<li>Ecole \u00e9l\u00e9mentaire Marius Campagno<\/li>\n<\/ul>\n<\/li>\n<\/ul>\n<ul>\n<li><a href=\"http:\/\/ecole.ac-nice.fr\/val-siagne\/circo\/ecoles-par-commune\/ecoles-de-mouans-sartoux\/\">Mouans-Sartoux <\/a>(4)\n<ul>\n<li>Ecole maternelle Aim\u00e9 Legall<\/li>\n<li>Ecole \u00e9l\u00e9mentaire Aim\u00e9 Legall<\/li>\n<li>Ecole primaire de l&rsquo;Or\u00e9e du bois<\/li>\n<li>Ecole primaire Fran\u00e7ois Jacob<\/li>\n<\/ul>\n<\/li>\n<\/ul>\n<ul>\n<li><a href=\"http:\/\/ecole.ac-nice.fr\/val-siagne\/circo\/ecoles-par-commune\/ecoles-de-mougins\/\">Mougins<\/a> (11)\n<ul>\n<li>Ecole maternelle des Cabri\u00e8res<\/li>\n<li>Ecole maternelle du Devens<\/li>\n<li>Ecole maternelle de Mougins le Haut<\/li>\n<li>Ecole\u00a0maternelle Rebuffel<\/li>\n<li>Ecole maternelle de\u00a0 Saint Martin en for\u00eat<\/li>\n<li>Ecole \u00e9l\u00e9mentaire des Cabri\u00e8res<\/li>\n<li>Ecole \u00e9l\u00e9mentaire du Devens<\/li>\n<li>Ecole \u00e9l\u00e9mentaire de Mougins le Haut<\/li>\n<li>Ecole\u00a0\u00e9l\u00e9mentaire Rebuffel<\/li>\n<li>Ecole \u00e9l\u00e9mentaire Saint Martin de Gioue<\/li>\n<li>Ecole primaire des 3 collines<\/li>\n<\/ul>\n<\/li>\n<\/ul>\n<ul>\n<li><a href=\"https:\/\/ecole.ac-nice.fr\/val-siagne\/circo\/ecoles-par-commune\/ecoles-de-pegomas\/\">P\u00e9gomas<\/a> (3)\n<ul>\n<li>Ecole maternelle Ferry<\/li>\n<li>Ecole \u00e9l\u00e9mentaire Curie<\/li>\n<li>Ecole primaire Rostand<\/li>\n<\/ul>\n<\/li>\n<\/ul>\n<ul>\n<li><a href=\"https:\/\/ecole.ac-nice.fr\/val-siagne\/circo\/ecoles-par-commune\/ecoles-de-peymeinade\/\">Peymeinade<\/a> (5)\n<ul>\n<li>Ecole maternelle Fragonard<\/li>\n<li>Ecole maternelle Saint Exup\u00e9ry<\/li>\n<li>Ecole \u00e9l\u00e9mentaire Fragonard<\/li>\n<li>Ecole \u00e9l\u00e9mentaire Saint Exup\u00e9ry<\/li>\n<li>Ecole primaire Mistral<\/li>\n<\/ul>\n<\/li>\n<\/ul>\n<ul>\n<li><a href=\"https:\/\/ecole.ac-nice.fr\/val-siagne\/circo\/ecoles-par-commune\/ecole-de-sperade-speracedes\/\">Sp\u00e9rac\u00e8des<\/a> (1)\n<ul>\n<li>Ecole primaire de Sp\u00e9rac\u00e8des<\/li>\n<\/ul>\n<\/li>\n<\/ul>\n","protected":false},"excerpt":{"rendered":"<p>Liste des \u00e9coles par communes : Auribeau sur Siagne (2) : Ecole maternelle Le Bayle Ecole \u00e9l\u00e9mentaire Le Bayle La Roquette sur Siagne (3) Ecole primaire La Roquette village Ecole primaire Saint Jean les vignasses Ecole primaire Les oliviers Le Val de Tignet (2) Ecole maternelle Marius Campagno Ecole \u00e9l\u00e9mentaire Marius Campagno Mouans-Sartoux (4) Ecole &hellip; <a href=\"https:\/\/ecole.ac-nice.fr\/val-siagne\/circo\/ecoles-par-commune\/\" class=\"more-link\">Continuer la lecture de <span class=\"screen-reader-text\">Ecoles par commune<\/span> <span class=\"meta-nav\">&rarr;<\/span><\/a><\/p>\n","protected":false},"author":2,"featured_media":0,"parent":115,"menu_order":2,"comment_status":"closed","ping_status":"closed","template":"","meta":{"footnotes":""},"class_list":["post-160","page","type-page","status-publish","hentry"],"_links":{"self":[{"href":"https:\/\/ecole.ac-nice.fr\/val-siagne\/wp-json\/wp\/v2\/pages\/160","targetHints":{"allow":["GET"]}}],"collection":[{"href":"https:\/\/ecole.ac-nice.fr\/val-siagne\/wp-json\/wp\/v2\/pages"}],"about":[{"href":"https:\/\/ecole.ac-nice.fr\/val-siagne\/wp-json\/wp\/v2\/types\/page"}],"author":[{"embeddable":true,"href":"https:\/\/ecole.ac-nice.fr\/val-siagne\/wp-json\/wp\/v2\/users\/2"}],"replies":[{"embeddable":true,"href":"https:\/\/ecole.ac-nice.fr\/val-siagne\/wp-json\/wp\/v2\/comments?post=160"}],"version-history":[{"count":11,"href":"https:\/\/ecole.ac-nice.fr\/val-siagne\/wp-json\/wp\/v2\/pages\/160\/revisions"}],"predecessor-version":[{"id":1060,"href":"https:\/\/ecole.ac-nice.fr\/val-siagne\/wp-json\/wp\/v2\/pages\/160\/revisions\/1060"}],"up":[{"embeddable":true,"href":"https:\/\/ecole.ac-nice.fr\/val-siagne\/wp-json\/wp\/v2\/pages\/115"}],"wp:attachment":[{"href":"https:\/\/ecole.ac-nice.fr\/val-siagne\/wp-json\/wp\/v2\/media?parent=160"}],"curies":[{"name":"wp","href":"https:\/\/api.w.org\/{rel}","templated":true}]}}