{"id":45,"date":"2017-03-28T11:48:59","date_gmt":"2017-03-28T09:48:59","guid":{"rendered":"http:\/\/ecole.ac-nice.fr\/val-siagne\/rebuffel\/?page_id=45"},"modified":"2018-02-19T15:09:59","modified_gmt":"2018-02-19T14:09:59","slug":"reglement-de-lecole","status":"publish","type":"page","link":"https:\/\/ecole.ac-nice.fr\/val-siagne\/rebuffel\/les-infos-administratives\/reglement-de-lecole\/","title":{"rendered":"R\u00e8glement de l&rsquo;\u00e9cole"},"content":{"rendered":"<p>En cliquant sur le lien suivant, vous acc\u00e9derez au r\u00e8glement de l&rsquo;\u00e9cole<\/p>\n<p><a href=\"http:\/\/ecole.ac-nice.fr\/val-siagne\/rebuffel\/wp-content\/uploads\/sites\/8\/2018\/02\/reglement-int-2017-18.pdf\" target=\"_blank\" rel=\"noopener\">Cliquez ici<\/a><\/p>\n<hr \/>\n<p>&nbsp;<\/p>\n<p align=\"CENTER\"><span style=\"font-size: medium\"><u><b>REGLEMENT INTERIEUR &#8211; Ann\u00e9e Scolaire 2017 \/2018<\/b><\/u><\/span><\/p>\n<p align=\"CENTER\"><span style=\"font-size: medium\"><b>Ecole REBUFFEL ELEMENTAIRE \u2013 06 250 MOUGINS <\/b><\/span><\/p>\n<p align=\"CENTER\"><span style=\"font-size: medium\"><b>04.93.75.59.44<\/b><\/span><\/p>\n<p align=\"CENTER\"><span style=\"font-size: medium\"><b>ecole.0061537N@ac-nice.fr<\/b><\/span><\/p>\n<p align=\"LEFT\"><span style=\"font-size: small\"><b>I. <u>HORAIRES<\/u><\/b><\/span><\/p>\n<table border=\"1\" width=\"364\" cellspacing=\"0\" cellpadding=\"4\">\n<colgroup>\n<col width=\"92\" \/>\n<col width=\"128\" \/>\n<col width=\"118\" \/> <\/colgroup>\n<tbody>\n<tr valign=\"TOP\">\n<td width=\"92\"><\/td>\n<td width=\"128\">\n<p align=\"CENTER\"><span style=\"font-size: small\"><b>MATIN<\/b><\/span><\/p>\n<\/td>\n<td width=\"118\">\n<p align=\"CENTER\"><span style=\"font-size: small\"><b>APRES-MIDI<\/b><\/span><\/p>\n<\/td>\n<\/tr>\n<tr valign=\"TOP\">\n<td width=\"92\">\n<p align=\"LEFT\"><span style=\"font-size: small\"><b>LUNDI<\/b><\/span><\/p>\n<\/td>\n<td width=\"128\">\n<p align=\"CENTER\"><span style=\"font-size: small\"><b>8H30 &#8211; 11H45<\/b><\/span><\/p>\n<\/td>\n<td width=\"118\">\n<p align=\"CENTER\"><span style=\"font-size: small\"><i><b>TAP<\/b><\/i><\/span><\/p>\n<\/td>\n<\/tr>\n<tr valign=\"TOP\">\n<td width=\"92\">\n<p align=\"LEFT\"><span style=\"font-size: small\"><b>MARDI<\/b><\/span><\/p>\n<\/td>\n<td width=\"128\">\n<p align=\"CENTER\"><span style=\"font-size: small\"><b>8H30 &#8211; 11H45<\/b><\/span><\/p>\n<\/td>\n<td width=\"118\">\n<p align=\"CENTER\"><span style=\"font-size: small\"><i><b>13H45 &#8211; 16H15<\/b><\/i><\/span><\/p>\n<\/td>\n<\/tr>\n<tr valign=\"TOP\">\n<td width=\"92\">\n<p align=\"LEFT\"><span style=\"font-size: small\"><b>MERCREDI<\/b><\/span><\/p>\n<\/td>\n<td width=\"128\">\n<p align=\"CENTER\"><span style=\"font-size: small\"><b>8H30 &#8211; 12H<\/b><\/span><\/p>\n<\/td>\n<td width=\"118\">\n<p align=\"CENTER\"><span style=\"font-size: small\"><b>&#8211;<\/b><\/span><\/p>\n<\/td>\n<\/tr>\n<tr valign=\"TOP\">\n<td width=\"92\">\n<p align=\"LEFT\"><span style=\"font-size: small\"><b>JEUDI<\/b><\/span><\/p>\n<\/td>\n<td width=\"128\">\n<p align=\"CENTER\"><span style=\"font-size: small\"><b>8H30 &#8211; 11H45<\/b><\/span><\/p>\n<\/td>\n<td width=\"118\">\n<p align=\"CENTER\"><span style=\"font-size: small\"><i><b>13H45 &#8211; 16H15<\/b><\/i><\/span><\/p>\n<\/td>\n<\/tr>\n<tr valign=\"TOP\">\n<td width=\"92\">\n<p align=\"LEFT\"><span style=\"font-size: small\"><b>VENDREDI<\/b><\/span><\/p>\n<\/td>\n<td width=\"128\">\n<p align=\"CENTER\"><span style=\"font-size: small\"><b>8H30 &#8211; 11H45<\/b><\/span><\/p>\n<\/td>\n<td width=\"118\">\n<p align=\"CENTER\"><span style=\"font-size: small\"><b>13H45 &#8211; 16H15<\/b><\/span><\/p>\n<\/td>\n<\/tr>\n<\/tbody>\n<\/table>\n<p align=\"JUSTIFY\"><span style=\"font-size: small\">Le portail du haut est ouvert de <u><b>8H20<\/b><\/u> \u00e0 <u><b>8H30<\/b><\/u> et de <u><b>13H35<\/b><\/u> \u00e0 <u><b>13H45<\/b><\/u> .<\/span><\/p>\n<p align=\"JUSTIFY\"><span style=\"font-size: small\">Nous demandons aux parents de respecter ces horaires. En dehors de ces heures d&rsquo;ouverture, les enseignants sont en charge de leur classe et ne peuvent en aucun cas assurer l&rsquo;accueil des retardataires pour des raisons \u00e9videntes de s\u00e9curit\u00e9.<\/span><\/p>\n<p align=\"LEFT\"><span style=\"font-size: small\"><b>II. <u>CANTINE &#8211; GARDERIE &#8211; PERISCOLAIRE<\/u><\/b><\/span><\/p>\n<p align=\"JUSTIFY\"><span style=\"font-size: small\">La gestion en est assur\u00e9e par les Services Municipaux. Les \u00e9l\u00e8ves qui y participent feront preuve de respect envers les Agents de Service. Ils devront se tenir correctement et ob\u00e9ir aux m\u00eames r\u00e8gles concernant les jeux de cour sur le temps scolaire. <\/span><\/p>\n<p align=\"JUSTIFY\"><span style=\"font-size: small\"><b>Tout manquement \u00e0 ce r\u00e8glement sera sanctionn\u00e9. Plusieurs avertissements concernant le comportement pourront entra\u00eener une exclusion temporaire de la cantine ou de la garderie.<\/b><\/span><\/p>\n<p align=\"JUSTIFY\"><span style=\"font-size: small\"><b>III. <u>ASSURANCE<\/u><\/b><\/span><\/p>\n<p align=\"JUSTIFY\"><span style=\"font-size: small\">Il est souhaitable que l&rsquo;enfant soit couvert par une assurance valable de <b>Septembre 2017 \u00e0<\/b> <b>Juillet 2018\u00a0:<\/b><\/span><\/p>\n<p align=\"CENTER\"><span style=\"font-size: small\"><b>Responsabilit\u00e9 Civile et Accident Corporel Individuel<\/b><\/span><\/p>\n<p align=\"JUSTIFY\"><span style=\"font-size: small\">Cette assurance est obligatoire pour toute sortie comportant le temps du d\u00e9jeuner et les classes transplant\u00e9es.<\/span><\/p>\n<p align=\"JUSTIFY\"><span style=\"font-size: small\"><b>IV. <u>ABSENCES<\/u><\/b><\/span><\/p>\n<p align=\"JUSTIFY\"><span style=\"font-size: small\">Toute absence sera justifi\u00e9e <\/span><b><span style=\"font-size: small\">par \u00e9crit<\/span><\/b><span style=\"font-size: small\"> sur le cahier de liaison (en rappelant \u00e0 l&rsquo;enfant de le montrer \u00e0 l&rsquo;enseignant) ou <\/span><b><span style=\"font-size: small\">par mail<\/span><\/b><span style=\"font-size: small\"> \u00e0 l&rsquo;adresse de l&rsquo;\u00e9cole: <\/span><b><a href=\"mailto:ecole.0061537N@ac-nice.fr\"><span style=\"color: #000000\"><span style=\"font-size: small\">ecole.0061537N@ac-nice.fr<\/span><\/span><\/a><\/b><\/p>\n<p align=\"JUSTIFY\"><span style=\"font-size: small\">Idem pour toutes modifications concernant la cantine, la garderie, le bus&#8230;<\/span><\/p>\n<p align=\"JUSTIFY\"><span style=\"font-size: small\">Aucun \u00e9l\u00e8ve ne pourra quitter l&rsquo;\u00e9cole en dehors des heures de sortie si un adulte responsable (majeur) ne vient le chercher.<\/span><\/p>\n<p align=\"JUSTIFY\"><span style=\"font-size: small\">Les soins ext\u00e9rieurs par des th\u00e9rapeutes (orthophonistes, psychologues \u2026) sur le temps scolaire doivent \u00eatre autoris\u00e9s par le m\u00e9decin scolaire dans le cadre d&rsquo;un PPS ou d&rsquo;un PAP.<\/span><\/p>\n<p align=\"JUSTIFY\"><span style=\"font-size: small\"><b>V. <u>LIAISON ECOLE &#8211; FAMILLE<\/u><\/b><\/span><\/p>\n<p align=\"JUSTIFY\"><span style=\"font-size: small\">Les parents prendront rendez-vous avec l&rsquo;enseignante de leur enfant par l&rsquo;interm\u00e9diaire du <b>cahier de liaison<\/b>. Il est imp\u00e9ratif de v\u00e9rifier ce cahier <u><b>tous les jours<\/b><\/u> car des informations, rendez-vous, convocations&#8230;y seront inscrits au cours de l&rsquo;ann\u00e9e.<\/span><\/p>\n<p align=\"JUSTIFY\"><span style=\"font-size: small\">Tout changement de num\u00e9ro de t\u00e9l\u00e9phone, d&rsquo;adresse, de situation familiale ou de demande de documents administratifs (certificats de scolarit\u00e9 &#8230;) est \u00e0 transmettre, de pr\u00e9f\u00e9rence par mail. <\/span><\/p>\n<p align=\"JUSTIFY\"><span style=\"font-size: small\">En cas de d\u00e9part, <b>le certificat de radiation<\/b> sera d\u00e9livr\u00e9 en \u00e9change d&rsquo;une demande <b>sign\u00e9e par les deux parents. <\/b>Le document est \u00e0 retirer aupr\u00e8s de l&rsquo;enseignante.<\/span><\/p>\n<p align=\"JUSTIFY\"><span style=\"font-size: small\">Il serait utile que les parents m\u00e9morisent le num\u00e9ro de t\u00e9l\u00e9phone et le mail de l&rsquo;\u00e9cole dans leur portable.<\/span><\/p>\n<p align=\"JUSTIFY\"><span style=\"font-size: small\"><b>VI. <u>HYGIENE ET SECURITE<\/u><\/b><\/span><\/p>\n<p align=\"JUSTIFY\"><span style=\"font-size: small\"><b>Les parents doivent veiller \u00e0 la propret\u00e9 corporelle de leur enfant et \u00e0 leur tenue vestimentaire.<\/b><\/span><\/p>\n<ul>\n<li>\n<p align=\"JUSTIFY\"><span style=\"font-size: small\">Pas de shorts trop courts ni de brassi\u00e8res pour les filles.<\/span><\/p>\n<\/li>\n<li>\n<p align=\"JUSTIFY\"><span style=\"font-size: small\">Casquettes ou chapeaux doivent \u00eatre enlev\u00e9s \u00e0 l&rsquo;int\u00e9rieur des b\u00e2timents.<\/span><\/p>\n<\/li>\n<li>\n<p align=\"JUSTIFY\"><span style=\"font-size: small\">Pas de chaussures sans brides (tongs&#8230;).<\/span><\/p>\n<\/li>\n<li>\n<p align=\"JUSTIFY\"><span style=\"font-size: small\">Pas de bijoux. Ceci concerne filles et gar\u00e7ons <\/span><\/p>\n<\/li>\n<li>\n<p align=\"JUSTIFY\"><span style=\"font-size: small\">Pas de vernis \u00e0 ongles ni de maquillage. <\/span><\/p>\n<\/li>\n<li>\n<p align=\"JUSTIFY\"><span style=\"font-size: small\">En cas de poux, il faut appliquer le traitement n\u00e9cessaire et en informer imm\u00e9diatement l&rsquo;\u00e9cole.<\/span><\/p>\n<\/li>\n<\/ul>\n<p align=\"CENTER\"><span style=\"font-size: medium\"><b>Aucun m\u00e9dicament ne doit se trouver dans le cartable de votre enfant.<\/b><\/span><\/p>\n<p align=\"JUSTIFY\"><span style=\"font-size: small\"><u><b>La prise de m\u00e9dicaments est interdite dans l&rsquo;\u00e9tablissement.<\/b><\/u> Pour les enfants atteints de maladies chroniques, l&rsquo;\u00e9cole peut \u00e9tablir un PAI (Projet d&rsquo;Accueil Individualis\u00e9). Contacter la Directrice.<\/span><\/p>\n<p align=\"JUSTIFY\"><span style=\"font-size: small\">En cas de prise ponctuelle les parents doivent se d\u00e9placer pour administrer eux m\u00eames les m\u00e9dicaments. <\/span><\/p>\n<p align=\"JUSTIFY\"><span style=\"font-size: small\">L&rsquo;\u00e9cole d\u00e9cline toute responsabilit\u00e9 quant \u00e0 la perte d&rsquo;argent, bijoux, jouets&#8230; les t\u00e9l\u00e9phones portables sont formellement interdits (confisqu\u00e9s et rendus aux parents).<\/span><\/p>\n<p align=\"JUSTIFY\"><span style=\"font-size: small\">Les parents doivent v\u00e9rifier que leur enfant n&rsquo;apporte pas \u00e0 l&rsquo;\u00e9cole d&rsquo;objets \u00e0 risque (cutters, ciseaux pointus&#8230;mais aussi parapluies, \u00e9charpes&#8230;) ni de jouets dangereux en collectivit\u00e9 et\/ou encombrants (toupies, poup\u00e9es, billes, cordes \u00e0 sauter avec des poign\u00e9es en bois).<\/span><\/p>\n<p align=\"JUSTIFY\"><span style=\"font-size: small\">Ils pourront se munir d&rsquo;un seul petit jouet (ne d\u00e9passant pas la taille de la main) ou d&rsquo;un ballon ou balle en mousse souple (sauf les jours de pluie). Les cartes de jeux sont accept\u00e9es cependant les enseignantes peuvent les retirer en cas de d\u00e9bordement. En aucun cas les \u00e9l\u00e8ves ne sont autoris\u00e9s \u00e0 les manipuler en classe ni durant le repas.<\/span><\/p>\n<p align=\"JUSTIFY\"><span style=\"font-size: small\"><b>R\u00e9partition des cours\u00a0:<\/b><\/span><\/p>\n<ul>\n<li>\n<p align=\"JUSTIFY\"><span style=\"font-size: small\">Cour du bas pour les CP<\/span><\/p>\n<\/li>\n<li>\n<p align=\"JUSTIFY\"><span style=\"font-size: small\">Cour du milieu pour les CE1 et CE2<\/span><\/p>\n<\/li>\n<li>\n<p align=\"JUSTIFY\"><span style=\"font-size: small\">Cour du haut pour les CM1 et CM2<\/span><\/p>\n<\/li>\n<\/ul>\n<p align=\"JUSTIFY\"><span style=\"font-size: small\"><b>Espaces r\u00e9serv\u00e9s \u00e0 respecter\u00a0:<\/b><\/span><\/p>\n<ul>\n<li>\n<p align=\"JUSTIFY\"><span style=\"font-size: small\"><u>Escaliers<\/u> pour les lectures<\/span><\/p>\n<\/li>\n<li>\n<p align=\"JUSTIFY\"><span style=\"font-size: small\"><u>Pr\u00e9au<\/u> pour les dessins et les jeux d&rsquo;\u00e9checs<\/span><\/p>\n<\/li>\n<li>\n<p align=\"JUSTIFY\"><span style=\"font-size: small\"><u>All\u00e9e<\/u> pour les jeux de ballons<\/span><\/p>\n<\/li>\n<li>\n<p align=\"JUSTIFY\"><span style=\"font-size: small\"><u>Jardin<\/u> dans la cour du haut<\/span><\/p>\n<\/li>\n<\/ul>\n<p lang=\"zxx\" align=\"JUSTIFY\"><span style=\"font-family: 'Times New Roman', serif\"><span style=\"font-size: medium\"><b>Les \u00e9l\u00e8ves<\/b><\/span><\/span><\/p>\n<p align=\"JUSTIFY\"><span style=\"font-family: 'Times New Roman', serif\"><span style=\"font-size: medium\"><span lang=\"zxx\"><b>Droits\u00a0<\/b><\/span><\/span><\/span><span style=\"font-family: 'Times New Roman', serif\"><span style=\"font-size: medium\"><span lang=\"zxx\">: Les \u00e9l\u00e8ves ont droit \u00e0 un accueil bienveillant et non discriminant. Ainsi, conform\u00e9ment \u00e0 l&rsquo;article 28 de la Convention relative aux droits de l&rsquo;enfant \u00ab\u00a0tout ch\u00e2timent corporel ou traitement humiliant est strictement interdit \u00bb.Les \u00e9l\u00e8ves doivent \u00eatre pr\u00e9serv\u00e9s de tout propos ou comportement humiliant et respect\u00e9s dans leur singularit\u00e9. En outre, ils doivent b\u00e9n\u00e9ficier de garanties de protection contre toute violence physique ou morale, ces garanties s&rsquo;appliquant non seulement aux relations \u00e0 l&rsquo;int\u00e9rieur de l&rsquo;\u00e9cole, mais aussi \u00e0 l&rsquo;usage d&rsquo;Internet dans le cadre scolaire.<\/span><\/span><\/span><\/p>\n<p align=\"JUSTIFY\"><span style=\"font-family: 'Times New Roman', serif\"><span style=\"font-size: medium\"><span lang=\"zxx\"><b>Obligations\u00a0<\/b><\/span><\/span><\/span><span style=\"font-family: 'Times New Roman', serif\"><span style=\"font-size: medium\"><span lang=\"zxx\">: chaque \u00e9l\u00e8ve a l&rsquo;obligation de n&rsquo;user d&rsquo;aucune violence et de respecter les r\u00e8gles de comportement et de civilit\u00e9 \u00e9dict\u00e9es par le r\u00e8glement int\u00e9rieur. Les \u00e9l\u00e8ves doivent, notamment, utiliser un langage appropri\u00e9 aux relations au sein d&rsquo;une communaut\u00e9 \u00e9ducative, respecter les locaux et le mat\u00e9riel mis \u00e0 leur disposition, appliquer les r\u00e8gles d&rsquo;hygi\u00e8ne et de s\u00e9curit\u00e9 qui leur ont \u00e9t\u00e9 apprises aussi bien \u00e0 la maison qu&rsquo;\u00e0 l&rsquo;\u00e9cole.<\/span><\/span><\/span><\/p>\n<p lang=\"zxx\" align=\"JUSTIFY\"><span style=\"font-family: 'Times New Roman', serif\"><span style=\"font-size: medium\"><b>Les r\u00e8gles de vie \u00e0 l&rsquo;\u00e9cole <\/b>L&rsquo;enfant s&rsquo;approprie les r\u00e8gles du \u00ab\u00a0vivre ensemble\u00a0\u00bb, la compr\u00e9hension des attentes de l&rsquo;\u00e9cole. Ces r\u00e8gles sont explicit\u00e9es dans le cadre du projet de classe. L&rsquo;enfant apprend progressivement le sens et les cons\u00e9quences de ses comportements, ses droits et obligations, la progressivit\u00e9 de leur application, leur importance dans le cadre scolaire et plus largement, dans les relations sociales. Dans chaque classe les \u00e9l\u00e8ves \u00e9laborent les r\u00e8gles de vie. Chaque \u00e9l\u00e8ve s\u2019engage \u00e0 les respecter. Chaque r\u00e8glement de classe comportera une rubrique valorisant l\u2019\u00e9volution positive du comportement, de l\u2019\u00e9coute, du travail, du respect de la r\u00e8gle.<\/span><\/span><\/p>\n<p lang=\"zxx\" align=\"JUSTIFY\"><span style=\"font-family: 'Times New Roman', serif\"><span style=\"font-size: medium\">Les comportements qui troublent l&rsquo;activit\u00e9 scolaire, les manquements au r\u00e8glement int\u00e9rieur de l&rsquo;\u00e9cole, et en particulier toute atteinte \u00e0 l&rsquo;int\u00e9grit\u00e9 physique ou morale des autres \u00e9l\u00e8ves ou des enseignants, donnent lieu \u00e0 des r\u00e9primandes, qui sont port\u00e9es imm\u00e9diatement \u00e0 la connaissance des repr\u00e9sentants l\u00e9gaux de l&rsquo;enfant. <\/span><\/span><\/p>\n<p lang=\"zxx\" align=\"JUSTIFY\"><span style=\"font-family: 'Times New Roman', serif\"><span style=\"font-size: medium\">Dans un premier temps, l\u2019\u00e9l\u00e8ve compl\u00e8tera la fiche de r\u00e9flexion (annexe 1). Cette fiche, conserv\u00e9e par l\u2019\u00e9cole pour l\u2019ann\u00e9e scolaire en cours, sera associ\u00e9e \u00e0 une lettre d\u2019excuse r\u00e9dig\u00e9e par l&rsquo;\u00e9l\u00e8ve.<\/span><\/span><\/p>\n<p lang=\"zxx\" align=\"JUSTIFY\"><span style=\"font-family: 'Times New Roman', serif\"><span style=\"font-size: medium\">Si l\u2019\u00e9l\u00e8ve r\u00e9cidive, la famille sera convoqu\u00e9e en pr\u00e9sence des enseignants de l\u2019\u00e9cole. Cette r\u00e9union fera l\u2019objet d\u2019un compte rendu \u00e9crit.<\/span><\/span><\/p>\n<p lang=\"zxx\" align=\"JUSTIFY\"><span style=\"font-family: 'Times New Roman', serif\"><span style=\"font-size: medium\">Si le comportement de l\u2019\u00e9l\u00e8ve s\u2019am\u00e9liore, un bilan mentionnant les efforts sera dress\u00e9 par l\u2019\u00e9quipe enseignante et la directrice. Un courrier sera adress\u00e9 aux parents, encourageant l\u2019enfant \u00e0 poursuivre dans cette voie.<\/span><\/span><\/p>\n<p align=\"JUSTIFY\"><span style=\"font-family: 'Times New Roman', serif\"><span style=\"font-size: medium\"><span lang=\"zxx\">A l\u2019inverse, lorsque le comportement d&rsquo;un \u00e9l\u00e8ve perturbe gravement et de fa\u00e7on durable le fonctionnement de la classe malgr\u00e9 la concertation engag\u00e9e avec les responsables l\u00e9gaux, sa situation doit \u00eatre soumise \u00e0 l&rsquo;examen de l&rsquo;\u00e9quipe \u00e9ducative d\u00e9finie \u00e0 <\/span><\/span><\/span><span style=\"color: #0000ff\"><span style=\"font-family: 'Times New Roman', serif\"><span style=\"font-size: medium\"><span lang=\"zxx\"><u>l&rsquo;article D. 321-16<\/u><\/span><\/span><\/span><\/span><span style=\"color: #000000\"><span style=\"font-family: 'Times New Roman', serif\"><span style=\"font-size: medium\"><span lang=\"zxx\"> du code de l&rsquo;\u00e9ducation. Le psychologue scolaire et le m\u00e9decin de l&rsquo;\u00e9ducation nationale doivent \u00eatre associ\u00e9s \u00e0 l&rsquo;\u00e9valuation de la situation afin de d\u00e9finir les mesures appropri\u00e9es\u00a0: aide, conseils d&rsquo;orientation vers une structure de soin. Un soutien peut \u00eatre propos\u00e9 aux parents le cas \u00e9ch\u00e9ant, en lien avec les diff\u00e9rents partenaires de l&rsquo;\u00e9cole (services sociaux, \u00e9ducatifs, de sant\u00e9, communes etc.).<\/span><\/span><\/span><\/span><\/p>\n<p lang=\"zxx\" align=\"JUSTIFY\"><span style=\"color: #000000\"><span style=\"font-family: 'Times New Roman', serif\"><span style=\"font-size: medium\">Des modalit\u00e9s de prise en charge de l&rsquo;\u00e9l\u00e8ve par les enseignants des r\u00e9seaux d&rsquo;aide sp\u00e9cialis\u00e9s aux \u00e9l\u00e8ves en difficult\u00e9 (Rased), peuvent \u00e9galement \u00eatre envisag\u00e9es, conform\u00e9ment aux dispositions de la circulaire n\u00b0 2009-088 du 17 juillet 2009.<\/span><\/span><\/span><\/p>\n<p lang=\"zxx\" align=\"JUSTIFY\"><span style=\"color: #000000\"><span style=\"font-family: 'Times New Roman', serif\"><span style=\"font-size: medium\">\u00c0 l&rsquo;\u00e9cole \u00e9l\u00e9mentaire, s&rsquo;il appara\u00eet que le comportement d&rsquo;un \u00e9l\u00e8ve ne s&rsquo;am\u00e9liore pas malgr\u00e9 la conciliation et la mise en \u0153uvre des mesures d\u00e9cid\u00e9es dans le cadre de l&rsquo;\u00e9quipe \u00e9ducative, il peut \u00eatre envisag\u00e9 \u00e0 titre exceptionnel que le directeur acad\u00e9mique des services de l&rsquo;\u00e9ducation nationale demande au maire de proc\u00e9der \u00e0 la radiation de l&rsquo;\u00e9l\u00e8ve de l&rsquo;\u00e9cole et \u00e0 sa r\u00e9inscription dans une autre \u00e9cole de la m\u00eame commune.<\/span><\/span><\/span><\/p>\n<p lang=\"zxx\" align=\"JUSTIFY\"><span style=\"color: #000000\"><span style=\"font-family: 'Times New Roman', serif\"><span style=\"font-size: medium\">Il s&rsquo;agit l\u00e0 d&rsquo;une mesure de protection de l&rsquo;\u00e9l\u00e8ve qui s&rsquo;inscrit dans un processus \u00e9ducatif favorable \u00e0 son parcours de scolarisation, visant \u00e0 permettre \u00e0 l&rsquo;\u00e9l\u00e8ve de se r\u00e9adapter rapidement au milieu scolaire et de reconstruire une relation \u00e9ducative positive.<\/span><\/span><\/span><\/p>\n<p align=\"JUSTIFY\"><span style=\"color: #000000\"><span style=\"font-family: 'Times New Roman', serif\"><span style=\"font-size: medium\"><span lang=\"zxx\">Les personnes responsables de l&rsquo;enfant doivent \u00eatre consult\u00e9es sur le choix de la nouvelle \u00e9cole. La scolarisation dans une \u00e9cole d&rsquo;une autre commune ne peut \u00eatre effectu\u00e9e sans l&rsquo;accord des repr\u00e9sentants l\u00e9gaux et des communes de r\u00e9sidence et d&rsquo;accueil, dans les conditions pr\u00e9vues par les dispositions de l&rsquo;<\/span><\/span><\/span><\/span><span style=\"color: #0000ff\"><span style=\"font-family: 'Times New Roman', serif\"><span style=\"font-size: medium\"><span lang=\"zxx\"><u>article L. \u00a0212-8<\/u><\/span><\/span><\/span><\/span><span style=\"color: #000000\"><span style=\"font-family: 'Times New Roman', serif\"><span style=\"font-size: medium\"><span lang=\"zxx\"> du code de l&rsquo;\u00e9ducation.<\/span><\/span><\/span><\/span><\/p>\n<p align=\"JUSTIFY\"><span style=\"font-size: small\"><b>LES JOUETS OU JEUX A CARACTERE VIOLENT NE SONT PAS TOLERES AU SEIN DE L&rsquo;ECOLE.<\/b><\/span><\/p>\n<p align=\"CENTER\"><span style=\"font-size: small\"><b>AUCUNE VIOLENCE VERBALE, MORALE OU PHYSIQUE NE PEUT ETRE ACCEPTEE.<\/b><\/span><\/p>\n<p align=\"JUSTIFY\"><span style=\"font-size: small\">Le R\u00e8glement Int\u00e9rieur est \u00e9labor\u00e9 en Conseil d\u2019\u00c9cole pour favoriser l&rsquo;harmonie dans la communaut\u00e9 \u00e9ducative. Les parents sont invit\u00e9s \u00e0 apporter leur concours en ce qui concerne l&rsquo;application de ce r\u00e8glement car l&rsquo;\u00e9ducation n&rsquo;est pas uniquement de la responsabilit\u00e9 des enseignants.<\/span><\/p>\n<p align=\"JUSTIFY\"><span style=\"font-size: small\">Nous remercions parents et \u00e9l\u00e8ves de respecter ce r\u00e8glement et vous souhaitons une bonne ann\u00e9e scolaire.<\/span><\/p>\n<p align=\"JUSTIFY\"><span style=\"font-size: small\"><i><b> L&rsquo;Equipe Enseignante<\/b><\/i><\/span><\/p>\n","protected":false},"excerpt":{"rendered":"<p>En cliquant sur le lien suivant, vous acc\u00e9derez au r\u00e8glement de l&rsquo;\u00e9cole Cliquez ici &nbsp; REGLEMENT INTERIEUR &#8211; Ann\u00e9e Scolaire 2017 \/2018 Ecole REBUFFEL ELEMENTAIRE \u2013 06 250 MOUGINS 04.93.75.59.44 ecole.0061537N@ac-nice.fr I. HORAIRES MATIN APRES-MIDI LUNDI 8H30 &#8211; 11H45 TAP MARDI 8H30 &#8211; 11H45 13H45 &#8211; 16H15 MERCREDI 8H30 &#8211; 12H &#8211; JEUDI 8H30 &#8211; &hellip; <a href=\"https:\/\/ecole.ac-nice.fr\/val-siagne\/rebuffel\/les-infos-administratives\/reglement-de-lecole\/\" class=\"more-link\">Continuer la lecture de <span class=\"screen-reader-text\">R\u00e8glement de l&rsquo;\u00e9cole<\/span>  <span class=\"meta-nav\">&rarr;<\/span><\/a><\/p>\n","protected":false},"author":2,"featured_media":0,"parent":23,"menu_order":4,"comment_status":"closed","ping_status":"closed","template":"","meta":{"footnotes":""},"class_list":["post-45","page","type-page","status-publish","hentry"],"_links":{"self":[{"href":"https:\/\/ecole.ac-nice.fr\/val-siagne\/rebuffel\/wp-json\/wp\/v2\/pages\/45","targetHints":{"allow":["GET"]}}],"collection":[{"href":"https:\/\/ecole.ac-nice.fr\/val-siagne\/rebuffel\/wp-json\/wp\/v2\/pages"}],"about":[{"href":"https:\/\/ecole.ac-nice.fr\/val-siagne\/rebuffel\/wp-json\/wp\/v2\/types\/page"}],"author":[{"embeddable":true,"href":"https:\/\/ecole.ac-nice.fr\/val-siagne\/rebuffel\/wp-json\/wp\/v2\/users\/2"}],"replies":[{"embeddable":true,"href":"https:\/\/ecole.ac-nice.fr\/val-siagne\/rebuffel\/wp-json\/wp\/v2\/comments?post=45"}],"version-history":[{"count":4,"href":"https:\/\/ecole.ac-nice.fr\/val-siagne\/rebuffel\/wp-json\/wp\/v2\/pages\/45\/revisions"}],"predecessor-version":[{"id":185,"href":"https:\/\/ecole.ac-nice.fr\/val-siagne\/rebuffel\/wp-json\/wp\/v2\/pages\/45\/revisions\/185"}],"up":[{"embeddable":true,"href":"https:\/\/ecole.ac-nice.fr\/val-siagne\/rebuffel\/wp-json\/wp\/v2\/pages\/23"}],"wp:attachment":[{"href":"https:\/\/ecole.ac-nice.fr\/val-siagne\/rebuffel\/wp-json\/wp\/v2\/media?parent=45"}],"curies":[{"name":"wp","href":"https:\/\/api.w.org\/{rel}","templated":true}]}}