{"id":867,"date":"2021-09-13T10:29:23","date_gmt":"2021-09-13T08:29:23","guid":{"rendered":"https:\/\/ecole.ac-nice.fr\/val-siagne\/ecole3collines\/?page_id=867"},"modified":"2025-11-06T15:12:04","modified_gmt":"2025-11-06T14:12:04","slug":"derniere-minute","status":"publish","type":"page","link":"https:\/\/ecole.ac-nice.fr\/val-siagne\/ecole3collines\/","title":{"rendered":"Derni\u00e8re minute"},"content":{"rendered":"<p style=\"text-align: center\">\n<p style=\"text-align: center\"><span style=\"font-size: 24pt;color: #0000ff\">Candidatures en sections internationales \u00e0 l\u2019\u00e9cole \u00e9l\u00e9mentaire<br \/>\nRentr\u00e9e 2026<\/span><\/p>\n<p style=\"text-align: center\"><span style=\"color: #000000;font-size: 24pt\"><a style=\"color: #000000\" href=\"http:\/\/ecole.ac-nice.fr\/val-siagne\/ecole3collines\/wp-content\/uploads\/sites\/5\/2025\/11\/AffICHE_SI_OUEST_2026.pdf\">R\u00c9UNION D&rsquo;INFORMATION<\/a><\/span><\/p>\n<p style=\"text-align: center\"><span style=\"font-size: 24pt\"><span style=\"font-size: 12pt\">\u00a0en ligne <\/span><\/span><\/p>\n<p style=\"text-align: center\"><span style=\"font-size: 24pt;color: #33cccc\">le lundi 1er d\u00e9cembre \u00e0 18:00<\/span><\/p>\n<p style=\"text-align: center\"><span style=\"font-size: 12pt\">https:\/\/visio-agents.education.fr\/meeting\/signin\/invite\/379977\/creator\/35699\/hash\/346bfb2e8d827ca0d1e38c36101707100e909abc<\/span><\/p>\n<p style=\"text-align: center\"><span style=\"font-size: 24pt\">I<span style=\"font-size: 14pt\">nformations et inscriptions sur le site de la Direction d\u00e9partementale des services de l\u2019\u00c9ducation Nationale des Alpes Maritimes<\/span> <\/span><\/p>\n<p style=\"text-align: center\"><span style=\"font-size: 24pt\"><span style=\"font-size: 12pt;color: #ff6600\">du 1er d\u00e9cembre 2025 au 1er f\u00e9vrier 2026<\/span><br \/>\n<span style=\"color: #0000ff;font-size: 10pt\">https:\/\/www.ac-nice.fr\/sections-internationales-en-ecole<\/span><br \/>\n<span style=\"font-size: 12pt\">Contact : isi1d@ac-nice.fr<\/span><\/span><\/p>\n<p>&nbsp;<\/p>\n<p><a href=\"http:\/\/ecole.ac-nice.fr\/val-siagne\/ecole3collines\/wp-content\/uploads\/sites\/5\/2025\/11\/AffICHE_SI_OUEST_2026.pdf\">AffICHE_SI_OUEST_2026<\/a>ANNEE SCOLAIRE 2024-2025<\/p>\n<p><span style=\"text-decoration: underline;color: #ff0000\"><strong>REUNION D&rsquo;INFORMATION EN LIGNE<\/strong><\/span><\/p>\n<p>Cette r\u00e9union vous permettra d&rsquo;avoir des informations sur les \u00e9coles accueillant des classes de section internationale, sur les places disponibles pour la rentr\u00e9e 2025, sur les tests et leur passation.<\/p>\n<p>Vous aurez la possibilit\u00e9 de poser vos questions .<\/p>\n<p><span style=\"font-size: 18pt\">LE JEUDI 5 DECEMBRE DE 18\u00a0 \u00e0\u00a0 20H .\u00a0<\/span><\/p>\n<p>https:\/\/visio-agents.education.fr\/meeting\/signin\/invite\/379977\/creator\/35699\/hash\/346bfb2e8d827ca0d1e38c36101707100e909abc<\/p>\n<p>&nbsp;<\/p>\n<p><strong><span style=\"font-size: 14pt\">11 <span style=\"color: #0000ff\">NO<\/span><span style=\"color: #999999\">VEM<\/span><span style=\"color: #ff0000\">BRE, <span style=\"color: #999999\"><span style=\"color: #0000ff\">devoir\u00a0<\/span>de <span style=\"color: #ff0000\">m\u00e9moire <span style=\"color: #0000ff\">et <span style=\"color: #999999\">citoyennet\u00e9<\/span><\/span><\/span><\/span><\/span><\/span><\/strong><\/p>\n<p>Madame Alquier a fait chanter les \u00e9l\u00e8ves de CM de notre \u00e9cole au monument aux morts de Mougins. C&rsquo;\u00e9tait une belle et \u00e9mouvante c\u00e9r\u00e9monie. Bravo aux enfants qui s&rsquo;y sont rendus et \u00e0 leur enseignante.<\/p>\n<p><img loading=\"lazy\" decoding=\"async\" class=\"aligncenter wp-image-981\" src=\"http:\/\/ecole.ac-nice.fr\/val-siagne\/ecole3collines\/wp-content\/uploads\/sites\/5\/2021\/11\/Capture-decran-2021-11-21-a-17.46.59-300x220.png\" alt=\"\" width=\"353\" height=\"259\" srcset=\"https:\/\/ecole.ac-nice.fr\/val-siagne\/ecole3collines\/wp-content\/uploads\/sites\/5\/2021\/11\/Capture-decran-2021-11-21-a-17.46.59-300x220.png 300w, https:\/\/ecole.ac-nice.fr\/val-siagne\/ecole3collines\/wp-content\/uploads\/sites\/5\/2021\/11\/Capture-decran-2021-11-21-a-17.46.59.png 617w\" sizes=\"auto, (max-width: 353px) 100vw, 353px\" \/><\/p>\n<p><span style=\"color: #ff6600\"><strong><span style=\"font-size: 14pt\"><span style=\"color: #993300\">21 et 22<\/span> OCTOBRE <\/span><\/strong><\/span><\/p>\n<p><strong><span style=\"color: #ff6600\">HALLOWEEN <span style=\"color: #993300\">en<\/span> MATERNELLE\u00a0<\/span><\/strong><\/p>\n<p><span style=\"color: #993300\"><strong>Plus d&rsquo;infos en suivant le lien ci-dessous :<\/strong><\/span><\/p>\n<p><a href=\"http:\/\/ecole.ac-nice.fr\/val-siagne\/ecole3collines\/wp-content\/uploads\/sites\/5\/2021\/10\/Flyer-bilingue-THE-3C-HALLOWEEN-PARTY-2021-Maternelles.pdf\">Flyer bilingue &#8211; THE 3C HALLOWEEN PARTY 2021 &#8211; Maternelles<\/a><\/p>\n<p><span style=\"color: #993300\"><strong>HALLOWE<\/strong><\/span><strong style=\"color: #ff6600\"><img loading=\"lazy\" decoding=\"async\" class=\"wp-image-934 alignleft\" src=\"http:\/\/ecole.ac-nice.fr\/val-siagne\/ecole3collines\/wp-content\/uploads\/sites\/5\/2021\/10\/Capture-decran-2021-10-14-a-10.18.34-300x260.png\" alt=\"\" width=\"230\" height=\"199\" srcset=\"https:\/\/ecole.ac-nice.fr\/val-siagne\/ecole3collines\/wp-content\/uploads\/sites\/5\/2021\/10\/Capture-decran-2021-10-14-a-10.18.34-300x260.png 300w, https:\/\/ecole.ac-nice.fr\/val-siagne\/ecole3collines\/wp-content\/uploads\/sites\/5\/2021\/10\/Capture-decran-2021-10-14-a-10.18.34.png 468w\" sizes=\"auto, (max-width: 230px) 100vw, 230px\" \/><span style=\"color: #993300\"><strong>EN <span style=\"color: #ff6600\">en<\/span> E<\/strong><\/span><strong><strong style=\"color: #993300\">LEMENTAIRE<\/strong><\/strong><\/strong><\/p>\n<p><span style=\"color: #993300\">Plus d&rsquo;infos en suivant le lien ci-dessous :<\/span><\/p>\n<p><a href=\"http:\/\/ecole.ac-nice.fr\/val-siagne\/ecole3collines\/wp-content\/uploads\/sites\/5\/2021\/10\/Flyer-bilingue-THE-3C-HALLOWEEN-PARTY-2021-Elementaires.pdf\">Flyer bilingue &#8211; THE 3C HALLOWEEN PARTY 2021 &#8211; El\u00e9mentaires<\/a><\/p>\n<p>&nbsp;<\/p>\n<p>&nbsp;<\/p>\n<p>&nbsp;<\/p>\n<p>&nbsp;<\/p>\n<p>&nbsp;<\/p>\n<p>&nbsp;<\/p>\n<p>&nbsp;<\/p>\n<p>&nbsp;<\/p>\n","protected":false},"excerpt":{"rendered":"<p>Candidatures en sections internationales \u00e0 l\u2019\u00e9cole \u00e9l\u00e9mentaire Rentr\u00e9e 2026 R\u00c9UNION D&rsquo;INFORMATION \u00a0en ligne le lundi 1er d\u00e9cembre \u00e0 18:00 https:\/\/visio-agents.education.fr\/meeting\/signin\/invite\/379977\/creator\/35699\/hash\/346bfb2e8d827ca0d1e38c36101707100e909abc Informations et inscriptions sur le site de la Direction d\u00e9partementale des services de l\u2019\u00c9ducation Nationale des Alpes Maritimes du 1er d\u00e9cembre 2025 au 1er f\u00e9vrier 2026 https:\/\/www.ac-nice.fr\/sections-internationales-en-ecole Contact : isi1d@ac-nice.fr &nbsp; AffICHE_SI_OUEST_2026ANNEE SCOLAIRE 2024-2025 REUNION &hellip; <a href=\"https:\/\/ecole.ac-nice.fr\/val-siagne\/ecole3collines\/\" class=\"more-link\">Continuer la lecture de <span class=\"screen-reader-text\">Derni\u00e8re minute<\/span>  <span class=\"meta-nav\">&rarr;<\/span><\/a><\/p>\n","protected":false},"author":174,"featured_media":0,"parent":0,"menu_order":0,"comment_status":"closed","ping_status":"closed","template":"","meta":{"footnotes":""},"class_list":["post-867","page","type-page","status-publish","hentry"],"_links":{"self":[{"href":"https:\/\/ecole.ac-nice.fr\/val-siagne\/ecole3collines\/wp-json\/wp\/v2\/pages\/867","targetHints":{"allow":["GET"]}}],"collection":[{"href":"https:\/\/ecole.ac-nice.fr\/val-siagne\/ecole3collines\/wp-json\/wp\/v2\/pages"}],"about":[{"href":"https:\/\/ecole.ac-nice.fr\/val-siagne\/ecole3collines\/wp-json\/wp\/v2\/types\/page"}],"author":[{"embeddable":true,"href":"https:\/\/ecole.ac-nice.fr\/val-siagne\/ecole3collines\/wp-json\/wp\/v2\/users\/174"}],"replies":[{"embeddable":true,"href":"https:\/\/ecole.ac-nice.fr\/val-siagne\/ecole3collines\/wp-json\/wp\/v2\/comments?post=867"}],"version-history":[{"count":35,"href":"https:\/\/ecole.ac-nice.fr\/val-siagne\/ecole3collines\/wp-json\/wp\/v2\/pages\/867\/revisions"}],"predecessor-version":[{"id":1096,"href":"https:\/\/ecole.ac-nice.fr\/val-siagne\/ecole3collines\/wp-json\/wp\/v2\/pages\/867\/revisions\/1096"}],"wp:attachment":[{"href":"https:\/\/ecole.ac-nice.fr\/val-siagne\/ecole3collines\/wp-json\/wp\/v2\/media?parent=867"}],"curies":[{"name":"wp","href":"https:\/\/api.w.org\/{rel}","templated":true}]}}