{"id":7,"date":"2021-04-26T10:48:07","date_gmt":"2021-04-26T08:48:07","guid":{"rendered":"https:\/\/ecole.ac-nice.fr\/nice3\/semainedeslangues2021\/?page_id=7"},"modified":"2021-07-01T08:57:47","modified_gmt":"2021-07-01T06:57:47","slug":"accueil","status":"publish","type":"page","link":"https:\/\/ecole.ac-nice.fr\/nice3\/semainedeslangues2021\/","title":{"rendered":"HOME"},"content":{"rendered":"<h6 style=\"text-align: center;\"><a href=\"https:\/\/www.pedagogie.ac-nice.fr\/dsden06\/lv06\/2021\/06\/29\/les-laureats-du-concours\/\" target=\"_blank\" rel=\"noopener\"><span style=\"color: #ff6600;\"><strong>\u00b0\u00b0\u00b0\u00b0\u00b0\u00b0\u00b0\u00b0\u00b0\u00b0\u00b0\u00b0\u00b0\u00b0\u00b0\u00b0\u00b0\u00b0\u00b0\\ Les laur\u00e9ats du concours \/\u00b0\u00b0\u00b0\u00b0\u00b0\u00b0\u00b0\u00b0\u00b0\u00b0\u00b0\u00b0\u00b0\u00b0\u00b0\u00b0\u00b0\u00b0<\/strong><\/span><\/a><\/h6>\n<p>&nbsp;<\/p>\n<hr \/>\n<h1 style=\"text-align: center;\"><strong><span style=\"color: #0000ff;\">SEMAINE DES LANGUES du 17 au 21 mai 2021<\/span><\/strong><\/h1>\n<h1 style=\"text-align: center;\"><strong><span style=\"color: #0000ff;\">MISSION LV 06<\/span><\/strong><\/h1>\n<p><span style=\"color: #808080;\">NB : les liens de ce site seront actifs progressivement au fil de la semaine (le message \u00ab\u00a0page non trouv\u00e9e\u00a0\u00bb est \u00ab\u00a0normal\u00a0\u00bb)<\/span><\/p>\n<hr \/>\n<p><center><br \/>\n<div style=\"width: 136px;\" class=\"wp-video\"><video class=\"wp-video-shortcode\" id=\"video-7-1\" width=\"136\" height=\"240\" preload=\"metadata\" controls=\"controls\"><source type=\"video\/mp4\" src=\"https:\/\/ecole.ac-nice.fr\/nice3\/semainedeslangues2021\/wp-content\/uploads\/sites\/13\/2021\/04\/Presentation_en_anglais_semaine_langues-ok2.mp4?_=1\" \/><a href=\"https:\/\/ecole.ac-nice.fr\/nice3\/semainedeslangues2021\/wp-content\/uploads\/sites\/13\/2021\/04\/Presentation_en_anglais_semaine_langues-ok2.mp4\">https:\/\/ecole.ac-nice.fr\/nice3\/semainedeslangues2021\/wp-content\/uploads\/sites\/13\/2021\/04\/Presentation_en_anglais_semaine_langues-ok2.mp4<\/a><\/video><\/div><\/p>\n<p>Descriptif de l&rsquo;\u00e9v\u00e8nement en VO non sous-titr\u00e9e \ud83d\ude09<\/p>\n<p>&nbsp;<\/p>\n<p>&nbsp;<\/p>\n<p>&nbsp;<\/p>\n<p>&nbsp;<\/p>\n<p><\/center><\/p>\n<hr \/>\n<p style=\"text-align: center;\"><strong><span style=\"color: #0000ff;\">SEMAINE DES LANGUES du 17 au 21 mai 2021 &#8212; MISSION LV 06<\/span><\/strong><\/p>\n<p><strong><span style=\"color: #0000ff;\">Descriptif et modalit\u00e9s<\/span><\/strong><\/p>\n<p><strong>Bonjour \u00e0 tous,<\/strong><\/p>\n<p><strong>Comme annonc\u00e9 dans la lettre hebdomadaire du 26 avril \u00a02021, nous vous rappelons ci-apr\u00e8s le d\u00e9roulement de la 6<sup>\u00e8me<\/sup> \u00e9dition de la semaine des langues.<\/strong><\/p>\n<p><strong>Ce d\u00e9fi se d\u00e9roule en 2 temps\u00a0:<\/strong><\/p>\n<ul>\n<li><strong>Les activit\u00e9s de la semaine (du 17 au 21 mai 2021)<\/strong><\/li>\n<li><strong>La production finale (\u00e0 d\u00e9poser au plus tard le vendredi 28 mai 2021)<\/strong><\/li>\n<\/ul>\n<p><span style=\"color: #ff6600;\"><strong>Les activit\u00e9s de la semaine<\/strong><\/span><\/p>\n<p><strong>Cette semaine se d\u00e9roule sur les 4 jours de classe, avec pour chaque jour, la d\u00e9couverte et la r\u00e9solution d\u2019un probl\u00e8me de math\u00e9matiques en anglais. La r\u00e9solution \u00a0se fera en collectif classe. Deux niveaux de difficult\u00e9 seront \u00a0propos\u00e9s selon le cycle.<\/strong><\/p>\n<p><strong>Et pour chaque probl\u00e8me, une solution r\u00e9ponse sera accessible en fin de journ\u00e9e.<\/strong><\/p>\n<p><strong>Pour participer il suffit de se connecter chaque jour sur le site LV06 et de suivre les instructions. <a href=\"https:\/\/www.pedagogie.ac-nice.fr\/dsden06\/lv06\/\">https:\/\/www.pedagogie.ac-nice.fr\/dsden06\/lv06\/<\/a><\/strong><\/p>\n<p><strong>Les classes qui souhaitent participer doivent compl\u00e9ter en ligne le bulletin d\u2019inscription \u00e0 compter de ce jour et au plus tard pour le mercredi 12 mai 2021. (Le lien permettant l\u2019inscription se trouve sur la page d\u2019accueil du site LV06 et seules les adresses acad\u00e9miques nominatives sont prises en compte\u00a0: <a href=\"mailto:pr\u00e9nom.nom@ac-nice.fr\">pr\u00e9nom.nom@ac-nice.fr<\/a>) ou celles des \u00e9coles\u00a0: \u00e9cole\u2026@ac-nice.fr).<\/strong><\/p>\n<p><strong>Toutes les classes participantes verront le nom de leur \u00e9cole et de leur classe inscrits sur le site.<\/strong><\/p>\n<p><strong>Les probl\u00e8mes du jour 1 seront accessibles \u00e0 compter du vendredi 14 mai au matin.<\/strong><\/p>\n<p><strong>Les probl\u00e8mes quotidiens seront accessibles la veille de chaque jour.<\/strong><\/p>\n<p><span style=\"color: #ff6600;\"><strong>La production finale\u00a0<\/strong><\/span><\/p>\n<p><strong>La cr\u00e9ation compl\u00e8te d\u2019un probl\u00e8me de math\u00e9matiques (\u00e9nonc\u00e9, calculs et r\u00e9ponses) r\u00e9dig\u00e9 et enregistr\u00e9 en anglais.<\/strong><\/p>\n<p><strong>Il s\u2019agit pour chaque classe de r\u00e9aliser collectivement l\u2019\u00e9criture et l\u2019enregistrement de l\u2019\u00e9nonc\u00e9 d\u2019un probl\u00e8me de math\u00e9matiques en anglais.<\/strong><\/p>\n<p><strong>L\u2019\u00e9nonc\u00e9 du probl\u00e8me ainsi que les calculs et solutions de r\u00e9ponse seront pr\u00e9sent\u00e9s sur une page A4 (format Open Office Writer, Libre office \u00a0ou Word)\u00a0<\/strong><\/p>\n<p><strong>L\u2019enregistrement sera pr\u00e9sent\u00e9 au format MP3<\/strong><\/p>\n<p><strong>Soient 2 documents \u00e0 nous envoyer<\/strong><\/p>\n<ul>\n<li><strong>via FileSender (lien dans votre <a href=\"https:\/\/id.ac-nice.fr\/plog\/public\/login\" target=\"_blank\" rel=\"noopener\">espace ESTEREL<\/a>, un tutoriel fait par Katia Finzel Erun vous aidera <a href=\"https:\/\/view.genial.ly\/5e8d71f58b8ee90e1ec5f609\/presentation-filesender\" target=\"_blank\" rel=\"noopener\">https:\/\/view.genial.ly\/5e8d71f58b8ee90e1ec5f609\/presentation-filesender<\/a> )<\/strong><\/li>\n<li><strong>l&rsquo;alternative est d&rsquo;utiliser https:\/\/wetransfer.com\/<\/strong><\/li>\n<\/ul>\n<p><strong>notre adresse est : <a class=\"moz-txt-link-abbreviated\" href=\"mailto:mission.lve.dsden06@gmail.com\">mission.lve.dsden06@gmail.com<\/a><br \/>\n<\/strong><\/p>\n<p><strong> Merci de <\/strong><strong>nommer et identifier de la mani\u00e8re suivante: circonscription, \u00e9cole, nom et num\u00e9ro de la classe, niveau de la classe, nature du support :<\/strong><\/p>\n<ol>\n<li><strong>Enonc\u00e9 r\u00e9dig\u00e9<\/strong><\/li>\n<li><strong>Enregistrement audio<\/strong><\/li>\n<\/ol>\n<p><strong>Un jury \u00e9tablira les deux classes laur\u00e9ates de ce concours, une pour le cycle 2 et une pour le cycle 3. Les deux probl\u00e8mes math\u00e9matiques s\u00e9lectionn\u00e9s seront pr\u00e9sent\u00e9s lors d\u2019une \u00e9mission de la Web radio acad\u00e9mique et toutes les productions seront mises en lignes sur le site LV06.<\/strong><\/p>\n<p><strong>Les deux classes laur\u00e9ates se verront attribuer une mallette p\u00e9dagogique comportant<\/strong><\/p>\n<ul>\n<li><strong>Un lot d\u2019albums de litt\u00e9rature de jeunesse.<\/strong><\/li>\n<li><strong>Deux m\u00e9thodes pour enseigner l\u2019anglais \u00e0 partir d\u2019albums \u00e9dit\u00e9es chez Retz (une pour le C2 et une pour le C3)<\/strong><\/li>\n<li><strong>Un lot de quelques casques audio et enregistreurs (une quinzaine)<\/strong><\/li>\n<\/ul>\n<p><strong>Apr\u00e8s la nomination des classes gagnantes, l\u2019ensemble des contenus de la semaine sera en acc\u00e8s libre pour tous, sur le site\u00a0 LV06.<\/strong><\/p>\n<p><strong>En vous remerciant de votre participation et en esp\u00e9rant que vous appr\u00e9cierez cette nouvelle immersion dans la langue anglaise pour la formation des futurs citoyens de nos classes.<\/strong><\/p>\n<p style=\"text-align: center;\"><span style=\"color: #0000ff;\"><strong>ENJOY THE CHALLENGE, HAVE PLEASURE AND BE CREATIVE!!!<\/strong><\/span><\/p>\n<p><strong>L\u2019\u00e9quipe de la mission LV 06 :<\/strong><\/p>\n<p><strong>Fr\u00e9d\u00e9rique KLEIN Inspectrice charg\u00e9e de la mission<\/strong><\/p>\n<p><strong>Anne BAYART-VILLENEUVE, Josiane TESTI-BURY,\u00a0 conseill\u00e8res p\u00e9dagogiques d\u00e9partementales LVER<\/strong><\/p>\n<p><strong>Christophe MANCINI Erun de Nice 3.<\/strong><\/p>\n<p>&nbsp;<\/p>\n<p>&nbsp;<\/p>\n","protected":false},"excerpt":{"rendered":"<p>\u00b0\u00b0\u00b0\u00b0\u00b0\u00b0\u00b0\u00b0\u00b0\u00b0\u00b0\u00b0\u00b0\u00b0\u00b0\u00b0\u00b0\u00b0\u00b0\\ Les laur\u00e9ats du concours \/\u00b0\u00b0\u00b0\u00b0\u00b0\u00b0\u00b0\u00b0\u00b0\u00b0\u00b0\u00b0\u00b0\u00b0\u00b0\u00b0\u00b0\u00b0 &nbsp; SEMAINE DES LANGUES du 17 au 21 mai 2021 MISSION LV 06 NB : les liens de ce site seront actifs progressivement au fil de la semaine (le message \u00ab\u00a0page non trouv\u00e9e\u00a0\u00bb est &hellip; <a href=\"https:\/\/ecole.ac-nice.fr\/nice3\/semainedeslangues2021\/\">Continuer la lecture <span class=\"meta-nav\">&rarr;<\/span><\/a><\/p>\n","protected":false},"author":2,"featured_media":0,"parent":0,"menu_order":0,"comment_status":"closed","ping_status":"closed","template":"","meta":{"footnotes":""},"class_list":["post-7","page","type-page","status-publish","hentry"],"_links":{"self":[{"href":"https:\/\/ecole.ac-nice.fr\/nice3\/semainedeslangues2021\/wp-json\/wp\/v2\/pages\/7","targetHints":{"allow":["GET"]}}],"collection":[{"href":"https:\/\/ecole.ac-nice.fr\/nice3\/semainedeslangues2021\/wp-json\/wp\/v2\/pages"}],"about":[{"href":"https:\/\/ecole.ac-nice.fr\/nice3\/semainedeslangues2021\/wp-json\/wp\/v2\/types\/page"}],"author":[{"embeddable":true,"href":"https:\/\/ecole.ac-nice.fr\/nice3\/semainedeslangues2021\/wp-json\/wp\/v2\/users\/2"}],"replies":[{"embeddable":true,"href":"https:\/\/ecole.ac-nice.fr\/nice3\/semainedeslangues2021\/wp-json\/wp\/v2\/comments?post=7"}],"version-history":[{"count":32,"href":"https:\/\/ecole.ac-nice.fr\/nice3\/semainedeslangues2021\/wp-json\/wp\/v2\/pages\/7\/revisions"}],"predecessor-version":[{"id":200,"href":"https:\/\/ecole.ac-nice.fr\/nice3\/semainedeslangues2021\/wp-json\/wp\/v2\/pages\/7\/revisions\/200"}],"wp:attachment":[{"href":"https:\/\/ecole.ac-nice.fr\/nice3\/semainedeslangues2021\/wp-json\/wp\/v2\/media?parent=7"}],"curies":[{"name":"wp","href":"https:\/\/api.w.org\/{rel}","templated":true}]}}