{"id":4,"date":"2019-04-23T14:32:47","date_gmt":"2019-04-23T12:32:47","guid":{"rendered":"https:\/\/ecole.ac-nice.fr\/nice3\/semainedeslangues2019\/?page_id=4"},"modified":"2019-06-20T12:27:02","modified_gmt":"2019-06-20T10:27:02","slug":"bienvenue","status":"publish","type":"page","link":"https:\/\/ecole.ac-nice.fr\/nice3\/semainedeslangues2019\/","title":{"rendered":"HELLO EVERYBODY !"},"content":{"rendered":"<p>&nbsp;<\/p>\n<p style=\"text-align: center;\"><a href=\"https:\/\/www.pedagogie.ac-nice.fr\/dsden06\/lv06\/semaine-des-langues-2019\/\" target=\"_blank\" rel=\"noopener noreferrer\"><strong>RESULTATS DU CONCOURS CLIQUEZ ICI<\/strong><\/a><\/p>\n<p style=\"text-align: center;\"><iframe loading=\"lazy\" src=\"https:\/\/acamedia.ac-nice.fr\/v2\/player\/embed_player.php?vid=O7BRN7UMDR7R&amp;width=300&amp;height=250&amp;autoplay=no\" width=\"800\" height=\"400\" frameborder=\"0\" allowfullscreen=\"allowfullscreen\"><span style=\"display: inline-block; width: 0px; overflow: hidden; line-height: 0;\" data-mce-type=\"bookmark\" class=\"mce_SELRES_start\">\ufeff<\/span><\/iframe><strong><span style=\"color: #0000ff;\">VENDREDI 10 Mai 2019 : Ouverture de la semaine<\/span><\/strong><\/p>\n<h2 style=\"text-align: center;\"><span style=\"color: #ff6600;\"><strong>INFOS RESULTATS DU CONCOURS :<\/strong><\/span><\/h2>\n<h1 style=\"text-align: center;\"><span style=\"color: #0000ff;\"><strong>Le jury compos\u00e9 de :<\/strong><\/span><\/h1>\n<h1 style=\"text-align: center;\"><span style=\"color: #0000ff;\"><strong>Mmes Villeneuve et Testi, Conseill\u00e8res D\u00e9partementales LV,<\/strong><\/span><\/h1>\n<h1 style=\"text-align: center;\"><span style=\"color: #0000ff;\"><strong>de C. Mancini, Erun,<\/strong><\/span><\/h1>\n<h1 style=\"text-align: center;\"><span style=\"color: #0000ff;\"><strong>et pr\u00e9sid\u00e9 par Mme Klein, Inspectrice,<\/strong><\/span><\/h1>\n<h1 style=\"text-align: center;\"><span style=\"color: #0000ff;\"><strong>se r\u00e9unira le 17 juin 2019.<\/strong><\/span><\/h1>\n<h1 style=\"text-align: center;\"><span style=\"color: #0000ff;\"><strong>Les r\u00e9sultats seront publi\u00e9s autour du 20 juin (Mise en ligne des productions \u00ab\u00a0gagnantes\u00a0\u00bb)<\/strong><\/span><\/h1>\n<h1 style=\"text-align: center;\"><span style=\"color: #0000ff;\"><strong>Merci pour votre participation et votre enthousiasme&#8230;<\/strong><\/span><\/h1>\n<h1 style=\"text-align: center;\"><span style=\"color: #0000ff;\"><strong>et bien s\u00fbr : bravo et merci \u00e0 vos \u00e9l\u00e8ves !!!<\/strong><\/span><\/h1>\n<p>&nbsp;<\/p>\n<p>&nbsp;<\/p>\n<h2><span style=\"color: #ff6600;\"><strong>HELLO EVERYBODY !!!<\/strong><\/span><\/h2>\n<h2><strong><span style=\"color: #0000ff;\">Bonjour \u00e0 tous,<\/span><\/strong><\/h2>\n<h2><strong><span style=\"color: #0000ff;\">Comme d\u00e9j\u00e0 annonc\u00e9 dans les lettres hebdomadaires, nous vous rappelons ci-apr\u00e8s le d\u00e9roulement de la semaine des langues.<\/span><\/strong><\/h2>\n<h2><span style=\"color: #000080;\"><strong>Les activit\u00e9s de la semaine<\/strong><\/span><br \/>\n<strong><span style=\"color: #0000ff;\">Cette semaine se d\u00e9roule sur les 4 jours de classe, avec pour chaque jour, la d\u00e9couverte d\u2019un album de litt\u00e9rature de jeunesse et un questionnaire en ligne \u00e0 compl\u00e9ter en un temps limit\u00e9 (vrai ou faux). Deux niveaux de difficult\u00e9 sont propos\u00e9s selon le cycle.<\/span><\/strong><br \/>\n<strong><span style=\"color: #0000ff;\">Pour participer il suffit de se connecter chaque jour sur le site des LVER 06 et de suivre les instructions. https:\/\/www.pedagogie.ac-nice.fr\/dsden06\/lv06\/ <\/span><\/strong><br \/>\n<strong><span style=\"color: #0000ff;\">La mise en ligne est effective \u00e0 compter du 13 mai au matin.<\/span><\/strong><\/h2>\n<h2><strong><span style=\"color: #0000ff;\"><span style=\"color: #000080;\">La production finale<\/span> <\/span><\/strong><br \/>\n<strong><span style=\"color: #0000ff;\">La cr\u00e9ation d\u2019une histoire invent\u00e9e sur le mod\u00e8le de la structure de l\u2019album \u00ab I love you as\u2026\u2026 \u00bb<\/span><\/strong><br \/>\n<strong><span style=\"color: #0000ff;\">Il s\u2019agit pour chaque classe de r\u00e9aliser collectivement l\u2019\u00e9criture, l\u2019illustration et l\u2019enregistrement de cette histoire au format MP3 ou MP4. Les paroles seront \u00e9crites et illustr\u00e9es sur une page A4 (format Open Office Writer, Libre office ou Word) <\/span><\/strong><br \/>\n<strong><span style=\"color: #0000ff;\">Soient 2 documents \u00e0 d\u00e9poser, nommer et identifier de la mani\u00e8re suivante: circonscription, \u00e9cole, nom et num\u00e9ro de la classe, niveau de la classe, nature du support :<\/span><\/strong><br \/>\n<strong><span style=\"color: #0000ff;\">&#8211; Enregistrement audio (mp3) ou vid\u00e9o (mp4)<\/span><\/strong><br \/>\n<strong><span style=\"color: #0000ff;\">&#8211; Texte et illustration<\/span><\/strong><\/h2>\n<h2><strong><span style=\"color: #0000ff;\">Un jury \u00e9tablira les deux classes laur\u00e9ates de ce concours, une pour le cycle 2 et une pour le cycle 3. Les histoires s\u00e9lectionn\u00e9es seront lues dans une \u00e9mission de la Web radio acad\u00e9mique et toutes les productions seront mises en lignes sur le site des LVER.<\/span><\/strong><\/h2>\n<h2><strong><span style=\"color: #0000ff;\">Les deux classes gagnantes se verront attribuer un lot d\u2019albums de litt\u00e9rature de jeunesse.<\/span><\/strong><\/h2>\n<h2><strong><span style=\"color: #0000ff;\">Apr\u00e8s la nomination des laur\u00e9ats, l\u2019ensemble des contenus de la semaine des langues sera en acc\u00e8s libre pour tous, sur le site des LVER 06.<\/span><\/strong><\/h2>\n<h2><strong><span style=\"color: #0000ff;\">En vous remerciant de votre participation et en esp\u00e9rant que vous appr\u00e9cierez cette nouvelle immersion dans la langue anglaise pour la formation des futurs citoyens de nos classes.<\/span><\/strong><\/h2>\n<h2><strong><span style=\"color: #ff6600;\">ENJOY THE CHALLENGE, HAVE PLEASURE AND BE CREATIVE!!!<\/span><\/strong><\/h2>\n<h2><strong><span style=\"color: #0000ff;\">L\u2019\u00e9quipe de la mission LVER 06 :<\/span><\/strong><br \/>\n<strong><span style=\"color: #0000ff;\">Fr\u00e9d\u00e9rique KLEIN Inspectrice charg\u00e9e de la mission<\/span><\/strong><br \/>\n<strong><span style=\"color: #0000ff;\">Anne BAYART-VILLENEUVE, Josiane TESTI-BURY, conseill\u00e8res p\u00e9dagogiques d\u00e9partementales LVER <\/span><\/strong><br \/>\n<strong><span style=\"color: #0000ff;\">Christophe MANCINI Erun de Nice 3.<\/span><\/strong><\/h2>\n<h2><\/h2>\n","protected":false},"excerpt":{"rendered":"<p>&nbsp; RESULTATS DU CONCOURS CLIQUEZ ICI \ufeffVENDREDI 10 Mai 2019 : Ouverture de la semaine INFOS RESULTATS DU CONCOURS : Le jury compos\u00e9 de : Mmes Villeneuve et Testi, Conseill\u00e8res D\u00e9partementales LV, de C. Mancini, Erun, et pr\u00e9sid\u00e9 par Mme &hellip; <a href=\"https:\/\/ecole.ac-nice.fr\/nice3\/semainedeslangues2019\/\">Continuer la lecture <span class=\"meta-nav\">&rarr;<\/span><\/a><\/p>\n","protected":false},"author":2,"featured_media":0,"parent":0,"menu_order":0,"comment_status":"closed","ping_status":"closed","template":"","meta":{"footnotes":""},"class_list":["post-4","page","type-page","status-publish","hentry"],"_links":{"self":[{"href":"https:\/\/ecole.ac-nice.fr\/nice3\/semainedeslangues2019\/wp-json\/wp\/v2\/pages\/4","targetHints":{"allow":["GET"]}}],"collection":[{"href":"https:\/\/ecole.ac-nice.fr\/nice3\/semainedeslangues2019\/wp-json\/wp\/v2\/pages"}],"about":[{"href":"https:\/\/ecole.ac-nice.fr\/nice3\/semainedeslangues2019\/wp-json\/wp\/v2\/types\/page"}],"author":[{"embeddable":true,"href":"https:\/\/ecole.ac-nice.fr\/nice3\/semainedeslangues2019\/wp-json\/wp\/v2\/users\/2"}],"replies":[{"embeddable":true,"href":"https:\/\/ecole.ac-nice.fr\/nice3\/semainedeslangues2019\/wp-json\/wp\/v2\/comments?post=4"}],"version-history":[{"count":27,"href":"https:\/\/ecole.ac-nice.fr\/nice3\/semainedeslangues2019\/wp-json\/wp\/v2\/pages\/4\/revisions"}],"predecessor-version":[{"id":222,"href":"https:\/\/ecole.ac-nice.fr\/nice3\/semainedeslangues2019\/wp-json\/wp\/v2\/pages\/4\/revisions\/222"}],"wp:attachment":[{"href":"https:\/\/ecole.ac-nice.fr\/nice3\/semainedeslangues2019\/wp-json\/wp\/v2\/media?parent=4"}],"curies":[{"name":"wp","href":"https:\/\/api.w.org\/{rel}","templated":true}]}}