{"id":532,"date":"2019-02-14T16:18:56","date_gmt":"2019-02-14T15:18:56","guid":{"rendered":"http:\/\/ecole.ac-nice.fr\/nice2\/arianepiagetelem\/?page_id=532"},"modified":"2019-02-14T16:18:56","modified_gmt":"2019-02-14T15:18:56","slug":"rencontre-avec-artur-tenor","status":"publish","type":"page","link":"https:\/\/ecole.ac-nice.fr\/nice2\/arianepiagetelem\/rencontre-avec-artur-tenor\/","title":{"rendered":"Rencontre avec Artur TENOR"},"content":{"rendered":"<p>Mardi 5 f\u00e9vrier, les classes de CMC et CME ont re\u00e7u Art<img loading=\"lazy\" decoding=\"async\" class=\"alignright wp-image-535 size-medium\" src=\"https:\/\/ecole.ac-nice.fr\/nice2\/arianepiagetelem\/wp-content\/uploads\/sites\/55\/2019\/02\/ARTHUR_TENOR-300x195.jpg\" alt=\"\" width=\"300\" height=\"195\" srcset=\"https:\/\/ecole.ac-nice.fr\/nice2\/arianepiagetelem\/wp-content\/uploads\/sites\/55\/2019\/02\/ARTHUR_TENOR-300x195.jpg 300w, https:\/\/ecole.ac-nice.fr\/nice2\/arianepiagetelem\/wp-content\/uploads\/sites\/55\/2019\/02\/ARTHUR_TENOR-768x498.jpg 768w, https:\/\/ecole.ac-nice.fr\/nice2\/arianepiagetelem\/wp-content\/uploads\/sites\/55\/2019\/02\/ARTHUR_TENOR-1024x664.jpg 1024w, https:\/\/ecole.ac-nice.fr\/nice2\/arianepiagetelem\/wp-content\/uploads\/sites\/55\/2019\/02\/ARTHUR_TENOR.jpg 2005w\" sizes=\"auto, (max-width: 300px) 100vw, 300px\" \/>ur TENOR, un \u00e9crivain pour la jeunesse. Les \u00e9l\u00e8ves ont \u00e9t\u00e9 enchant\u00e9s par cette rencontre et le discours bienveillant de cette personne. Ils ont pos\u00e9 de nombreuses questions tr\u00e8s int\u00e9ressantes.<br \/>\nArthur T\u00e9nor a beaucoup \u00e9crit dans tous les domaines mais sa pr\u00e9dilection est le roman historique. Il a explor\u00e9 diverses \u00e9poques comme le Moyen Age, l&rsquo;Epoque moderne, les Premi\u00e8re et Seconde Guerres mondiales.<br \/>\nCe fut une exp\u00e9rience enrichissante qui a motiv\u00e9 les \u00e9l\u00e8ves.<\/p>\n","protected":false},"excerpt":{"rendered":"<p>Mardi 5 f\u00e9vrier, les classes de CMC et CME ont re\u00e7u Artur TENOR, un \u00e9crivain pour la jeunesse. Les \u00e9l\u00e8ves ont \u00e9t\u00e9 enchant\u00e9s par cette rencontre et le discours bienveillant de cette personne. Ils ont pos\u00e9 de nombreuses questions tr\u00e8s int\u00e9ressantes. Arthur T\u00e9nor a beaucoup \u00e9crit dans tous les domaines mais sa pr\u00e9dilection est le &hellip; <a href=\"https:\/\/ecole.ac-nice.fr\/nice2\/arianepiagetelem\/rencontre-avec-artur-tenor\/\" class=\"more-link\">Continuer la lecture de <span class=\"screen-reader-text\">Rencontre avec Artur TENOR<\/span>  <span class=\"meta-nav\">&rarr;<\/span><\/a><\/p>\n","protected":false},"author":42,"featured_media":0,"parent":0,"menu_order":0,"comment_status":"closed","ping_status":"closed","template":"","meta":{"footnotes":""},"class_list":["post-532","page","type-page","status-publish","hentry"],"_links":{"self":[{"href":"https:\/\/ecole.ac-nice.fr\/nice2\/arianepiagetelem\/wp-json\/wp\/v2\/pages\/532","targetHints":{"allow":["GET"]}}],"collection":[{"href":"https:\/\/ecole.ac-nice.fr\/nice2\/arianepiagetelem\/wp-json\/wp\/v2\/pages"}],"about":[{"href":"https:\/\/ecole.ac-nice.fr\/nice2\/arianepiagetelem\/wp-json\/wp\/v2\/types\/page"}],"author":[{"embeddable":true,"href":"https:\/\/ecole.ac-nice.fr\/nice2\/arianepiagetelem\/wp-json\/wp\/v2\/users\/42"}],"replies":[{"embeddable":true,"href":"https:\/\/ecole.ac-nice.fr\/nice2\/arianepiagetelem\/wp-json\/wp\/v2\/comments?post=532"}],"version-history":[{"count":1,"href":"https:\/\/ecole.ac-nice.fr\/nice2\/arianepiagetelem\/wp-json\/wp\/v2\/pages\/532\/revisions"}],"predecessor-version":[{"id":538,"href":"https:\/\/ecole.ac-nice.fr\/nice2\/arianepiagetelem\/wp-json\/wp\/v2\/pages\/532\/revisions\/538"}],"wp:attachment":[{"href":"https:\/\/ecole.ac-nice.fr\/nice2\/arianepiagetelem\/wp-json\/wp\/v2\/media?parent=532"}],"curies":[{"name":"wp","href":"https:\/\/api.w.org\/{rel}","templated":true}]}}