{"id":657,"date":"2019-11-12T17:19:49","date_gmt":"2019-11-12T16:19:49","guid":{"rendered":"http:\/\/ecole.ac-nice.fr\/nice1\/papon\/?page_id=657"},"modified":"2021-11-15T09:35:39","modified_gmt":"2021-11-15T08:35:39","slug":"dates-conseils-decole","status":"publish","type":"page","link":"https:\/\/ecole.ac-nice.fr\/nice1\/papon\/dates-conseils-decole\/","title":{"rendered":"Dates conseils d&rsquo;\u00e9cole"},"content":{"rendered":"<p><span style=\"text-decoration: underline\">Dates des conseils d&rsquo;\u00e9cole :<\/span><\/p>\n<ul>\n<li>Le mardi 3 novembre 2021<\/li>\n<li>Le mardi 9 mars 2022<\/li>\n<li>le mardi 22 juin 2022<\/li>\n<\/ul>\n<p>Pour la maternelle : de 17h00 \u00e0 19h00<\/p>\n<p>Pour l&rsquo;\u00e9l\u00e9mentaire : de 17h30 \u00e0 19h30<\/p>\n","protected":false},"excerpt":{"rendered":"<p>Dates des conseils d&rsquo;\u00e9cole : Le mardi 3 novembre 2021 Le mardi 9 mars 2022 le mardi 22 juin 2022 Pour la maternelle : de 17h00 \u00e0 19h00 Pour l&rsquo;\u00e9l\u00e9mentaire : de 17h30 \u00e0 19h30<\/p>\n","protected":false},"author":2,"featured_media":0,"parent":0,"menu_order":0,"comment_status":"closed","ping_status":"closed","template":"","meta":{"footnotes":""},"class_list":["post-657","page","type-page","status-publish","hentry"],"_links":{"self":[{"href":"https:\/\/ecole.ac-nice.fr\/nice1\/papon\/wp-json\/wp\/v2\/pages\/657","targetHints":{"allow":["GET"]}}],"collection":[{"href":"https:\/\/ecole.ac-nice.fr\/nice1\/papon\/wp-json\/wp\/v2\/pages"}],"about":[{"href":"https:\/\/ecole.ac-nice.fr\/nice1\/papon\/wp-json\/wp\/v2\/types\/page"}],"author":[{"embeddable":true,"href":"https:\/\/ecole.ac-nice.fr\/nice1\/papon\/wp-json\/wp\/v2\/users\/2"}],"replies":[{"embeddable":true,"href":"https:\/\/ecole.ac-nice.fr\/nice1\/papon\/wp-json\/wp\/v2\/comments?post=657"}],"version-history":[{"count":6,"href":"https:\/\/ecole.ac-nice.fr\/nice1\/papon\/wp-json\/wp\/v2\/pages\/657\/revisions"}],"predecessor-version":[{"id":988,"href":"https:\/\/ecole.ac-nice.fr\/nice1\/papon\/wp-json\/wp\/v2\/pages\/657\/revisions\/988"}],"wp:attachment":[{"href":"https:\/\/ecole.ac-nice.fr\/nice1\/papon\/wp-json\/wp\/v2\/media?parent=657"}],"curies":[{"name":"wp","href":"https:\/\/api.w.org\/{rel}","templated":true}]}}