{"id":353,"date":"2022-03-23T10:19:11","date_gmt":"2022-03-23T09:19:11","guid":{"rendered":"https:\/\/ecole.ac-nice.fr\/antibes\/semainedeslangues\/?page_id=353"},"modified":"2022-04-07T17:25:52","modified_gmt":"2022-04-07T15:25:52","slug":"giorno-4-venerdi-8-aprile","status":"publish","type":"page","link":"https:\/\/ecole.ac-nice.fr\/antibes\/semainedeslangues\/accueil\/italien-cycle-2\/giorno-4-venerdi-8-aprile\/","title":{"rendered":"Giorno 4, Venerdi 8 Aprile"},"content":{"rendered":"<p align=\"center\"><span style=\"color: #000000;\"><span style=\"font-family: Times New Roman, serif;\"><span style=\"font-size: medium;\"><span style=\"font-family: Arial, serif;\"><span lang=\"en-US\"><b>GIORNO 4 Venerd\u00ec 8 Aprile<\/b><\/span><\/span><\/span><\/span><\/span><\/p>\n<p align=\"left\"><a name=\"_Hlk93061060\"><\/a> <span style=\"color: #000000;\"><span style=\"font-family: Times New Roman, serif;\"><span style=\"font-size: medium;\"><span style=\"font-family: Arial, serif;\"><span style=\"font-size: small;\"><span lang=\"en-US\">D\u00e9marche et entrainement identiques avec le jour 3 pour les 3 \u0153uvres propos\u00e9es ci-dessous:<\/span><\/span><\/span><\/span><\/span><\/span><\/p>\n<table width=\"698\" cellspacing=\"0\" cellpadding=\"7\">\n<tbody>\n<tr valign=\"top\">\n<td width=\"327\">\n<p align=\"left\"><span style=\"color: #000000;\"><img loading=\"lazy\" decoding=\"async\" class=\"alignnone wp-image-136\" src=\"https:\/\/ecole.ac-nice.fr\/antibes\/semainedeslangues\/wp-content\/uploads\/sites\/32\/2022\/03\/picasso-nana.png\" alt=\"\" width=\"300\" height=\"455\" \/> <\/span><\/p>\n<p lang=\"en-US\" align=\"left\"><span style=\"font-family: Arial, serif;\"><span style=\"font-size: small;\"><u>Nana<\/u> Picasso 1901<\/span><\/span><\/p>\n<\/td>\n<td width=\"342\">\n<p align=\"left\"><span style=\"color: #000000;\"><img loading=\"lazy\" decoding=\"async\" class=\"alignnone size-medium wp-image-133\" src=\"https:\/\/ecole.ac-nice.fr\/antibes\/semainedeslangues\/wp-content\/uploads\/sites\/32\/2022\/03\/vasarely-300x300.jpg\" alt=\"\" width=\"300\" height=\"300\" srcset=\"https:\/\/ecole.ac-nice.fr\/antibes\/semainedeslangues\/wp-content\/uploads\/sites\/32\/2022\/03\/vasarely-300x300.jpg 300w, https:\/\/ecole.ac-nice.fr\/antibes\/semainedeslangues\/wp-content\/uploads\/sites\/32\/2022\/03\/vasarely-150x150.jpg 150w, https:\/\/ecole.ac-nice.fr\/antibes\/semainedeslangues\/wp-content\/uploads\/sites\/32\/2022\/03\/vasarely.jpg 500w\" sizes=\"auto, (max-width: 300px) 100vw, 300px\" \/> <\/span><\/p>\n<p align=\"left\"><span style=\"font-size: small;\"><span lang=\"fr-FR\"><b>Victor Vasarely<\/b><\/span><\/span><span style=\"font-size: small;\"><span lang=\"fr-FR\">, <\/span><\/span><span style=\"font-size: small;\"><span lang=\"fr-FR\"><u>Vega 200,<\/u><\/span><\/span><span style=\"font-size: small;\"><span lang=\"fr-FR\"> 1968<\/span><\/span><\/p>\n<\/td>\n<\/tr>\n<tr>\n<td colspan=\"2\" valign=\"top\" width=\"684\">\n<p align=\"left\"><span style=\"color: #000000;\"> <img loading=\"lazy\" decoding=\"async\" class=\"alignnone wp-image-137\" src=\"https:\/\/ecole.ac-nice.fr\/antibes\/semainedeslangues\/wp-content\/uploads\/sites\/32\/2022\/03\/braque-300x247.jpg\" alt=\"\" width=\"619\" height=\"510\" srcset=\"https:\/\/ecole.ac-nice.fr\/antibes\/semainedeslangues\/wp-content\/uploads\/sites\/32\/2022\/03\/braque-300x247.jpg 300w, https:\/\/ecole.ac-nice.fr\/antibes\/semainedeslangues\/wp-content\/uploads\/sites\/32\/2022\/03\/braque.jpg 757w\" sizes=\"auto, (max-width: 619px) 100vw, 619px\" \/> <\/span><\/p>\n<p align=\"left\"><span style=\"color: #000000;\"> <span style=\"font-family: Times New Roman, serif;\"><span style=\"font-size: medium;\"><span style=\"font-family: Arial, serif;\"><span style=\"font-size: small;\"><span lang=\"fr-FR\"><b>Georges Braque<\/b><\/span><\/span><\/span><span style=\"font-family: Arial, serif;\"><span style=\"font-size: small;\"><span lang=\"fr-FR\">, <\/span><\/span><\/span><span style=\"font-family: Arial, serif;\"><span style=\"font-size: small;\"><span lang=\"fr-FR\"><u>Anvers<\/u><\/span><\/span><\/span><span style=\"font-family: Arial, serif;\"><span style=\"font-size: small;\"><span lang=\"fr-FR\">,1905<\/span><\/span><\/span><\/span><\/span><\/span><\/p>\n<\/td>\n<\/tr>\n<\/tbody>\n<\/table>\n<p align=\"left\"><span style=\"color: #000000;\"><span style=\"font-family: Times New Roman, serif;\"><span style=\"font-size: medium;\"><span style=\"color: #4f81bd;\"><span style=\"font-family: Arial, serif;\"><span lang=\"en-US\"><b>Production finale:<\/b><\/span><\/span><\/span><\/span><\/span><\/span><\/p>\n<p align=\"left\"><span style=\"color: #000000;\"><span style=\"font-family: Times New Roman, serif;\"><span style=\"font-size: medium;\"><span style=\"font-family: Arial, serif;\"><span style=\"font-size: small;\"><span lang=\"en-US\">Parmi les deux \u0153uvres d\u2019art propos\u00e9es, en choisir une \u00e0 pr\u00e9senter pour le concours d\u00e9partemental.<\/span><\/span><\/span><\/span><\/span><\/span><\/p>\n<table width=\"698\" cellspacing=\"0\" cellpadding=\"7\">\n<tbody>\n<tr valign=\"top\">\n<td width=\"348\">\n<p align=\"left\"><span style=\"color: #000000;\"><img loading=\"lazy\" decoding=\"async\" class=\"alignnone wp-image-134\" src=\"https:\/\/ecole.ac-nice.fr\/antibes\/semainedeslangues\/wp-content\/uploads\/sites\/32\/2022\/03\/warhol-300x300.jpg\" alt=\"\" width=\"314\" height=\"314\" srcset=\"https:\/\/ecole.ac-nice.fr\/antibes\/semainedeslangues\/wp-content\/uploads\/sites\/32\/2022\/03\/warhol-300x300.jpg 300w, https:\/\/ecole.ac-nice.fr\/antibes\/semainedeslangues\/wp-content\/uploads\/sites\/32\/2022\/03\/warhol-150x150.jpg 150w, https:\/\/ecole.ac-nice.fr\/antibes\/semainedeslangues\/wp-content\/uploads\/sites\/32\/2022\/03\/warhol.jpg 480w\" sizes=\"auto, (max-width: 314px) 100vw, 314px\" \/> <\/span><\/p>\n<p align=\"left\"><span style=\"font-family: Arial, serif;\"><span style=\"font-size: small;\"><span lang=\"fr-FR\"><b>Andy Warhol<\/b><\/span><span lang=\"fr-FR\">, <\/span><span lang=\"fr-FR\"><u>Marylin<\/u><\/span><span lang=\"fr-FR\">, 1962<\/span><\/span><\/span><\/p>\n<p lang=\"en-US\" align=\"left\"><a name=\"_GoBack\"><\/a><\/p>\n<\/td>\n<td width=\"321\">\n<p align=\"left\"><span style=\"color: #000000;\"><img loading=\"lazy\" decoding=\"async\" class=\"alignnone wp-image-135\" src=\"https:\/\/ecole.ac-nice.fr\/antibes\/semainedeslangues\/wp-content\/uploads\/sites\/32\/2022\/03\/miro.jpg\" alt=\"\" width=\"306\" height=\"381\" \/> <\/span><\/p>\n<p lang=\"en-US\" align=\"left\"><span style=\"color: #000000;\"><span style=\"font-family: Arial, serif;\"><span style=\"font-size: small;\">Joan Mir\u00f2, Il giardino, 1925<\/span><\/span><\/span><\/p>\n<\/td>\n<\/tr>\n<\/tbody>\n<\/table>\n<p style=\"text-align: center;\"><a href=\"https:\/\/ecole.ac-nice.fr\/antibes\/semainedeslangues\/wp-content\/uploads\/sites\/32\/2022\/03\/C2D4it.pdf\" target=\"_blank\" rel=\"noopener\">T\u00e9l\u00e9charger cette page<\/a><\/p>\n<p>&nbsp;<\/p>\n<p>&nbsp;<\/p>\n","protected":false},"excerpt":{"rendered":"<p>GIORNO 4 Venerd\u00ec 8 Aprile D\u00e9marche et entrainement identiques avec le jour 3 pour les 3 \u0153uvres propos\u00e9es ci-dessous: Nana Picasso 1901 Victor Vasarely, Vega 200, 1968 Georges Braque, Anvers,1905 Production finale: Parmi les deux \u0153uvres d\u2019art propos\u00e9es, en choisir une \u00e0 pr\u00e9senter pour le concours d\u00e9partemental. Andy Warhol, Marylin, 1962 Joan Mir\u00f2, Il giardino, &hellip; <a href=\"https:\/\/ecole.ac-nice.fr\/antibes\/semainedeslangues\/accueil\/italien-cycle-2\/giorno-4-venerdi-8-aprile\/\" class=\"more-link\">Continuer la lecture de <span class=\"screen-reader-text\">Giorno 4, Venerdi 8 Aprile<\/span> <span class=\"meta-nav\">&rarr;<\/span><\/a><\/p>\n","protected":false},"author":26,"featured_media":0,"parent":322,"menu_order":0,"comment_status":"closed","ping_status":"closed","template":"","meta":{"footnotes":""},"class_list":["post-353","page","type-page","status-publish","hentry"],"_links":{"self":[{"href":"https:\/\/ecole.ac-nice.fr\/antibes\/semainedeslangues\/wp-json\/wp\/v2\/pages\/353","targetHints":{"allow":["GET"]}}],"collection":[{"href":"https:\/\/ecole.ac-nice.fr\/antibes\/semainedeslangues\/wp-json\/wp\/v2\/pages"}],"about":[{"href":"https:\/\/ecole.ac-nice.fr\/antibes\/semainedeslangues\/wp-json\/wp\/v2\/types\/page"}],"author":[{"embeddable":true,"href":"https:\/\/ecole.ac-nice.fr\/antibes\/semainedeslangues\/wp-json\/wp\/v2\/users\/26"}],"replies":[{"embeddable":true,"href":"https:\/\/ecole.ac-nice.fr\/antibes\/semainedeslangues\/wp-json\/wp\/v2\/comments?post=353"}],"version-history":[{"count":7,"href":"https:\/\/ecole.ac-nice.fr\/antibes\/semainedeslangues\/wp-json\/wp\/v2\/pages\/353\/revisions"}],"predecessor-version":[{"id":428,"href":"https:\/\/ecole.ac-nice.fr\/antibes\/semainedeslangues\/wp-json\/wp\/v2\/pages\/353\/revisions\/428"}],"up":[{"embeddable":true,"href":"https:\/\/ecole.ac-nice.fr\/antibes\/semainedeslangues\/wp-json\/wp\/v2\/pages\/322"}],"wp:attachment":[{"href":"https:\/\/ecole.ac-nice.fr\/antibes\/semainedeslangues\/wp-json\/wp\/v2\/media?parent=353"}],"curies":[{"name":"wp","href":"https:\/\/api.w.org\/{rel}","templated":true}]}}