{"id":328,"date":"2022-03-23T09:37:17","date_gmt":"2022-03-23T08:37:17","guid":{"rendered":"https:\/\/ecole.ac-nice.fr\/antibes\/semainedeslangues\/?page_id=328"},"modified":"2022-04-03T10:53:09","modified_gmt":"2022-04-03T08:53:09","slug":"giorno-1-lunedi-4-aprile","status":"publish","type":"page","link":"https:\/\/ecole.ac-nice.fr\/antibes\/semainedeslangues\/accueil\/italien-cycle-2\/giorno-1-lunedi-4-aprile\/","title":{"rendered":"Giorno 1, Lunedi 4 Aprile"},"content":{"rendered":"<p align=\"left\"><span style=\"color: #000000;\"><span style=\"font-family: Times New Roman, serif;\"><span style=\"font-size: medium;\"><span style=\"font-family: Arial, serif;\"><b>SEMAINE DES LANGUES du 4 au 8 avril 2022<\/b><\/span><\/span><\/span><\/span><\/p>\n<p align=\"left\"><span style=\"color: #000000;\"><span style=\"font-family: Times New Roman, serif;\"><span style=\"font-size: medium;\"><span style=\"font-family: Arial, serif;\"><b>Description d\u2019une \u0153uvre d\u2019art en langue \u00e9trang\u00e8re\u00a0: <\/b><\/span><span style=\"color: #0070c0;\"><span style=\"font-family: Arial, serif;\"><b>Italien<\/b><\/span><\/span><\/span><\/span><\/span><\/p>\n<p align=\"left\"><span style=\"color: #000000;\"><span style=\"font-family: Times New Roman, serif;\"><span style=\"font-size: medium;\"><span style=\"color: #0070c0;\"><span style=\"font-family: Arial, serif;\"><b>Descriptif et contenu d\u00e9taill\u00e9 pour le CYCLE 2<\/b><\/span><\/span><\/span><\/span><\/span><\/p>\n<p align=\"left\"><a name=\"_Hlk93062113\"><\/a><\/p>\n<p align=\"center\"><span style=\"color: #000000;\"><span style=\"font-family: Times New Roman, serif;\"><span style=\"font-size: medium;\"><span style=\"font-family: Arial, serif;\"><span lang=\"en-US\"><b>GIORNO 1: luned\u00ec 4 aprile<\/b><\/span><\/span><\/span><\/span><\/span><\/p>\n<ul>\n<li>\n<p align=\"left\"><span style=\"color: #000000;\"><span style=\"font-family: Times New Roman, serif;\"><span style=\"font-size: medium;\"><span style=\"color: #ff0000;\"><span style=\"font-family: Arial, serif;\"><span style=\"font-size: small;\"><span lang=\"en-US\">Extrait vid\u00e9o \u00e0 visionner <\/span><\/span><\/span><\/span><span style=\"color: #ff0000;\"><span style=\"font-family: Arial, serif;\"><span style=\"font-size: small;\"><span lang=\"en-US\"><u>sans le son<\/u><\/span><\/span><\/span><\/span><span style=\"color: #ff0000;\"><span style=\"font-family: Arial, serif;\"><span style=\"font-size: small;\"><span lang=\"en-US\">, juste pour montrer le contexte aux \u00e9l\u00e8ves<\/span><\/span><\/span><\/span><\/span><\/span><\/span><\/p>\n<\/li>\n<\/ul>\n<table width=\"438\" cellspacing=\"0\" cellpadding=\"7\">\n<tbody>\n<tr valign=\"top\">\n<td width=\"286\">\n<p align=\"left\"><a href=\"https:\/\/www.youtube.com\/watch?v=A5jn4yamjec\" target=\"_blank\" rel=\"noopener\"><span style=\"color: #0000ff;\"><span style=\"font-family: Arial, serif;\"><span style=\"font-size: small;\"><span lang=\"fr-FR\"><u>https:\/\/www.youtube.com\/watch?v=A5jn4yamjec<\/u><\/span><\/span><\/span><\/span><\/a><\/p>\n<\/td>\n<td width=\"124\">\n<p align=\"left\"><img loading=\"lazy\" decoding=\"async\" class=\"alignnone size-full wp-image-77\" src=\"https:\/\/ecole.ac-nice.fr\/antibes\/semainedeslangues\/wp-content\/uploads\/sites\/32\/2022\/03\/ecoute.png\" alt=\"\" width=\"275\" height=\"110\" \/><\/p>\n<\/td>\n<\/tr>\n<\/tbody>\n<\/table>\n<ul>\n<li>\n<p align=\"left\"><span style=\"color: #000000;\"><span style=\"font-family: Times New Roman, serif;\"><span style=\"font-size: medium;\"><span style=\"font-family: Arial, serif;\"><span style=\"font-size: small;\"><span lang=\"en-US\">Scripts et \u00e9l\u00e9ments de langage:<\/span><\/span><\/span><\/span><\/span><\/span><\/p>\n<\/li>\n<\/ul>\n<p align=\"left\"><span style=\"color: #000000;\"><img loading=\"lazy\" decoding=\"async\" class=\"alignnone size-full wp-image-83\" src=\"https:\/\/ecole.ac-nice.fr\/antibes\/semainedeslangues\/wp-content\/uploads\/sites\/32\/2022\/03\/roadsign.png\" alt=\"\" width=\"34\" height=\"33\" \/> <span style=\"font-family: Times New Roman, serif;\"><span style=\"font-size: medium;\"><span style=\"font-family: Arial, serif;\"><span style=\"font-size: small;\"><span lang=\"en-US\">Certains mots ou expressions rel\u00e8vent du langage familier. La compr\u00e9hension reste globale et l\u2019explicitation se fait en langue fran\u00e7aise.<\/span><\/span><\/span><\/span><\/span><\/span><\/p>\n<p><span style=\"font-family: Arial, serif;\"><span style=\"font-size: small;\"><span lang=\"it-IT\"><b>Nastro 1<\/b><\/span><\/span><\/span><\/p>\n<table width=\"666\" cellspacing=\"0\" cellpadding=\"7\">\n<tbody>\n<tr valign=\"top\">\n<td width=\"323\" height=\"303\">\n<p align=\"left\"><span style=\"color: #000000;\"><img loading=\"lazy\" decoding=\"async\" class=\"alignnone wp-image-75\" src=\"https:\/\/ecole.ac-nice.fr\/antibes\/semainedeslangues\/wp-content\/uploads\/sites\/32\/2022\/03\/grant-wood-248x300.jpg\" alt=\"\" width=\"324\" height=\"392\" srcset=\"https:\/\/ecole.ac-nice.fr\/antibes\/semainedeslangues\/wp-content\/uploads\/sites\/32\/2022\/03\/grant-wood-248x300.jpg 248w, https:\/\/ecole.ac-nice.fr\/antibes\/semainedeslangues\/wp-content\/uploads\/sites\/32\/2022\/03\/grant-wood.jpg 260w\" sizes=\"auto, (max-width: 324px) 100vw, 324px\" \/> <\/span><\/p>\n<p align=\"left\"><span style=\"color: #000000;\"><span style=\"font-family: Times New Roman, serif;\"><span style=\"font-size: medium;\"><span style=\"font-family: Arial, serif;\"><span style=\"font-size: small;\"><span lang=\"en-US\"><u>E <\/u><\/span><\/span><\/span><span style=\"font-family: Arial, serif;\"><span style=\"font-size: small;\"><span lang=\"it-IT\"><u>Gotico americano<\/u><\/span><\/span><\/span> <span style=\"font-family: Arial, serif;\"><span style=\"font-size: small;\"><span lang=\"it-IT\"><b>da Grant Wood 1930<\/b><\/span><\/span><\/span><\/span><\/span><\/span><\/p>\n<\/td>\n<td width=\"315\">\n<p align=\"left\"><span style=\"font-family: Arial, serif;\"><span style=\"font-size: small;\"><span lang=\"it-IT\"><b>Sceneggiatura<\/b><\/span><span style=\"color: #ff0000;\"><span lang=\"en-US\"><b> (<\/b><\/span><\/span><span style=\"color: #ff0000;\"><span lang=\"en-US\">l\u2019enseignant lit)<\/span><\/span><\/span><\/span><\/p>\n<table width=\"314\" cellspacing=\"0\" cellpadding=\"7\">\n<tbody>\n<tr>\n<td valign=\"top\" width=\"300\" height=\"126\">\n<p lang=\"en-US\" align=\"left\"><span style=\"color: #000000;\"><span style=\"font-family: Arial, serif;\"><span style=\"font-size: small;\">Ciao, mi chiamo Alessia. Ho 7 anni. Il mio colore preferito \u00e8 il blu.<\/span><\/span><\/span><\/p>\n<p lang=\"en-US\" align=\"left\"><span style=\"color: #000000;\"><span style=\"font-family: Arial, serif;\"><span style=\"font-size: small;\">Dici esattamente cosa che vedi.<\/span><\/span><\/span><\/p>\n<p lang=\"en-US\" align=\"left\"><span style=\"color: #000000;\"><span style=\"font-family: Arial, serif;\"><span style=\"font-size: small;\">Sembra che ci sia un uomo vecchio e una donna vecchia.<\/span><\/span><\/span><\/p>\n<p lang=\"en-US\" align=\"left\"><span style=\"color: #000000;\"><span style=\"font-family: Arial, serif;\"><span style=\"font-size: small;\">Vuoi avere verdure in pi\u00f9?<\/span><\/span><\/span><\/p>\n<p align=\"left\"><span style=\"color: #000000;\"><span style=\"font-family: Times New Roman, serif;\"><span style=\"font-size: medium;\"><span style=\"font-family: Arial, serif;\"><span style=\"font-size: small;\"><span lang=\"en-US\">E <\/span><\/span><\/span><span style=\"font-family: Arial, serif;\"><span style=\"font-size: small;\"><span lang=\"it-IT\">Gotico americano da Grant Wood<\/span><\/span><\/span><\/span><\/span><\/span><\/p>\n<\/td>\n<\/tr>\n<\/tbody>\n<\/table>\n<\/td>\n<\/tr>\n<\/tbody>\n<\/table>\n<table width=\"698\" cellspacing=\"0\" cellpadding=\"7\">\n<tbody>\n<tr valign=\"top\">\n<td width=\"337\">\n<p align=\"left\"><span style=\"font-family: Arial, serif;\"><span style=\"font-size: small;\"><b><span lang=\"it-IT\">Nastro 2<\/span><\/b><\/span><\/span><\/p>\n<p align=\"left\"><span style=\"color: #000000;\"><img loading=\"lazy\" decoding=\"async\" class=\"alignnone wp-image-78\" src=\"https:\/\/ecole.ac-nice.fr\/antibes\/semainedeslangues\/wp-content\/uploads\/sites\/32\/2022\/03\/frida-kalho.jpg\" alt=\"\" width=\"323\" height=\"427\" \/> <\/span><\/p>\n<p lang=\"en-US\" align=\"left\"><span style=\"font-family: Arial, serif;\"><span style=\"font-size: small;\"><b>Frida Kahlo<\/b>, <u>Self-portrait wearing a velvet dress<\/u>,1926<\/span><\/span><\/p>\n<\/td>\n<td width=\"333\">\n<p align=\"left\"><span style=\"color: #000000;\"><span style=\"font-family: Arial, serif;\"><span style=\"font-size: medium;\"><span style=\"font-size: small;\"><span lang=\"it-IT\"><b>Sceneggiatura<\/b><\/span><\/span><b> <\/b><span style=\"color: #ff0000;\"><span style=\"font-size: small;\"><span lang=\"en-US\">(l\u2019enseignant lit)<\/span><\/span><\/span><\/span><\/span><\/span><\/p>\n<table width=\"332\" cellspacing=\"0\" cellpadding=\"7\">\n<tbody>\n<tr>\n<td valign=\"top\" width=\"318\">\n<p lang=\"en-US\" align=\"left\"><span style=\"color: #000000;\"><span style=\"font-family: Arial, serif;\"><span style=\"font-size: small;\">Cosa vedi ora?<\/span><\/span><\/span><\/p>\n<p lang=\"en-US\" align=\"left\"><span style=\"color: #000000;\"><span style=\"font-family: Arial, serif;\"><span style=\"font-size: small;\">Vedo l\u2019imagine di una persona<\/span><\/span><\/span><\/p>\n<p lang=\"en-US\" align=\"left\"><span style=\"color: #000000;\"><span style=\"font-family: Arial, serif;\"><span style=\"font-size: small;\">Vedo l\u2019oceano.<\/span><\/span><\/span><\/p>\n<p lang=\"en-US\" align=\"left\"><span style=\"color: #000000;\"><span style=\"font-family: Arial, serif;\"><span style=\"font-size: small;\">Porta una vestaglia di velluto.<\/span><\/span><\/span><\/p>\n<p lang=\"en-US\" align=\"left\"><span style=\"color: #000000;\"><span style=\"font-family: Arial, serif;\"><span style=\"font-size: small;\">E sola?<\/span><\/span><\/span><\/p>\n<p lang=\"en-US\" align=\"left\"><span style=\"color: #000000;\"><span style=\"font-family: Arial, serif;\"><span style=\"font-size: small;\">Sulla vestaglia posso vedere disegni cinesi<\/span><\/span><\/span><\/p>\n<p lang=\"en-US\" align=\"left\"><span style=\"color: #000000;\"><span style=\"font-family: Arial, serif;\"><span style=\"font-size: small;\">Penso che \u00e8 <i><b>Frida Kahlo <\/b><\/i><i><u><b>Self portrait<\/b><\/u><\/i><\/span><\/span><\/span><\/p>\n<\/td>\n<\/tr>\n<\/tbody>\n<\/table>\n<\/td>\n<\/tr>\n<\/tbody>\n<\/table>\n<table width=\"698\" cellspacing=\"0\" cellpadding=\"7\">\n<tbody>\n<tr valign=\"top\">\n<td width=\"337\">\n<p align=\"left\"><span style=\"font-family: Arial, serif;\"><span style=\"font-size: small;\"><b><span lang=\"it-IT\">Nastro 3<\/span><\/b><\/span><\/span><\/p>\n<p align=\"left\"><span style=\"color: #000000;\"><img loading=\"lazy\" decoding=\"async\" class=\"alignnone size-medium wp-image-76\" src=\"https:\/\/ecole.ac-nice.fr\/antibes\/semainedeslangues\/wp-content\/uploads\/sites\/32\/2022\/03\/frida-calo-300x295.jpg\" alt=\"\" width=\"300\" height=\"295\" srcset=\"https:\/\/ecole.ac-nice.fr\/antibes\/semainedeslangues\/wp-content\/uploads\/sites\/32\/2022\/03\/frida-calo-300x295.jpg 300w, https:\/\/ecole.ac-nice.fr\/antibes\/semainedeslangues\/wp-content\/uploads\/sites\/32\/2022\/03\/frida-calo-768x756.jpg 768w, https:\/\/ecole.ac-nice.fr\/antibes\/semainedeslangues\/wp-content\/uploads\/sites\/32\/2022\/03\/frida-calo.jpg 792w\" sizes=\"auto, (max-width: 300px) 100vw, 300px\" \/> <\/span><\/p>\n<\/td>\n<td width=\"332\">\n<p align=\"left\"><span style=\"color: #000000;\"><span style=\"font-family: Arial, serif;\"><span style=\"font-size: small;\"><span lang=\"en-US\"><b>Extraits <\/b><\/span><span lang=\"it-IT\"><b>Sceneggiatura<\/b><\/span><span style=\"color: #ff0000;\"><span lang=\"en-US\"><b> (<\/b><\/span><\/span><span style=\"color: #ff0000;\"><span lang=\"en-US\">l\u2019enseignant lit)<\/span><\/span><\/span><\/span><\/span><\/p>\n<table width=\"331\" cellspacing=\"0\" cellpadding=\"7\">\n<tbody>\n<tr>\n<td valign=\"top\" width=\"317\">\n<p lang=\"en-US\" align=\"left\"><span style=\"color: #000000;\"><span style=\"font-family: Arial, serif;\"><span style=\"font-size: small;\"><i><u>Dimmi esattamente cosa vedi<\/u><\/i><\/span><\/span><\/span><\/p>\n<p lang=\"en-US\" align=\"left\"><span style=\"color: #000000;\"><span style=\"font-family: Arial, serif;\"><span style=\"font-size: small;\"><i><u>Vedo pirati.<\/u><\/i><\/span><\/span><\/span><\/p>\n<p lang=\"en-US\" align=\"left\"><span style=\"color: #000000;\"><span style=\"font-family: Arial, serif;\"><span style=\"font-size: small;\"><i><u>Somigliano a dei capitani.<\/u><\/i><\/span><\/span><\/span><\/p>\n<p lang=\"en-US\" align=\"left\"><span style=\"color: #000000;\"><span style=\"font-family: Arial, serif;\"><span style=\"font-size: small;\"><i><u>Quanti pirati ci sono?<\/u><\/i><\/span><\/span><\/span><\/p>\n<p lang=\"en-US\" align=\"left\"><span style=\"color: #000000;\"><span style=\"font-family: Arial, serif;\"><span style=\"font-size: small;\"><i><u>Solo due.<\/u><\/i><\/span><\/span><\/span><\/p>\n<\/td>\n<\/tr>\n<\/tbody>\n<\/table>\n<\/td>\n<\/tr>\n<\/tbody>\n<\/table>\n<p align=\"left\"><span style=\"color: #000000;\"><span style=\"font-family: Times New Roman, serif;\"><span style=\"font-size: medium;\"><span style=\"font-family: Arial, serif;\"><span style=\"font-size: small;\"><span lang=\"it-IT\"><b>Hans Holbein il Giovan<\/b><\/span><\/span><\/span><span style=\"font-family: Arial, serif;\"><span style=\"font-size: small;\"><span lang=\"it-IT\">e, <\/span><\/span><\/span><span style=\"font-family: Arial, serif;\"><span style=\"font-size: small;\"><span lang=\"it-IT\"><u>Gli ambasciatori<\/u><\/span><\/span><\/span><span style=\"font-family: Arial, serif;\"><span style=\"font-size: small;\"><span lang=\"it-IT\">, 1533<\/span><\/span><\/span><\/span><\/span><\/span><\/p>\n<ul>\n<li>\n<p align=\"left\"><span style=\"color: #000000;\"><span style=\"font-family: Times New Roman, serif;\"><span style=\"font-size: medium;\"><span style=\"font-family: Arial, serif;\"><span style=\"font-size: small;\"><span lang=\"en-US\">Extrait \u00e0 visionner \u201cpour le plaisir\u201d<\/span><\/span><\/span><\/span><\/span><\/span><\/p>\n<\/li>\n<\/ul>\n<table width=\"487\" cellspacing=\"0\" cellpadding=\"7\">\n<tbody>\n<tr valign=\"top\">\n<td width=\"307\" height=\"19\">\n<p align=\"left\"><a href=\"https:\/\/www.youtube.com\/watch?v=wQfkG-y3lBY\" target=\"_blank\" rel=\"noopener\"><span style=\"color: #0000ff;\"><span style=\"font-family: Arial, serif;\"><span style=\"font-size: small;\"><span lang=\"fr-FR\"><u>https:\/\/www.youtube.com\/watch?v=wQfkG-y3lBY<\/u><\/span><\/span><\/span><\/span><\/a><\/p>\n<\/td>\n<td width=\"152\">\n<p align=\"left\"><img loading=\"lazy\" decoding=\"async\" class=\"alignnone size-full wp-image-82\" src=\"https:\/\/ecole.ac-nice.fr\/antibes\/semainedeslangues\/wp-content\/uploads\/sites\/32\/2022\/03\/garcon-ecoute.png\" alt=\"\" width=\"254\" height=\"128\" \/><\/p>\n<\/td>\n<\/tr>\n<\/tbody>\n<\/table>\n<p style=\"text-align: center;\"><a href=\"https:\/\/ecole.ac-nice.fr\/antibes\/semainedeslangues\/wp-content\/uploads\/sites\/32\/2022\/03\/C2D1it.pdf\" target=\"_blank\" rel=\"noopener\">T\u00e9l\u00e9charger cette page<\/a><\/p>\n","protected":false},"excerpt":{"rendered":"<p>SEMAINE DES LANGUES du 4 au 8 avril 2022 Description d\u2019une \u0153uvre d\u2019art en langue \u00e9trang\u00e8re\u00a0: Italien Descriptif et contenu d\u00e9taill\u00e9 pour le CYCLE 2 GIORNO 1: luned\u00ec 4 aprile Extrait vid\u00e9o \u00e0 visionner sans le son, juste pour montrer le contexte aux \u00e9l\u00e8ves https:\/\/www.youtube.com\/watch?v=A5jn4yamjec Scripts et \u00e9l\u00e9ments de langage: Certains mots ou expressions rel\u00e8vent &hellip; <a href=\"https:\/\/ecole.ac-nice.fr\/antibes\/semainedeslangues\/accueil\/italien-cycle-2\/giorno-1-lunedi-4-aprile\/\" class=\"more-link\">Continuer la lecture de <span class=\"screen-reader-text\">Giorno 1, Lunedi 4 Aprile<\/span> <span class=\"meta-nav\">&rarr;<\/span><\/a><\/p>\n","protected":false},"author":26,"featured_media":0,"parent":322,"menu_order":0,"comment_status":"closed","ping_status":"closed","template":"","meta":{"footnotes":""},"class_list":["post-328","page","type-page","status-publish","hentry"],"_links":{"self":[{"href":"https:\/\/ecole.ac-nice.fr\/antibes\/semainedeslangues\/wp-json\/wp\/v2\/pages\/328","targetHints":{"allow":["GET"]}}],"collection":[{"href":"https:\/\/ecole.ac-nice.fr\/antibes\/semainedeslangues\/wp-json\/wp\/v2\/pages"}],"about":[{"href":"https:\/\/ecole.ac-nice.fr\/antibes\/semainedeslangues\/wp-json\/wp\/v2\/types\/page"}],"author":[{"embeddable":true,"href":"https:\/\/ecole.ac-nice.fr\/antibes\/semainedeslangues\/wp-json\/wp\/v2\/users\/26"}],"replies":[{"embeddable":true,"href":"https:\/\/ecole.ac-nice.fr\/antibes\/semainedeslangues\/wp-json\/wp\/v2\/comments?post=328"}],"version-history":[{"count":6,"href":"https:\/\/ecole.ac-nice.fr\/antibes\/semainedeslangues\/wp-json\/wp\/v2\/pages\/328\/revisions"}],"predecessor-version":[{"id":367,"href":"https:\/\/ecole.ac-nice.fr\/antibes\/semainedeslangues\/wp-json\/wp\/v2\/pages\/328\/revisions\/367"}],"up":[{"embeddable":true,"href":"https:\/\/ecole.ac-nice.fr\/antibes\/semainedeslangues\/wp-json\/wp\/v2\/pages\/322"}],"wp:attachment":[{"href":"https:\/\/ecole.ac-nice.fr\/antibes\/semainedeslangues\/wp-json\/wp\/v2\/media?parent=328"}],"curies":[{"name":"wp","href":"https:\/\/api.w.org\/{rel}","templated":true}]}}