{"id":288,"date":"2022-03-21T16:17:38","date_gmt":"2022-03-21T15:17:38","guid":{"rendered":"https:\/\/ecole.ac-nice.fr\/antibes\/semainedeslangues\/?page_id=288"},"modified":"2022-04-03T10:51:16","modified_gmt":"2022-04-03T08:51:16","slug":"allemand-c2-tag-1-4-april","status":"publish","type":"page","link":"https:\/\/ecole.ac-nice.fr\/antibes\/semainedeslangues\/accueil\/allemand-c2\/allemand-c2-tag-1-4-april\/","title":{"rendered":"Allemand C2 Tag 1, 4. April"},"content":{"rendered":"<p align=\"left\"><span style=\"color: #000000;\"><span style=\"font-family: Arial, serif;\"><span style=\"font-size: medium;\"><b>SEMAINE DES LANGUES du 4 au 8 avril 2022<\/b><\/span><\/span><\/span><\/p>\n<p align=\"left\"><span style=\"color: #000000;\"><span style=\"font-family: Arial, serif;\"><span style=\"font-size: medium;\"><b>Description d\u2019une \u0153uvre d\u2019art en langue \u00e9trang\u00e8re\u00a0: allemand<\/b><\/span><\/span><\/span><\/p>\n<p align=\"left\"><span style=\"color: #0070c0;\"><span style=\"font-family: Arial, serif;\"><span style=\"font-size: medium;\"><b>Descriptif et contenu d\u00e9taill\u00e9 pour le CYCLE 2<\/b><\/span><\/span><\/span><\/p>\n<p align=\"left\"><a name=\"_Hlk93062113\"><\/a><\/p>\n<p lang=\"en-US\" align=\"center\"><span style=\"color: #000000;\"><span style=\"font-family: Arial, serif;\"><span style=\"font-size: medium;\"><b>Tag 1: Montag, 4. April<\/b><\/span><\/span><\/span><\/p>\n<ul>\n<li>\n<p align=\"left\"><span style=\"color: #000000;\"><span style=\"font-family: Times New Roman, serif;\"><span style=\"font-size: medium;\"><span style=\"color: #ff0000;\"><span style=\"font-family: Arial, serif;\"><span style=\"font-size: small;\"><span lang=\"en-US\">Extrait vid\u00e9o \u00e0 visionner <\/span><\/span><\/span><\/span><span style=\"color: #ff0000;\"><span style=\"font-family: Arial, serif;\"><span style=\"font-size: small;\"><span lang=\"en-US\"><u>sans le son<\/u><\/span><\/span><\/span><\/span><span style=\"color: #ff0000;\"><span style=\"font-family: Arial, serif;\"><span style=\"font-size: small;\"><span lang=\"en-US\">, juste pour montrer le contexte aux \u00e9l\u00e8ves<\/span><\/span><\/span><\/span><\/span><\/span><\/span><\/p>\n<\/li>\n<\/ul>\n<table width=\"438\" cellspacing=\"0\" cellpadding=\"7\">\n<tbody>\n<tr valign=\"top\">\n<td width=\"286\">\n<p align=\"left\"><a href=\"https:\/\/www.youtube.com\/watch?v=A5jn4yamjec\" target=\"_blank\" rel=\"noopener\"><span style=\"color: #0000ff;\"><span style=\"font-family: Arial, serif;\"><span style=\"font-size: small;\"><span lang=\"fr-FR\"><u>https:\/\/www.youtube.com\/watch?v=A5jn4yamjec<\/u><\/span><\/span><\/span><\/span><\/a><\/p>\n<\/td>\n<td width=\"124\">\n<p align=\"left\"><img loading=\"lazy\" decoding=\"async\" class=\"alignnone size-full wp-image-77\" src=\"https:\/\/ecole.ac-nice.fr\/antibes\/semainedeslangues\/wp-content\/uploads\/sites\/32\/2022\/03\/ecoute.png\" alt=\"\" width=\"275\" height=\"110\" \/><\/p>\n<\/td>\n<\/tr>\n<\/tbody>\n<\/table>\n<ul>\n<li>\n<p lang=\"en-US\" align=\"left\"><span style=\"color: #000000;\"><span style=\"font-family: Arial, serif;\"><span style=\"font-size: small;\">Scripts et \u00e9l\u00e9ments de langage:<\/span><\/span><\/span><\/p>\n<\/li>\n<\/ul>\n<p align=\"left\"><span style=\"color: #000000;\"><img loading=\"lazy\" decoding=\"async\" class=\"alignnone size-full wp-image-83\" src=\"https:\/\/ecole.ac-nice.fr\/antibes\/semainedeslangues\/wp-content\/uploads\/sites\/32\/2022\/03\/roadsign.png\" alt=\"\" width=\"34\" height=\"33\" \/> <span style=\"font-family: Times New Roman, serif;\"><span style=\"font-size: medium;\"><span style=\"font-family: Arial, serif;\"><span style=\"font-size: small;\"><span lang=\"en-US\">Certains mots ou expressions rel\u00e8vent du langage familier. Les expressions et les mots significatifs \u00e0 relever sont soulign\u00e9s. La compr\u00e9hension reste globale et l\u2019explicitation se fait en langue fran\u00e7aise<\/span><\/span><\/span><span style=\"font-family: Arial, serif;\"><span style=\"font-size: small;\"><span lang=\"en-US\">.<\/span><\/span><\/span><\/span><\/span><\/span><\/p>\n<table width=\"707\" cellspacing=\"0\" cellpadding=\"7\">\n<tbody>\n<tr valign=\"top\">\n<td width=\"340\">\n<p lang=\"en-US\" align=\"left\"><span style=\"color: #000000;\"><span style=\"font-family: Arial, serif;\"><span style=\"font-size: small;\"><b>Round 1<\/b><\/span><\/span><\/span><\/p>\n<p align=\"left\"><span style=\"color: #000000;\"><img loading=\"lazy\" decoding=\"async\" class=\"alignnone wp-image-75\" src=\"https:\/\/ecole.ac-nice.fr\/antibes\/semainedeslangues\/wp-content\/uploads\/sites\/32\/2022\/03\/grant-wood-248x300.jpg\" alt=\"\" width=\"314\" height=\"380\" srcset=\"https:\/\/ecole.ac-nice.fr\/antibes\/semainedeslangues\/wp-content\/uploads\/sites\/32\/2022\/03\/grant-wood-248x300.jpg 248w, https:\/\/ecole.ac-nice.fr\/antibes\/semainedeslangues\/wp-content\/uploads\/sites\/32\/2022\/03\/grant-wood.jpg 260w\" sizes=\"auto, (max-width: 314px) 100vw, 314px\" \/> <\/span><\/p>\n<p lang=\"en-US\" align=\"left\"><span style=\"color: #000000;\"><span style=\"font-family: Arial, serif;\"><span style=\"font-size: small;\"><b>Grant Wood<\/b>, <u>American Gothic<\/u>,1930<\/span><\/span><\/span><\/p>\n<\/td>\n<td width=\"340\">\n<p lang=\"en-US\" align=\"left\"><span style=\"color: #000000;\"><span style=\"font-family: Arial, serif;\"><span style=\"font-size: small;\"><b>Skript <\/b><span style=\"color: #ff0000;\">(l\u2019enseignant lit)<\/span><\/span><\/span><\/span><\/p>\n<p lang=\"en-US\" align=\"left\"><span style=\"font-family: Arial, serif;\"><span style=\"font-size: small;\"><i>&#8211; <u>Ich heisse Alexa. Ich bin 7 Jahre alt. Meine lieblingsfarbe ist blau.<\/u><\/i><\/span><\/span><\/p>\n<p lang=\"en-US\" align=\"left\"><span style=\"font-family: Arial, serif;\"><span style=\"font-size: small;\"><i>&#8211; Sag uns genau <u>was du siehst<\/u><\/i><\/span><\/span><\/p>\n<p lang=\"en-US\" align=\"left\"><span style=\"font-family: Arial, serif;\"><span style=\"font-size: small;\"><i>&#8211; Es sieht wie <u>einen alten Mann und eine alte Dame aus<\/u><\/i><\/span><\/span><\/p>\n<p lang=\"en-US\" align=\"left\"><span style=\"font-family: Arial, serif;\"><span style=\"font-size: small;\"><i>&#8211; <u>Vielleicht ist sie b\u00f6se<\/u><\/i><\/span><\/span><\/p>\n<p lang=\"en-US\" align=\"left\"><span style=\"font-family: Arial, serif;\"><span style=\"font-size: small;\"><i>Vielleicht will sie mehr Gem\u00fcse?<\/i><\/span><\/span><\/p>\n<p lang=\"en-US\" align=\"left\"><span style=\"color: #000000;\"><span style=\"font-family: Arial, serif;\"><span style=\"font-size: small;\"><i>&#8211; Ist es <\/i><i><u><b>American Gothi<\/b><\/u><\/i><i><b>c von Grant Wood?<\/b><\/i><\/span><\/span><\/span><\/p>\n<\/td>\n<\/tr>\n<\/tbody>\n<\/table>\n<table width=\"707\" cellspacing=\"0\" cellpadding=\"7\">\n<tbody>\n<tr valign=\"top\">\n<td width=\"340\">\n<p lang=\"en-US\" align=\"left\"><span style=\"color: #000000;\"><span style=\"font-family: Arial, serif;\"><span style=\"font-size: small;\"><b>Round 2<\/b><\/span><\/span><\/span><\/p>\n<p align=\"left\"><span style=\"color: #000000;\"><img loading=\"lazy\" decoding=\"async\" class=\"alignnone wp-image-78\" src=\"https:\/\/ecole.ac-nice.fr\/antibes\/semainedeslangues\/wp-content\/uploads\/sites\/32\/2022\/03\/frida-kalho.jpg\" alt=\"\" width=\"318\" height=\"421\" \/> <\/span><\/p>\n<p lang=\"en-US\" align=\"left\"><span style=\"font-family: Arial, serif;\"><span style=\"font-size: small;\"><b>Frida Kahlo<\/b>, <u>Self-portrait wearing a velvet dress<\/u>,1926<\/span><\/span><\/p>\n<\/td>\n<td width=\"340\">\n<p lang=\"en-US\" align=\"left\"><span style=\"color: #000000;\"><span style=\"font-family: Arial, serif;\"><span style=\"font-size: medium;\"><span style=\"font-size: small;\"><b>Skript <\/b><\/span><span style=\"color: #ff0000;\"><span style=\"font-size: small;\">(l\u2019enseignant lit)<\/span><\/span><\/span><\/span><\/span><\/p>\n<p lang=\"en-US\" align=\"left\"><span style=\"font-family: Arial, serif;\"><span style=\"font-size: small;\"><i>&#8211; <u>Was siehst du diesmal?<\/u><\/i><\/span><\/span><\/p>\n<p lang=\"en-US\" align=\"left\"><span style=\"font-family: Arial, serif;\"><span style=\"font-size: small;\"><i>&#8211; <u>Ich sehe das Bild einer Frau<\/u><\/i><\/span><\/span><\/p>\n<p lang=\"en-US\" align=\"left\"><span style=\"font-family: Arial, serif;\"><span style=\"font-size: small;\"><i>&#8211; <u>Ich sehe das Meer,<\/u><\/i><\/span><\/span><\/p>\n<p lang=\"en-US\" align=\"left\"><span style=\"font-family: Arial, serif;\"><span style=\"font-size: small;\"><i>&#8211; Sie tr\u00e4gt <u>einen Bademantel aus Seide<\/u><\/i><\/span><\/span><\/p>\n<p lang=\"en-US\" align=\"left\"><span style=\"font-family: Arial, serif;\"><span style=\"font-size: small;\"><i>&#8211; <u>Ist sie allein<\/u>? Ja<\/i><\/span><\/span><\/p>\n<p lang=\"en-US\" align=\"left\"><span style=\"font-family: Arial, serif;\"><span style=\"font-size: small;\"><i>&#8211; Auf ihrem Bademantel kann ich etwas wie <u>chinesische Zeichen sehen<\/u><\/i><\/span><\/span><\/p>\n<p lang=\"en-US\" align=\"left\"><span style=\"font-family: Arial, serif;\"><span style=\"font-size: small;\"><i>-Kannst du es f\u00fcr uns zeichnen?<\/i><\/span><\/span><\/p>\n<p lang=\"en-US\" align=\"left\"><span style=\"color: #000000;\"><span style=\"font-family: Arial, serif;\"><span style=\"font-size: small;\"><i>&#8211; Ich glaube, es ist von <\/i><i><b>Frida Kahlo das <\/b><\/i><i><u><b>Selbstportr\u00e4t<\/b><\/u><\/i><\/span><\/span><\/span><\/p>\n<\/td>\n<\/tr>\n<\/tbody>\n<\/table>\n<table width=\"707\" cellspacing=\"0\" cellpadding=\"7\">\n<tbody>\n<tr valign=\"top\">\n<td width=\"340\">\n<p lang=\"en-US\" align=\"left\"><span style=\"color: #000000;\"><span style=\"font-family: Arial, serif;\"><span style=\"font-size: small;\"><b>Round 3<\/b><\/span><\/span><\/span><\/p>\n<p align=\"left\"><span style=\"color: #000000;\"><img loading=\"lazy\" decoding=\"async\" class=\"alignnone wp-image-76\" src=\"https:\/\/ecole.ac-nice.fr\/antibes\/semainedeslangues\/wp-content\/uploads\/sites\/32\/2022\/03\/frida-calo-300x295.jpg\" alt=\"\" width=\"316\" height=\"311\" srcset=\"https:\/\/ecole.ac-nice.fr\/antibes\/semainedeslangues\/wp-content\/uploads\/sites\/32\/2022\/03\/frida-calo-300x295.jpg 300w, https:\/\/ecole.ac-nice.fr\/antibes\/semainedeslangues\/wp-content\/uploads\/sites\/32\/2022\/03\/frida-calo-768x756.jpg 768w, https:\/\/ecole.ac-nice.fr\/antibes\/semainedeslangues\/wp-content\/uploads\/sites\/32\/2022\/03\/frida-calo.jpg 792w\" sizes=\"auto, (max-width: 316px) 100vw, 316px\" \/> <\/span><\/p>\n<p lang=\"en-US\" align=\"left\"><span style=\"font-family: Arial, serif;\"><span style=\"font-size: small;\"><b>Hans Holbein der J\u00fcngere<\/b>, <u>Die Gesandten<\/u>, 1533<\/span><\/span><\/p>\n<\/td>\n<td width=\"340\">\n<p lang=\"en-US\" align=\"left\"><span style=\"color: #000000;\"><span style=\"font-family: Arial, serif;\"><span style=\"font-size: small;\"><b>Skript <\/b><span style=\"color: #ff0000;\">(l\u2019enseignant lit)<\/span><\/span><\/span><\/span><\/p>\n<p lang=\"en-US\" align=\"left\"><span style=\"font-family: Arial, serif;\"><span style=\"font-size: small;\"><i>&#8211;<u>Sag mir genau , was du siehst<\/u>.<\/i><\/span><\/span><\/p>\n<p lang=\"en-US\" align=\"left\"><span style=\"font-family: Arial, serif;\"><span style=\"font-size: small;\"><i>&#8211; <u>Ich kann Piraten sehen. Sie sind zu Hause.<\/u><\/i><\/span><\/span><\/p>\n<p lang=\"en-US\" align=\"left\"><span style=\"font-family: Arial, serif;\"><span style=\"font-size: small;\"><i>&#8211; Er sieht <u>wie ein Kapt\u00e4n aus<\/u><\/i><\/span><\/span><\/p>\n<p lang=\"en-US\" align=\"left\"><span style=\"font-family: Arial, serif;\"><span style=\"font-size: small;\"><i>&#8211; <u>Wieviele Piraten gibt es?<\/u><\/i><\/span><\/span><\/p>\n<p lang=\"en-US\" align=\"left\"><span style=\"color: #000000;\"><span style=\"font-family: Arial, serif;\"><span style=\"font-size: small;\"><i>&#8211; <u>Es gibt nur zwei<\/u><\/i><\/span><\/span><\/span><\/p>\n<p lang=\"en-US\" align=\"left\"><span style=\"color: #000000;\"><span style=\"font-family: Arial, serif;\"><span style=\"font-size: small;\">-Einer tr\u00e4gt einen Pelzmantel<\/span><\/span><\/span><\/p>\n<\/td>\n<\/tr>\n<\/tbody>\n<\/table>\n<ul>\n<li>\n<p lang=\"en-US\" align=\"left\"><span style=\"color: #000000;\"><span style=\"font-family: Arial, serif;\"><span style=\"font-size: small;\">Extrait \u00e0 visionner \u201cpour le plaisir\u201d<\/span><\/span><\/span><\/p>\n<\/li>\n<\/ul>\n<table width=\"487\" cellspacing=\"0\" cellpadding=\"7\">\n<tbody>\n<tr valign=\"top\">\n<td width=\"307\" height=\"19\">\n<p align=\"left\"><a href=\"https:\/\/www.youtube.com\/watch?v=wQfkG-y3lBY\" target=\"_blank\" rel=\"noopener\"><span style=\"color: #0000ff;\"><span style=\"font-family: Arial, serif;\"><span style=\"font-size: small;\"><span lang=\"fr-FR\"><u>https:\/\/www.youtube.com\/watch?v=wQfkG-y3lBY<\/u><\/span><\/span><\/span><\/span><\/a><\/p>\n<\/td>\n<td width=\"152\">\n<p align=\"left\"><img loading=\"lazy\" decoding=\"async\" class=\"alignnone size-full wp-image-82\" src=\"https:\/\/ecole.ac-nice.fr\/antibes\/semainedeslangues\/wp-content\/uploads\/sites\/32\/2022\/03\/garcon-ecoute.png\" alt=\"\" width=\"254\" height=\"128\" \/><\/p>\n<\/td>\n<\/tr>\n<\/tbody>\n<\/table>\n<p style=\"text-align: center;\"><a href=\"https:\/\/ecole.ac-nice.fr\/antibes\/semainedeslangues\/wp-content\/uploads\/sites\/32\/2022\/03\/C2D1all.pdf\" target=\"_blank\" rel=\"noopener\">T\u00e9l\u00e9charger cette page<\/a><\/p>\n","protected":false},"excerpt":{"rendered":"<p>SEMAINE DES LANGUES du 4 au 8 avril 2022 Description d\u2019une \u0153uvre d\u2019art en langue \u00e9trang\u00e8re\u00a0: allemand Descriptif et contenu d\u00e9taill\u00e9 pour le CYCLE 2 Tag 1: Montag, 4. April Extrait vid\u00e9o \u00e0 visionner sans le son, juste pour montrer le contexte aux \u00e9l\u00e8ves https:\/\/www.youtube.com\/watch?v=A5jn4yamjec Scripts et \u00e9l\u00e9ments de langage: Certains mots ou expressions rel\u00e8vent &hellip; <a href=\"https:\/\/ecole.ac-nice.fr\/antibes\/semainedeslangues\/accueil\/allemand-c2\/allemand-c2-tag-1-4-april\/\" class=\"more-link\">Continuer la lecture de <span class=\"screen-reader-text\">Allemand C2 Tag 1, 4. April<\/span> <span class=\"meta-nav\">&rarr;<\/span><\/a><\/p>\n","protected":false},"author":26,"featured_media":0,"parent":278,"menu_order":0,"comment_status":"closed","ping_status":"closed","template":"","meta":{"footnotes":""},"class_list":["post-288","page","type-page","status-publish","hentry"],"_links":{"self":[{"href":"https:\/\/ecole.ac-nice.fr\/antibes\/semainedeslangues\/wp-json\/wp\/v2\/pages\/288","targetHints":{"allow":["GET"]}}],"collection":[{"href":"https:\/\/ecole.ac-nice.fr\/antibes\/semainedeslangues\/wp-json\/wp\/v2\/pages"}],"about":[{"href":"https:\/\/ecole.ac-nice.fr\/antibes\/semainedeslangues\/wp-json\/wp\/v2\/types\/page"}],"author":[{"embeddable":true,"href":"https:\/\/ecole.ac-nice.fr\/antibes\/semainedeslangues\/wp-json\/wp\/v2\/users\/26"}],"replies":[{"embeddable":true,"href":"https:\/\/ecole.ac-nice.fr\/antibes\/semainedeslangues\/wp-json\/wp\/v2\/comments?post=288"}],"version-history":[{"count":4,"href":"https:\/\/ecole.ac-nice.fr\/antibes\/semainedeslangues\/wp-json\/wp\/v2\/pages\/288\/revisions"}],"predecessor-version":[{"id":293,"href":"https:\/\/ecole.ac-nice.fr\/antibes\/semainedeslangues\/wp-json\/wp\/v2\/pages\/288\/revisions\/293"}],"up":[{"embeddable":true,"href":"https:\/\/ecole.ac-nice.fr\/antibes\/semainedeslangues\/wp-json\/wp\/v2\/pages\/278"}],"wp:attachment":[{"href":"https:\/\/ecole.ac-nice.fr\/antibes\/semainedeslangues\/wp-json\/wp\/v2\/media?parent=288"}],"curies":[{"name":"wp","href":"https:\/\/api.w.org\/{rel}","templated":true}]}}