{"id":255,"date":"2022-03-17T15:31:29","date_gmt":"2022-03-17T14:31:29","guid":{"rendered":"https:\/\/ecole.ac-nice.fr\/antibes\/semainedeslangues\/?page_id=255"},"modified":"2022-04-07T17:23:49","modified_gmt":"2022-04-07T15:23:49","slug":"allemand-c3-tag4-8-april","status":"publish","type":"page","link":"https:\/\/ecole.ac-nice.fr\/antibes\/semainedeslangues\/accueil\/allemand\/allemand-c3-tag4-8-april\/","title":{"rendered":"Allemand C3 Tag4, 8. April"},"content":{"rendered":"<p lang=\"en-US\" align=\"center\"><span style=\"color: #000000;\"><span style=\"font-family: Arial, serif;\"><span style=\"font-size: medium;\"><b>Tag 4: Freitag, 8. April <\/b><\/span><\/span><\/span><\/p>\n<p lang=\"en-US\" align=\"left\"><span style=\"color: #000000;\"><span style=\"font-family: Arial, serif;\"><span style=\"font-size: small;\">D\u00e9marche et entrainement identiques avec le jour 3 pour les 3 oeuvres propos\u00e9es ci-dessous<\/span><\/span><\/span><\/p>\n<table width=\"642\" cellspacing=\"0\" cellpadding=\"7\">\n<tbody>\n<tr valign=\"top\">\n<td width=\"326\">\n<p align=\"left\"><span style=\"color: #000000;\"><img loading=\"lazy\" decoding=\"async\" class=\"alignnone wp-image-181\" src=\"https:\/\/ecole.ac-nice.fr\/antibes\/semainedeslangues\/wp-content\/uploads\/sites\/32\/2022\/03\/picasso-guitariste-227x300.jpg\" alt=\"\" width=\"346\" height=\"457\" srcset=\"https:\/\/ecole.ac-nice.fr\/antibes\/semainedeslangues\/wp-content\/uploads\/sites\/32\/2022\/03\/picasso-guitariste-227x300.jpg 227w, https:\/\/ecole.ac-nice.fr\/antibes\/semainedeslangues\/wp-content\/uploads\/sites\/32\/2022\/03\/picasso-guitariste.jpg 269w\" sizes=\"auto, (max-width: 346px) 100vw, 346px\" \/> <\/span><\/p>\n<p lang=\"en-US\" align=\"left\"><span style=\"font-family: Arial, serif;\"><span style=\"font-size: small;\"><b>Picasso<\/b> <u>Der alte blinde Gitarrist<\/u> 1903<\/span><\/span><\/p>\n<\/td>\n<td width=\"288\">\n<p align=\"left\"><img loading=\"lazy\" decoding=\"async\" class=\"alignnone wp-image-179\" src=\"https:\/\/ecole.ac-nice.fr\/antibes\/semainedeslangues\/wp-content\/uploads\/sites\/32\/2022\/03\/joconde-202x300.jpg\" alt=\"\" width=\"320\" height=\"475\" srcset=\"https:\/\/ecole.ac-nice.fr\/antibes\/semainedeslangues\/wp-content\/uploads\/sites\/32\/2022\/03\/joconde-202x300.jpg 202w, https:\/\/ecole.ac-nice.fr\/antibes\/semainedeslangues\/wp-content\/uploads\/sites\/32\/2022\/03\/joconde.jpg 260w\" sizes=\"auto, (max-width: 320px) 100vw, 320px\" \/><\/p>\n<p align=\"left\"><span style=\"font-family: Arial, serif;\"><span style=\"font-size: small;\"><b>Leonardo Da Vinci,<\/b><\/span><\/span> <span style=\"font-family: Arial, serif;\"><span style=\"font-size: small;\"><u>Mona Lisa<\/u><\/span><\/span><span style=\"font-family: Arial, serif;\"><span style=\"font-size: small;\">, 1503<\/span><\/span><\/p>\n<\/td>\n<\/tr>\n<tr>\n<td colspan=\"2\" valign=\"top\" width=\"628\">\n<p align=\"left\"><span style=\"color: #000000;\"> <img loading=\"lazy\" decoding=\"async\" class=\"alignnone wp-image-183\" src=\"https:\/\/ecole.ac-nice.fr\/antibes\/semainedeslangues\/wp-content\/uploads\/sites\/32\/2022\/03\/turner-lighthouse.jpg\" alt=\"\" width=\"684\" height=\"482\" \/> <\/span><\/p>\n<p align=\"left\"><span style=\"font-family: Arial, serif;\"><span style=\"color: #000000;\"><span style=\"font-size: small;\"><b>Turner<\/b><\/span><\/span><span style=\"color: #000000;\"><span style=\"font-size: small;\">, <\/span><\/span><span style=\"color: #000000;\"><span style=\"font-size: small;\"><u>Bell Rock Leuchtturm <\/u><\/span><\/span><span style=\"color: #000000;\"><span style=\"font-size: small;\">, 1824<\/span><\/span><\/span><\/p>\n<p align=\"left\">\n<\/td>\n<\/tr>\n<\/tbody>\n<\/table>\n<p lang=\"en-US\" align=\"left\"><span style=\"color: #4f81bd;\"><span style=\"font-family: Arial, serif;\"><span style=\"font-size: medium;\"><b>Production finale<\/b><\/span><\/span><\/span><\/p>\n<p lang=\"en-US\" align=\"left\"><span style=\"color: #000000;\"><span style=\"font-family: Arial, serif;\"><span style=\"font-size: small;\">Parmi les deux \u0153uvres d\u2019art propos\u00e9es, en choisir une \u00e0 pr\u00e9senter pour le concours d\u00e9partemental<\/span><\/span><\/span><\/p>\n<table width=\"747\" cellspacing=\"0\" cellpadding=\"7\">\n<tbody>\n<tr valign=\"top\">\n<td width=\"298\">\n<p align=\"left\"><span style=\"color: #000000;\"><img loading=\"lazy\" decoding=\"async\" class=\"alignnone wp-image-182\" src=\"https:\/\/ecole.ac-nice.fr\/antibes\/semainedeslangues\/wp-content\/uploads\/sites\/32\/2022\/03\/klimt-197x300.jpg\" alt=\"\" width=\"254\" height=\"388\" srcset=\"https:\/\/ecole.ac-nice.fr\/antibes\/semainedeslangues\/wp-content\/uploads\/sites\/32\/2022\/03\/klimt-197x300.jpg 197w, https:\/\/ecole.ac-nice.fr\/antibes\/semainedeslangues\/wp-content\/uploads\/sites\/32\/2022\/03\/klimt.jpg 417w\" sizes=\"auto, (max-width: 254px) 100vw, 254px\" \/> <\/span><\/p>\n<p align=\"left\"><span style=\"font-family: Arial, serif;\"><span style=\"font-size: small;\"><b>Gustav Klimt<\/b> <u>Der Ku\u03b2<\/u> 1907<\/span><\/span><\/p>\n<\/td>\n<td width=\"421\">\n<p align=\"left\"><span style=\"color: #000000;\"><img loading=\"lazy\" decoding=\"async\" class=\"alignnone wp-image-180\" src=\"https:\/\/ecole.ac-nice.fr\/antibes\/semainedeslangues\/wp-content\/uploads\/sites\/32\/2022\/03\/bruegel-300x216.png\" alt=\"\" width=\"421\" height=\"303\" srcset=\"https:\/\/ecole.ac-nice.fr\/antibes\/semainedeslangues\/wp-content\/uploads\/sites\/32\/2022\/03\/bruegel-300x216.png 300w, https:\/\/ecole.ac-nice.fr\/antibes\/semainedeslangues\/wp-content\/uploads\/sites\/32\/2022\/03\/bruegel-768x553.png 768w, https:\/\/ecole.ac-nice.fr\/antibes\/semainedeslangues\/wp-content\/uploads\/sites\/32\/2022\/03\/bruegel.png 781w\" sizes=\"auto, (max-width: 421px) 100vw, 421px\" \/> <\/span><\/p>\n<p align=\"left\"><span style=\"font-family: Arial, serif;\"><span style=\"font-size: small;\"><b>Pieter Bruegel<\/b> <u>Der Kampf zwischen Karneval und Fasten<\/u>, 1559<\/span><\/span><\/p>\n<\/td>\n<\/tr>\n<\/tbody>\n<\/table>\n<p style=\"text-align: center;\"><a href=\"https:\/\/ecole.ac-nice.fr\/antibes\/semainedeslangues\/wp-content\/uploads\/sites\/32\/2022\/03\/C3D4all.pdf\" target=\"_blank\" rel=\"noopener\">T\u00e9l\u00e9charger cette page<\/a><\/p>\n","protected":false},"excerpt":{"rendered":"<p>Tag 4: Freitag, 8. April D\u00e9marche et entrainement identiques avec le jour 3 pour les 3 oeuvres propos\u00e9es ci-dessous Picasso Der alte blinde Gitarrist 1903 Leonardo Da Vinci, Mona Lisa, 1503 Turner, Bell Rock Leuchtturm , 1824 Production finale Parmi les deux \u0153uvres d\u2019art propos\u00e9es, en choisir une \u00e0 pr\u00e9senter pour le concours d\u00e9partemental Gustav &hellip; <a href=\"https:\/\/ecole.ac-nice.fr\/antibes\/semainedeslangues\/accueil\/allemand\/allemand-c3-tag4-8-april\/\" class=\"more-link\">Continuer la lecture de <span class=\"screen-reader-text\">Allemand C3 Tag4, 8. April<\/span> <span class=\"meta-nav\">&rarr;<\/span><\/a><\/p>\n","protected":false},"author":26,"featured_media":0,"parent":41,"menu_order":0,"comment_status":"closed","ping_status":"closed","template":"","meta":{"footnotes":""},"class_list":["post-255","page","type-page","status-publish","hentry"],"_links":{"self":[{"href":"https:\/\/ecole.ac-nice.fr\/antibes\/semainedeslangues\/wp-json\/wp\/v2\/pages\/255","targetHints":{"allow":["GET"]}}],"collection":[{"href":"https:\/\/ecole.ac-nice.fr\/antibes\/semainedeslangues\/wp-json\/wp\/v2\/pages"}],"about":[{"href":"https:\/\/ecole.ac-nice.fr\/antibes\/semainedeslangues\/wp-json\/wp\/v2\/types\/page"}],"author":[{"embeddable":true,"href":"https:\/\/ecole.ac-nice.fr\/antibes\/semainedeslangues\/wp-json\/wp\/v2\/users\/26"}],"replies":[{"embeddable":true,"href":"https:\/\/ecole.ac-nice.fr\/antibes\/semainedeslangues\/wp-json\/wp\/v2\/comments?post=255"}],"version-history":[{"count":6,"href":"https:\/\/ecole.ac-nice.fr\/antibes\/semainedeslangues\/wp-json\/wp\/v2\/pages\/255\/revisions"}],"predecessor-version":[{"id":262,"href":"https:\/\/ecole.ac-nice.fr\/antibes\/semainedeslangues\/wp-json\/wp\/v2\/pages\/255\/revisions\/262"}],"up":[{"embeddable":true,"href":"https:\/\/ecole.ac-nice.fr\/antibes\/semainedeslangues\/wp-json\/wp\/v2\/pages\/41"}],"wp:attachment":[{"href":"https:\/\/ecole.ac-nice.fr\/antibes\/semainedeslangues\/wp-json\/wp\/v2\/media?parent=255"}],"curies":[{"name":"wp","href":"https:\/\/api.w.org\/{rel}","templated":true}]}}