{"id":246,"date":"2022-03-17T15:24:56","date_gmt":"2022-03-17T14:24:56","guid":{"rendered":"https:\/\/ecole.ac-nice.fr\/antibes\/semainedeslangues\/?page_id=246"},"modified":"2022-04-06T22:23:50","modified_gmt":"2022-04-06T20:23:50","slug":"allemand-c3-tag3-7-april","status":"publish","type":"page","link":"https:\/\/ecole.ac-nice.fr\/antibes\/semainedeslangues\/accueil\/allemand\/allemand-c3-tag3-7-april\/","title":{"rendered":"Allemand C3 Tag3, 7. April"},"content":{"rendered":"<p lang=\"en-US\" align=\"center\"><span style=\"color: #000000;\"><span style=\"font-family: Arial, serif;\"><span style=\"font-size: medium;\"><b>Tag 3: Donnerstag, 7. April <\/b><\/span><\/span><\/span><\/p>\n<ul>\n<li>\n<p lang=\"en-US\"><span style=\"font-family: Arial, serif;\">Choisir un tableau parmi les 3 \u0153uvres propos\u00e9es ci dessous<\/span><\/p>\n<\/li>\n<\/ul>\n<table width=\"760\" cellspacing=\"0\" cellpadding=\"7\">\n<tbody>\n<tr valign=\"top\">\n<td width=\"355\">\n<p align=\"left\"><img loading=\"lazy\" decoding=\"async\" class=\"alignnone wp-image-164\" src=\"https:\/\/ecole.ac-nice.fr\/antibes\/semainedeslangues\/wp-content\/uploads\/sites\/32\/2022\/03\/cotman-300x179.jpg\" alt=\"\" width=\"295\" height=\"176\" srcset=\"https:\/\/ecole.ac-nice.fr\/antibes\/semainedeslangues\/wp-content\/uploads\/sites\/32\/2022\/03\/cotman-300x179.jpg 300w, https:\/\/ecole.ac-nice.fr\/antibes\/semainedeslangues\/wp-content\/uploads\/sites\/32\/2022\/03\/cotman.jpg 341w\" sizes=\"auto, (max-width: 295px) 100vw, 295px\" \/><\/p>\n<p lang=\"en-US\" align=\"left\"><span style=\"color: #000000;\"><span style=\"font-family: Arial, serif;\"><span style=\"font-size: small;\"><b>Frederick George Cotman<\/b> <u>Einer aus der Familie<\/u> 1880<\/span><\/span><\/span><\/p>\n<\/td>\n<td width=\"378\">\n<p align=\"left\"><img loading=\"lazy\" decoding=\"async\" class=\"alignnone wp-image-165\" src=\"https:\/\/ecole.ac-nice.fr\/antibes\/semainedeslangues\/wp-content\/uploads\/sites\/32\/2022\/03\/hockney-300x238.jpg\" alt=\"\" width=\"322\" height=\"255\" srcset=\"https:\/\/ecole.ac-nice.fr\/antibes\/semainedeslangues\/wp-content\/uploads\/sites\/32\/2022\/03\/hockney-300x238.jpg 300w, https:\/\/ecole.ac-nice.fr\/antibes\/semainedeslangues\/wp-content\/uploads\/sites\/32\/2022\/03\/hockney.jpg 749w\" sizes=\"auto, (max-width: 322px) 100vw, 322px\" \/><\/p>\n<p align=\"left\"><span style=\"font-family: Arial, serif;\"><span style=\"font-size: small;\"><b>David Hockney<\/b>, <u>Garrowby H\u00fcgel<\/u>, 1998<\/span><\/span><\/p>\n<\/td>\n<\/tr>\n<tr>\n<td colspan=\"2\" valign=\"top\" width=\"746\">\n<p align=\"left\"><img loading=\"lazy\" decoding=\"async\" class=\"wp-image-166 aligncenter\" src=\"https:\/\/ecole.ac-nice.fr\/antibes\/semainedeslangues\/wp-content\/uploads\/sites\/32\/2022\/03\/turner.png\" alt=\"\" width=\"447\" height=\"313\" \/><\/p>\n<p align=\"left\"><span style=\"font-size: small;\"><span style=\"font-family: Arial, serif;\"><b>William <\/b><\/span><span style=\"font-family: Arial, serif;\"><b>Turner<\/b><\/span><span style=\"font-family: Arial, serif;\">,<\/span><span style=\"font-family: Arial, serif;\"><u> Holl\u00e4ndische Schiffe in einem Sturm<\/u><\/span><span style=\"font-family: Arial, serif;\">,1801<\/span><\/span><\/p>\n<p lang=\"en-US\"><a name=\"_Hlk93061107\"><\/a><span style=\"font-family: Arial, serif;\">e d\u00e9crire collectivement d\u2019abord en fran\u00e7ais puis progressivement en allemand<\/span><\/p>\n<\/td>\n<\/tr>\n<\/tbody>\n<\/table>\n<ul>\n<li>\n<p lang=\"en-US\"><span style=\"font-family: Arial, serif;\">Le d\u00e9crire collectivement d\u2019abord en fran\u00e7ais puis progressivement en allemand<\/span><\/p>\n<\/li>\n<li><span style=\"font-family: Arial, serif;\"><span lang=\"en-US\">Utiliser le vocabulaire des champs lexicaux requis et proposer des phrases simples en s\u2019appuyant sur les \u00e9l\u00e9ments de langage et les rep\u00e8res de progressivit\u00e9 ci-dessous.<\/span><\/span><\/li>\n<\/ul>\n<ul>\n<li>\n<p lang=\"en-US\" align=\"left\"><span style=\"color: #000000;\"><span style=\"font-family: Arial, serif;\"><span style=\"font-size: medium;\">\u00c9laborer collectivement une trame de description de l\u2019\u0153uvre (mots cl\u00e9 et phrases inscrites au tableau)<\/span><\/span><\/span><\/p>\n<\/li>\n<li>\n<p lang=\"en-US\" align=\"left\"><span style=\"color: #000000;\"><span style=\"font-family: Arial, serif;\"><span style=\"font-size: medium;\">M\u00e9moriser d\u2019abord collectivement puis individuellement certains mots, certaines phrases, et les noms des artistes ainsi que les \u0153uvres d\u00e9crites<\/span><\/span><\/span><\/p>\n<\/li>\n<li>\n<p lang=\"en-US\" align=\"left\"><span style=\"color: #000000;\"><span style=\"font-family: Arial, serif;\"><span style=\"font-size: medium;\">S\u2019entrainer \u00e0 une premi\u00e8re prise de parole continue en bin\u00f4mes ou en petits groupes.<\/span><\/span><\/span><\/p>\n<\/li>\n<li>\n<p lang=\"en-US\" align=\"left\"><span style=\"color: #000000;\"><span style=\"font-family: Arial, serif;\"><span style=\"font-size: medium;\">Mettre en sc\u00e8ne cette prise de parole devant le groupe classe<\/span><\/span><\/span><\/p>\n<\/li>\n<\/ul>\n<p lang=\"en-US\"><span style=\"color: #0070c0;\"><span style=\"font-family: Arial, serif;\"><b>Champs lexicaux<\/b><\/span><\/span><\/p>\n<table width=\"671\" cellspacing=\"0\" cellpadding=\"7\">\n<tbody>\n<tr>\n<td valign=\"top\" width=\"655\" height=\"366\">\n<table width=\"511\" cellspacing=\"0\" cellpadding=\"7\">\n<tbody>\n<tr>\n<td valign=\"top\" width=\"497\" height=\"49\">\n<p lang=\"en-US\" align=\"left\"><a name=\"_GoBack\"><\/a> <span style=\"font-family: Arial, sans-serif;\"><span style=\"font-size: medium;\"><b>Formen<\/b>: das Quadrat, das Rechteck, der Kreis, das Dreieck, die Linie, chineschische Formen\u2026<\/span><\/span><\/p>\n<p align=\"left\"><span style=\"font-family: Arial, sans-serif;\"><span style=\"font-size: medium;\"><span lang=\"en-US\">&#8211; <\/span><span lang=\"en-US\"><b>Farbe<\/b><\/span><span lang=\"en-US\">: samtig, braun \u2026dunkel, hell, blass\u2026<\/span><span style=\"color: #000000;\"><span lang=\"fr-FR\"> sanft hell, unscharf (flou), dunstig(brumeux)<\/span><\/span><\/span><\/span><\/p>\n<p lang=\"en-US\" align=\"left\"><span style=\"font-family: Arial, sans-serif;\"><span style=\"font-size: medium;\">&#8211; <b>Figuren<\/b>: der Mann, die Frau, der Prinz, der K\u00f6nig, die Prinzessin,,der Junge, das M\u00e4dchen, die Familie, der Bruder, die Schwester, das Baby\u2026<\/span><\/span><\/p>\n<p align=\"left\"><span style=\"font-family: Arial, sans-serif;\"><span style=\"font-size: medium;\"><span lang=\"en-US\">&#8211; <\/span><span lang=\"en-US\"><b>Landschaft Beschreibung<\/b><\/span><span style=\"color: #000000;\"><span lang=\"fr-FR\"> (description<\/span><\/span><span lang=\"fr-FR\">)\u00a0:<\/span><span style=\"color: #000000;\"><span lang=\"fr-FR\"> verchiedene Sichtpunkte, verschiedene Rahmungen, verschiedene Farben, im Vordergrund, im Hintergrund, die Horizontlinie (ligne d\u2019horizon) der Rahmen (le cadre), die Farbtube, <\/span><\/span><span style=\"color: #000000;\"><span lang=\"fr-FR\">das Aquarell, die Meereslandschaft (marine sans bateau), die Marinemalerei (marine avec bateau), der Horizont (l\u2019horizon), der Leuchtturm, der H\u00fcgel, das Haus, der Schiff, segeln, das Meer, der Ozean, der Sturm, die Wellen, die Wolke, der Hund<\/span><\/span> <\/span><\/span><\/p>\n<p align=\"left\"><span style=\"font-family: Arial, sans-serif;\"><span style=\"font-size: medium;\"><span lang=\"en-US\">&#8211; <\/span><span lang=\"en-US\"><b>Kleider<\/b><\/span><span lang=\"en-US\">: das Kleid, der Bademantel, der Kimono, der Schal, die Schuhen, der Hut, <\/span><span style=\"color: #000000;\"><span lang=\"fr-FR\">der Anzug (costume), ein langes Klied, ein Hut mit Federn, die Stola (une \u00e9tole)<\/span><\/span><\/span><\/span><\/p>\n<p align=\"left\"><span style=\"font-family: Arial, sans-serif;\"><span style=\"font-size: medium;\"><span lang=\"en-US\">&#8211; das <\/span><span lang=\"en-US\"><b>Portrait: <\/b><\/span><span style=\"color: #000000;\"><span lang=\"fr-FR\">Vorderanscicht, ein Profil-Portr\u00e4t, dreiviertelansicht, Ganzfigur (en pied), B\u00fcste (en buste) \u2026<\/span><\/span><\/span><\/span><\/p>\n<p align=\"left\"><span style=\"font-family: Arial, sans-serif;\"><span style=\"font-size: medium;\"><span lang=\"en-US\">&#8211; <\/span><span lang=\"en-US\"><b>Objekte<\/b><\/span><span lang=\"en-US\">: der Stuhl, der Tisch, die Tapete, die T\u00fcr, das Haus, die M\u00f6bel\u2026, das Blatt, die Bl\u00e4tter<\/span><span style=\"color: #000000;\"><span lang=\"fr-FR\"> (feuille\/feuilles), der Korb, die Kante (corniche, rebord), (pichet), Still life (nature morte), das Zinn (\u00e9tain),die Fr\u00fcchte<\/span><\/span><span lang=\"en-US\"> fruits <\/span><span style=\"color: #000000;\"><span lang=\"fr-FR\">(der Apfel, die Ananas, die Trauben, die Melone, die Birne die Kirsche, der Kirschbaum <\/span><\/span><span lang=\"en-US\">\u2026<\/span><\/span><\/span><\/p>\n<p lang=\"en-US\" align=\"left\"><span style=\"font-family: Arial, sans-serif;\"><span style=\"font-size: medium;\">&#8211; <b>Adjektive<\/b>: klein, gro\u03b2, d\u00fcnn, dick, jung, alt, ernst h\u00fcbsch, sch\u00f6n, h\u00e4\u03b2lich \u2026<\/span><\/span><\/p>\n<p lang=\"en-US\" align=\"left\"><span style=\"font-family: Arial, sans-serif;\"><span style=\"font-size: medium;\">&#8211; <b>Gef\u00fchle<\/b>: b\u00f6se, traurig, stolz, froh, \u00fcberrascht, \u00e4nglstlich \u2026<\/span><\/span><\/p>\n<p lang=\"en-US\" align=\"left\"><span style=\"font-family: Arial, sans-serif;\"><span style=\"font-size: medium;\">&#8211; <b>Positionen<\/b>: auf der rechten\/linken Seite, oben, unten, im Vordergrund, im Hintergrund, neben, zwischen, vor\u2026<\/span><\/span><\/p>\n<p lang=\"en-US\" align=\"left\"><span style=\"font-family: Arial, sans-serif;\"><span style=\"font-size: medium;\">&#8211; <b>Meinungs\u00e4u\u03b2erungen<\/b>: Ich glaube, ich f\u00fchle, ich habe gew\u00e4hlt, ich verstehe nicht, ich mag\/ ich mag nicht, ich bin einverstanden\/ ich bin nicht einverstanden<i>\u2026<\/i><\/span><\/span><\/p>\n<p lang=\"en-US\" align=\"left\"><span style=\"font-family: Arial, sans-serif;\"><span style=\"font-size: medium;\">&#8211; <b>Aktionen und Beschreibungen<\/b>: Ich kann \u2026 sehen, es gibt, er\/sie steht, sitzt, schl\u00e4ft, l\u00e4chelt, schaut\u2026.<\/span><\/span><\/p>\n<p><span style=\"color: #000000;\"><span style=\"font-family: Arial, sans-serif;\"><span style=\"font-size: medium;\">Dieses Kunstwerk ist Aquarell auf Papier. <\/span><\/span><\/span><\/p>\n<p><span style=\"color: #000000;\"><span style=\"font-family: Arial, sans-serif;\"><span style=\"font-size: medium;\">Es ist eine Meereslandschaft <\/span><\/span><\/span><\/p>\n<p><span style=\"color: #000000;\"><span style=\"font-family: Arial, sans-serif;\"><span style=\"font-size: medium;\">Ich kann einen Hund auf dem Strand sehen. <\/span><\/span><\/span><\/p>\n<p lang=\"en-US\" align=\"left\"><span style=\"color: #000000;\"><span style=\"font-family: Arial, sans-serif;\"><span style=\"font-size: medium;\">Ich sehe einen Leuchtturm auf dem H\u00fcgel. Es gibt ein Haus neben dem Leuchtturm.<\/span><\/span><\/span><\/p>\n<\/td>\n<\/tr>\n<\/tbody>\n<\/table>\n<\/td>\n<\/tr>\n<\/tbody>\n<\/table>\n<p><span style=\"color: #0070c0;\"><span style=\"font-family: Arial, serif;\"><b>Rep\u00e8res de progressivit\u00e9 et \u00e9l\u00e9ments de langage<\/b><\/span><\/span><\/p>\n<table width=\"671\" cellspacing=\"0\" cellpadding=\"7\">\n<tbody>\n<tr valign=\"top\">\n<td style=\"background: #dbe5f1;\" bgcolor=\"#dbe5f1\" width=\"257\" height=\"15\">\n<p align=\"left\"><span style=\"color: #ff0000;\"><span style=\"font-family: Arial, serif;\"><span style=\"font-size: small;\"><b>A1 <\/b><\/span><\/span><\/span><\/p>\n<\/td>\n<td style=\"background: #dbe5f1;\" bgcolor=\"#dbe5f1\" width=\"384\">\n<p align=\"left\"><span style=\"font-family: Arial, serif;\"><span style=\"font-size: small;\"><i><b>Exemples d\u2019\u00e9l\u00e9ments de langage <\/b><\/i><\/span><\/span><\/p>\n<\/td>\n<\/tr>\n<tr valign=\"top\">\n<td style=\"background: #ffffff;\" bgcolor=\"#ffffff\" width=\"257\">\n<p align=\"left\"><span style=\"font-family: Arial, serif;\"><span style=\"font-size: small;\">L\u2019\u00e9l\u00e8ve est capable de\u00a0<\/span><\/span><\/p>\n<p align=\"left\"><span style=\"font-family: Arial, serif;\"><span style=\"font-size: small;\">&#8211; S\u2019appuyer sur les indices visuels pour identifier la nature du document et le th\u00e8me central du support et pour comprendre partiellement la description physique des personnages<\/span><\/span><\/p>\n<\/td>\n<td style=\"background: #ffffff;\" bgcolor=\"#ffffff\" width=\"384\">\n<p lang=\"en-US\" align=\"left\"><span style=\"font-family: Arial, serif;\"><span style=\"font-size: small;\"><i>Alle Bilder zeigen eine Famile \/ Der K\u00fcnstler zeigt Familien<\/i><\/span><\/span><\/p>\n<p lang=\"en-US\" align=\"left\"><span style=\"font-family: Arial, serif;\"><span style=\"font-size: small;\"><i>Auf dem Bild kann man eine Mutter, ein kleines M\u00e4dchen, ein Junge un ein Baby sehen,<\/i><\/span><\/span><\/p>\n<p lang=\"en-US\" align=\"left\"><span style=\"font-family: Arial, serif;\"><span style=\"font-size: small;\"><i>Die Familienmitglieder<\/i><\/span><\/span><\/p>\n<p lang=\"en-US\" align=\"left\"><span style=\"font-family: Arial, serif;\"><span style=\"font-size: small;\"><i>Dunkele Kleider, tr\u00fcbe Atmosph\u00e4re<\/i><\/span><\/span><\/p>\n<p lang=\"en-US\" align=\"left\"><span style=\"font-family: Arial, serif;\"><span style=\"font-size: small;\"><i>Schmutzige Kleider, ein braunes Kleid mit einem Loch<\/i><\/span><\/span><\/p>\n<p lang=\"en-US\" align=\"left\"><span style=\"font-family: Arial, serif;\"><span style=\"font-size: small;\"><i>Sie tr\u00e4gt das Kind in ihren Armen, sie sitzt auf der Stra\u03b2e, sie steht neben\u2026<\/i><\/span><\/span><\/p>\n<p lang=\"en-US\" align=\"left\"><span style=\"font-family: Arial, serif;\"><span style=\"font-size: small;\"><i>Manche Leute auf der Strasse<\/i><\/span><\/span><\/p>\n<p lang=\"en-US\" align=\"left\"><span style=\"font-family: Arial, serif;\"><span style=\"font-size: small;\"><i>Der Regenschirm, ein Korb voller Blumen<\/i><\/span><\/span><\/p>\n<\/td>\n<\/tr>\n<tr valign=\"top\">\n<td style=\"background: #ffffff;\" bgcolor=\"#ffffff\" width=\"257\">\n<p align=\"left\"><span style=\"font-family: Arial, serif;\"><span style=\"font-size: small;\">L\u2019\u00e9l\u00e8ve est capable de\u00a0 <\/span><\/span><\/p>\n<p align=\"left\"><span style=\"font-family: Arial, serif;\"><span style=\"font-size: small;\">&#8211; Rep\u00e9rer des informations isol\u00e9es, ou r\u00e9p\u00e9t\u00e9es plusieurs fois<\/span><\/span><\/p>\n<p align=\"left\"><span style=\"font-family: Arial, serif;\"><span style=\"font-size: small;\">&#8211; Comprendre l\u2019atmosph\u00e8re g\u00e9n\u00e9rale<\/span><\/span><\/p>\n<\/td>\n<td style=\"background: #ffffff;\" bgcolor=\"#ffffff\" width=\"384\">\n<p lang=\"en-US\" align=\"left\"><span style=\"font-family: Arial, serif;\"><span style=\"font-size: small;\"><i>Sie sieht ungl\u00fccklich aus<\/i><\/span><\/span><\/p>\n<p lang=\"en-US\" align=\"left\"><span style=\"font-family: Arial, serif;\"><span style=\"font-size: small;\"><i>Die Familie befindet sich in Schwierigkeiten, kein Geld f\u00fcr Lebensmittel, die Liebe, die Traurigkeit<\/i><\/span><\/span><\/p>\n<p lang=\"en-US\" align=\"left\"><span style=\"font-family: Arial, serif;\"><span style=\"font-size: small;\"><i>Sie sehen traurig aus. Ich habe Mitleid mit\u2026<\/i><\/span><\/span><\/p>\n<p lang=\"en-US\" align=\"left\"><span style=\"font-family: Arial, serif;\"><span style=\"font-size: small;\"><i>Die allgemeine Stimmung. Im Regen<\/i><\/span><\/span><\/p>\n<\/td>\n<\/tr>\n<tr valign=\"top\">\n<td style=\"background: #ffffff;\" bgcolor=\"#ffffff\" width=\"257\">\n<p align=\"left\"><span style=\"font-family: Arial, serif;\"><span style=\"font-size: small;\">L\u2019\u00e9l\u00e8ve est capable de<\/span><\/span><\/p>\n<p align=\"left\"><span style=\"font-family: Arial, serif;\"><span style=\"font-size: small;\">&#8211; Reconna\u00eetre quelques r\u00e9f\u00e9rences culturelles visibles\u00a0: r\u00f4le des couleurs et lien entre couleur et atmosph\u00e8re<\/span><\/span><\/p>\n<\/td>\n<td style=\"background: #ffffff;\" bgcolor=\"#ffffff\" width=\"384\">\n<p lang=\"en-US\" align=\"left\"><span style=\"font-family: Arial, serif;\"><span style=\"font-size: small;\"><i>Alle Farben sind dunkel, au\u03b2er\u2026<\/i><\/span><\/span><\/p>\n<p lang=\"en-US\" align=\"left\"><span style=\"font-family: Arial, serif;\"><span style=\"font-size: small;\"><i>Bunte Farben, die Symbol f\u00fcr Hoffnung und Liebe sind <\/i><\/span><\/span><\/p>\n<p lang=\"en-US\" align=\"left\"><span style=\"font-family: Arial, serif;\"><span style=\"font-size: small;\"><i>Seine Kleider sind schmutzig<\/i><\/span><\/span><\/p>\n<p lang=\"en-US\" align=\"left\"><span style=\"font-family: Arial, serif;\"><span style=\"font-size: small;\"><i>Schmutzige Kleider, ein braunes Kleid mit einem Loch,<\/i><\/span><\/span><\/p>\n<p lang=\"en-US\" align=\"left\"><span style=\"font-family: Arial, serif;\"><span style=\"font-size: small;\"><i>Ein langer, schwarzer Rock, ein braunes Cape, ein schwarzer Hut\u2026<\/i><\/span><\/span><\/p>\n<\/td>\n<\/tr>\n<\/tbody>\n<\/table>\n<table width=\"671\" cellspacing=\"0\" cellpadding=\"7\">\n<tbody>\n<tr valign=\"top\">\n<td style=\"background: #dbe5f1;\" bgcolor=\"#dbe5f1\" width=\"98\" height=\"11\">\n<p align=\"left\"><span style=\"color: #ff0000;\"><span style=\"font-family: Arial, serif;\"><span style=\"font-size: small;\"><b>A2\u00a0<\/b><\/span><\/span><\/span><\/p>\n<\/td>\n<td style=\"background: #dbe5f1;\" colspan=\"4\" bgcolor=\"#dbe5f1\" width=\"543\">\n<p align=\"left\"><span style=\"font-family: Arial, serif;\"><span style=\"font-size: small;\"><b>Exemples progressifs d\u2019\u00e9l\u00e9ments de langage <\/b><\/span><\/span><\/p>\n<\/td>\n<\/tr>\n<tr>\n<td style=\"background: #ffffff;\" bgcolor=\"#ffffff\" width=\"98\" height=\"48\">\n<p align=\"left\"><span style=\"font-family: Arial, serif;\"><span style=\"font-size: small;\">L\u2019\u00e9l\u00e8ve est capable de donner des informations factuelles sur l\u2019\u0153uvre d\u2019art pr\u00e9sent\u00e9e\u00a0: titre, genre, origine, th\u00e8me voire \u00e9ventuellement courant auquel l\u2019\u0153uvre appartient<\/span><\/span><\/p>\n<\/td>\n<td style=\"background: #ffffff;\" bgcolor=\"#ffffff\" width=\"61\">\n<p lang=\"en-US\" align=\"left\"><span style=\"font-family: Arial, serif;\"><span style=\"font-size: small;\"><i>Der Titel ist\u2026<\/i><\/span><\/span><\/p>\n<p lang=\"en-US\" align=\"left\"><span style=\"font-family: Arial, serif;\"><span style=\"font-size: small;\"><i>Der Maler hei\u03b2t\u2026<\/i><\/span><\/span><\/p>\n<p lang=\"en-US\" align=\"left\"><span style=\"font-family: Arial, serif;\"><span style=\"font-size: small;\"><i>Ich sehe eine Familie<\/i><\/span><\/span><\/p>\n<p lang=\"en-US\" align=\"left\"><span style=\"font-family: Arial, serif;\"><span style=\"font-size: small;\"><i>Ich sehe drei Kinder\u2026<\/i><\/span><\/span><\/p>\n<\/td>\n<td style=\"background: #ffffff;\" bgcolor=\"#ffffff\" width=\"91\">\n<p lang=\"en-US\" align=\"left\"><span style=\"font-family: Arial, serif;\"><span style=\"font-size: small;\"><i>Ich kann Familien und Leute sehen.<\/i><\/span><\/span><\/p>\n<p lang=\"en-US\" align=\"left\"><span style=\"font-family: Arial, serif;\"><span style=\"font-size: small;\"><i>Die Mutter tr\u00e4gt ein langes Band<\/i><\/span><\/span><\/p>\n<p lang=\"en-US\" align=\"left\"><span style=\"font-family: Arial, serif;\"><span style=\"font-size: small;\"><i>Der Vater sitzt auf einem Sofa\u2026<\/i><\/span><\/span><\/p>\n<p lang=\"en-US\" align=\"left\"><span style=\"font-family: Arial, serif;\"><span style=\"font-size: small;\"><i>Eine Katze sitzt auf dem Stuhl\u2026<\/i><\/span><\/span><\/p>\n<\/td>\n<td style=\"background: #ffffff;\" bgcolor=\"#ffffff\" width=\"116\">\n<p lang=\"en-US\" align=\"left\"><span style=\"font-family: Arial, serif;\"><span style=\"font-size: small;\"><i>Der Titel ist \u2026. Der K\u00fcnstler ist Norman Rockwell.<\/i><\/span><\/span><\/p>\n<p lang=\"en-US\" align=\"left\"><span style=\"font-family: Arial, serif;\"><span style=\"font-size: small;\"><i>Nein, es ist kein Foto! Es ist ein Gem\u00e4lde! Ich kann es sehen weil\u2026.<\/i><\/span><\/span><\/p>\n<p lang=\"en-US\" align=\"left\"><span style=\"font-family: Arial, serif;\"><span style=\"font-size: small;\"><i>Die T\u00f6chter sind gl\u00fcclich. Sie spielen auf dem Teppich.<\/i><\/span><\/span><\/p>\n<p lang=\"en-US\" align=\"left\"><span style=\"font-family: Arial, serif;\"><span style=\"font-size: small;\"><i>Im Vordergrund, im Hintergrund k\u00f6nnen wir \u2026 sehen \u2026 Der Junge steht neben\u2026,<\/i><\/span><\/span><\/p>\n<p lang=\"en-US\" align=\"left\"><span style=\"font-family: Arial, serif;\"><span style=\"font-size: small;\"><i>Die Mutter tr\u00e4gt ihr Kind in ihren Armen\u2026<\/i><\/span><\/span><\/p>\n<\/td>\n<td style=\"background: #ffffff;\" bgcolor=\"#ffffff\" width=\"233\">\n<p lang=\"en-US\" align=\"left\"><span style=\"font-family: Arial, serif;\"><span style=\"font-size: small;\"><i>Dieses Gem\u00e4lde ist von Norman Rockwell und wir k\u00f6nnen es im Museum von Chicago sehen.<\/i><\/span><\/span><\/p>\n<p lang=\"en-US\" align=\"left\"><span style=\"font-family: Arial, serif;\"><span style=\"font-size: small;\"><i>Es geht um Familien \/ Kinder \/ Leute.<\/i><\/span><\/span><\/p>\n<p lang=\"en-US\" align=\"left\"><span style=\"font-family: Arial, serif;\"><span style=\"font-size: small;\"><i>Dieses Bild zeigt Kinder, die auf dem Boden spielen<\/i><\/span><\/span><\/p>\n<p lang=\"en-US\" align=\"left\"><span style=\"font-family: Arial, serif;\"><span style=\"font-size: small;\"><i>Die Kinder stehen bei ihren Eltern<\/i><\/span><\/span><\/p>\n<p lang=\"en-US\" align=\"left\"><span style=\"font-family: Arial, serif;\"><span style=\"font-size: small;\"><i>Der Mann und die Frau sitzen am Tisch un trinken<\/i><\/span><\/span><\/p>\n<p lang=\"en-US\" align=\"left\"><span style=\"font-family: Arial, serif;\"><span style=\"font-size: small;\"><i>Die Mutter sitzt auf einem orangefarbenen Stuhl. Sie ist gro\u03b2und tr\u00e4gt ein langes graues Kleid mit einem wei\u03b2en Kragen. <\/i><\/span><\/span><\/p>\n<p lang=\"en-US\" align=\"left\"><span style=\"font-family: Arial, serif;\"><span style=\"font-size: small;\"><i>Im Hintergrund gibt es einen roten Vorhang und auch Blumen\u2026<\/i><\/span><\/span><\/p>\n<p lang=\"en-US\" align=\"left\"><span style=\"font-family: Arial, serif;\"><span style=\"font-size: small;\"><i>Im Vordergrund kann man \u2026 sehen\u2026<\/i><\/span><\/span><\/p>\n<p lang=\"en-US\" align=\"left\"><span style=\"font-family: Arial, serif;\"><span style=\"font-size: small;\"><i>Der Junge steht neben,<\/i><\/span><\/span><\/p>\n<p lang=\"en-US\" align=\"left\"><span style=\"font-family: Arial, serif;\"><span style=\"font-size: small;\"><i>Die Mutter tr\u00e4gt ihr Kind in den Armen\u2026<\/i><\/span><\/span><\/p>\n<\/td>\n<\/tr>\n<\/tbody>\n<\/table>\n<table width=\"671\" cellspacing=\"0\" cellpadding=\"7\">\n<tbody>\n<tr>\n<td style=\"background: #ffffff;\" bgcolor=\"#ffffff\" width=\"155\" height=\"28\">\n<p align=\"left\"><span style=\"font-family: Arial, serif;\"><span style=\"font-size: small;\">L\u2019\u00e9l\u00e8ve est capable de r\u00e9pondre aux questions pos\u00e9es en utilisant un vocabulaire limit\u00e9 et des structures grammaticales simples<\/span><\/span><\/p>\n<p align=\"left\"><span style=\"font-family: Arial, serif;\"><span style=\"font-size: small;\">Il fournit des renseignements pr\u00e9cis sur l\u2019\u0153uvre \u00e9tudi\u00e9e. (titre, genre, origine, courant artistique auquel l\u2019\u0153uvre appartient)<\/span><\/span><\/p>\n<\/td>\n<td style=\"background: #ffffff;\" bgcolor=\"#ffffff\" width=\"213\">\n<p lang=\"en-US\" align=\"left\"><span style=\"font-family: Arial, serif;\"><span style=\"font-size: small;\"><i>Dieses Gem\u00e4lde ist von Norman Rockwell.<\/i><\/span><\/span><\/p>\n<p lang=\"en-US\" align=\"left\"><span style=\"font-family: Arial, serif;\"><span style=\"font-size: small;\"><i>Es geht um Familien \/ Kinder \/ Leute.<\/i><\/span><\/span><\/p>\n<p lang=\"en-US\" align=\"left\"><span style=\"font-family: Arial, serif;\"><span style=\"font-size: small;\"><i>die Kinder spielen auf dem Boden.<\/i><\/span><\/span><\/p>\n<p lang=\"en-US\" align=\"left\"><span style=\"font-family: Arial, serif;\"><span style=\"font-size: small;\"><i>Die Kinder stehen bei ihren Eltern<\/i><\/span><\/span><\/p>\n<p lang=\"en-US\" align=\"left\"><span style=\"font-family: Arial, serif;\"><span style=\"font-size: small;\"><i>Der Mann und die Frau sitzen am Tisch un trinken.<\/i><\/span><\/span><\/p>\n<p lang=\"en-US\" align=\"left\"><span style=\"font-family: Arial, serif;\"><span style=\"font-size: small;\"><i>Die Mutter sitzt auf einem orangefarbenen Stuhl.<\/i><\/span><\/span><\/p>\n<p lang=\"en-US\" align=\"left\"><span style=\"font-family: Arial, serif;\"><span style=\"font-size: small;\"><i>Sie ist gro\u03b2 und tr\u00e4gt ein langes graues Kleid mit einem weis\u03b2en Kragen. <\/i><\/span><\/span><\/p>\n<p lang=\"en-US\" align=\"left\"><span style=\"font-family: Arial, serif;\"><span style=\"font-size: small;\"><i>Im Hintergrund gibt es einen roten Vorhang und auch Blumen.<\/i><\/span><\/span><\/p>\n<\/td>\n<td style=\"background: #ffffff;\" bgcolor=\"#ffffff\" width=\"259\">\n<p lang=\"en-US\" align=\"left\"><span style=\"font-family: Arial, serif;\"><span style=\"font-size: small;\"><i>Der K\u00fcnstler ist &#8230;\/ der K\u00fcnstler war \u2026<\/i><\/span><\/span><\/p>\n<p lang=\"en-US\" align=\"left\"><span style=\"font-family: Arial, serif;\"><span style=\"font-size: small;\"><i>Er ist \/ er war einen amerikanischen K\u00fcnstler.Er wurde geboren in 1923 und hat dieses Bild gemalt als er 23 Jahre alt war.<\/i><\/span><\/span><\/p>\n<p lang=\"en-US\" align=\"left\"><span style=\"font-family: Arial, serif;\"><span style=\"font-size: small;\"><i>Nein, er war kein Photograph, aber er war ein Illustrator und auch ein Schriftsteller.<\/i><\/span><\/span><\/p>\n<p lang=\"en-US\" align=\"left\"><span style=\"font-family: Arial, serif;\"><span style=\"font-size: small;\"><i>Er wollte \u2026 zeigen\u2026 <\/i><\/span><\/span><\/p>\n<p lang=\"en-US\" align=\"left\"><span style=\"font-family: Arial, serif;\"><span style=\"font-size: small;\"><i>Sie k\u00f6nnen dieses Bild im Museum von Chicago sehen und auch im MOMA.<\/i><\/span><\/span><\/p>\n<p lang=\"en-US\" align=\"left\"><span style=\"font-family: Arial, serif;\"><span style=\"font-size: small;\"><i>Es ist eine realistische Malerei.<\/i><\/span><\/span><\/p>\n<p lang=\"en-US\" align=\"left\"><span style=\"font-family: Arial, serif;\"><span style=\"font-size: small;\"><i>Ich werde jetzt eine von diesen Bildern beschreiben.<\/i><\/span><\/span><\/p>\n<p lang=\"en-US\" align=\"left\"><span style=\"font-family: Arial, serif;\"><span style=\"font-size: small;\"><i>Auf diesem Bild habe ich\u2026 gew\u00e4hlt. Wir k\u00f6nnen\u2026 sehen.<\/i><\/span><\/span><\/p>\n<\/td>\n<\/tr>\n<tr>\n<td style=\"background: #ffffff;\" bgcolor=\"#ffffff\" width=\"155\" height=\"49\">\n<p align=\"left\"><span style=\"font-family: Arial, serif;\"><span style=\"font-size: small;\">L\u2019\u00e9l\u00e8ve est capable de donner, clarifier son opinion, r\u00e9expliquer un choix<\/span><\/span><\/p>\n<\/td>\n<td style=\"background: #ffffff;\" bgcolor=\"#ffffff\" width=\"213\">\n<p lang=\"en-US\" align=\"left\"><span style=\"font-family: Arial, serif;\"><span style=\"font-size: small;\"><i>Ich mag dieses Bild weil es lustig\/breit\/ sch\u00f6n \u2026ist<\/i><\/span><\/span><\/p>\n<p lang=\"en-US\" align=\"left\"><span style=\"font-family: Arial, serif;\"><span style=\"font-size: small;\"><i>Ich mag es nicht, weil es traurig ist, die Stimmung ist traurig\u2026<\/i><\/span><\/span><\/p>\n<\/td>\n<td style=\"background: #ffffff;\" bgcolor=\"#ffffff\" width=\"259\">\n<p lang=\"en-US\" align=\"left\"><span style=\"font-family: Arial, serif;\"><span style=\"font-size: small;\"><i>Wie gesagt habe ich diese Bild gew\u00e4hlt weil es lustig ist<\/i><\/span><\/span><\/p>\n<p lang=\"en-US\" align=\"left\"><span style=\"font-family: Arial, serif;\"><span style=\"font-size: small;\"><i>Es erinnert mich an\u2026 <\/i><\/span><\/span><\/p>\n<p lang=\"en-US\" align=\"left\"><span style=\"font-family: Arial, serif;\"><span style=\"font-size: small;\"><i>Es macht mich gl\u00fccklich\u2026. Ich glaube, dises Bild ist ziemlich interessant weil\u2026. <\/i><\/span><\/span><\/p>\n<p lang=\"en-US\" align=\"left\"><span style=\"font-family: Arial, serif;\"><span style=\"font-size: small;\"><i>Ich meine\u2026 <\/i><\/span><\/span><\/p>\n<p lang=\"en-US\" align=\"left\"><span style=\"font-family: Arial, serif;\"><span style=\"font-size: small;\"><i>Der K\u00fcnstler hat Talent weil\u2026.<\/i><\/span><\/span><\/p>\n<p lang=\"en-US\" align=\"left\"><span style=\"font-family: Arial, serif;\"><span style=\"font-size: small;\"><i>Ich habe dieses Bild gew\u00e4hlt weil man die Liebe zwischen\u2026 sehen kann<\/i><\/span><\/span><\/p>\n<p lang=\"en-US\" align=\"left\"><span style=\"font-family: Arial, serif;\"><span style=\"font-size: small;\"><i>Ich glaube, der K\u00fcnstler wollte, da\u03b2 wir uns \u2026 f\u00fchlen<\/i><\/span><\/span><\/p>\n<\/td>\n<\/tr>\n<tr>\n<td style=\"background: #ffffff;\" bgcolor=\"#ffffff\" width=\"155\" height=\"76\">\n<p align=\"left\"><span style=\"font-family: Arial, serif;\"><span style=\"font-size: small;\">L\u2019\u00e9l\u00e8ve est capable d\u2019exprimer son accord ou son d\u00e9saccord<\/span><\/span><\/p>\n<\/td>\n<td style=\"background: #ffffff;\" bgcolor=\"#ffffff\" width=\"213\">\n<p lang=\"en-US\" align=\"left\"><span style=\"font-family: Arial, serif;\"><span style=\"font-size: small;\">I<i>ch bin mit Ihnen einverstanden<\/i><\/span><\/span><\/p>\n<p lang=\"en-US\" align=\"left\"><span style=\"font-family: Arial, serif;\"><span style=\"font-size: small;\"><i>Ich bin mit Ihnen nicht einverstanden! Ich kann nicht einstimmen! Unsinn! Ich glaube nicht.<\/i><\/span><\/span><\/p>\n<\/td>\n<td style=\"background: #ffffff;\" bgcolor=\"#ffffff\" width=\"259\">\n<p lang=\"en-US\" align=\"left\"><span style=\"font-family: Arial, serif;\"><span style=\"font-size: small;\"><i>Ich bin mit Ihnen ganz einverstanden.<\/i><\/span><\/span><\/p>\n<p lang=\"en-US\" align=\"left\"><span style=\"font-family: Arial, serif;\"><span style=\"font-size: small;\"><i>Ich bin ganz Ihrer Meinung<\/i><\/span><\/span><\/p>\n<p lang=\"en-US\" align=\"left\"><span style=\"font-family: Arial, serif;\"><span style=\"font-size: small;\"><i>Ich bin v\u00f6llig anderer Meinung .<\/i><\/span><\/span><\/p>\n<p lang=\"en-US\" align=\"left\"><a name=\"_Hlk92707354\"><\/a> <span style=\"font-family: Arial, serif;\"><span style=\"font-size: small;\"><i>Ich bin nicht einverstanden. <\/i><\/span><\/span><\/p>\n<p lang=\"en-US\" align=\"left\"><span style=\"font-family: Arial, serif;\"><span style=\"font-size: small;\"><i>Wir haben nicht die gleichen Gef\u00fchle\/ Meinungen\/ Ideen<\/i><\/span><\/span><\/p>\n<\/td>\n<\/tr>\n<\/tbody>\n<\/table>\n<p style=\"text-align: center;\"><a href=\"https:\/\/ecole.ac-nice.fr\/antibes\/semainedeslangues\/wp-content\/uploads\/sites\/32\/2022\/03\/C3D3all.pdf\" target=\"_blank\" rel=\"noopener\">T\u00e9l\u00e9charger cette page<\/a><\/p>\n","protected":false},"excerpt":{"rendered":"<p>Tag 3: Donnerstag, 7. April Choisir un tableau parmi les 3 \u0153uvres propos\u00e9es ci dessous Frederick George Cotman Einer aus der Familie 1880 David Hockney, Garrowby H\u00fcgel, 1998 William Turner, Holl\u00e4ndische Schiffe in einem Sturm,1801 e d\u00e9crire collectivement d\u2019abord en fran\u00e7ais puis progressivement en allemand Le d\u00e9crire collectivement d\u2019abord en fran\u00e7ais puis progressivement en allemand &hellip; <a href=\"https:\/\/ecole.ac-nice.fr\/antibes\/semainedeslangues\/accueil\/allemand\/allemand-c3-tag3-7-april\/\" class=\"more-link\">Continuer la lecture de <span class=\"screen-reader-text\">Allemand C3 Tag3, 7. April<\/span> <span class=\"meta-nav\">&rarr;<\/span><\/a><\/p>\n","protected":false},"author":26,"featured_media":0,"parent":41,"menu_order":0,"comment_status":"closed","ping_status":"closed","template":"","meta":{"footnotes":""},"class_list":["post-246","page","type-page","status-publish","hentry"],"_links":{"self":[{"href":"https:\/\/ecole.ac-nice.fr\/antibes\/semainedeslangues\/wp-json\/wp\/v2\/pages\/246","targetHints":{"allow":["GET"]}}],"collection":[{"href":"https:\/\/ecole.ac-nice.fr\/antibes\/semainedeslangues\/wp-json\/wp\/v2\/pages"}],"about":[{"href":"https:\/\/ecole.ac-nice.fr\/antibes\/semainedeslangues\/wp-json\/wp\/v2\/types\/page"}],"author":[{"embeddable":true,"href":"https:\/\/ecole.ac-nice.fr\/antibes\/semainedeslangues\/wp-json\/wp\/v2\/users\/26"}],"replies":[{"embeddable":true,"href":"https:\/\/ecole.ac-nice.fr\/antibes\/semainedeslangues\/wp-json\/wp\/v2\/comments?post=246"}],"version-history":[{"count":11,"href":"https:\/\/ecole.ac-nice.fr\/antibes\/semainedeslangues\/wp-json\/wp\/v2\/pages\/246\/revisions"}],"predecessor-version":[{"id":381,"href":"https:\/\/ecole.ac-nice.fr\/antibes\/semainedeslangues\/wp-json\/wp\/v2\/pages\/246\/revisions\/381"}],"up":[{"embeddable":true,"href":"https:\/\/ecole.ac-nice.fr\/antibes\/semainedeslangues\/wp-json\/wp\/v2\/pages\/41"}],"wp:attachment":[{"href":"https:\/\/ecole.ac-nice.fr\/antibes\/semainedeslangues\/wp-json\/wp\/v2\/media?parent=246"}],"curies":[{"name":"wp","href":"https:\/\/api.w.org\/{rel}","templated":true}]}}