{"id":238,"date":"2022-03-17T15:16:54","date_gmt":"2022-03-17T14:16:54","guid":{"rendered":"https:\/\/ecole.ac-nice.fr\/antibes\/semainedeslangues\/?page_id=238"},"modified":"2022-04-04T18:06:47","modified_gmt":"2022-04-04T16:06:47","slug":"allemand-c3-tag2-5-april","status":"publish","type":"page","link":"https:\/\/ecole.ac-nice.fr\/antibes\/semainedeslangues\/accueil\/allemand\/allemand-c3-tag2-5-april\/","title":{"rendered":"Allemand C3 Tag2, 5. April"},"content":{"rendered":"<p lang=\"en-US\" align=\"center\"><span style=\"color: #000000;\"><span style=\"font-family: Arial, serif;\"><span style=\"font-size: medium;\"><b>Tag 2: Dienstag, 5. April <\/b><\/span><\/span><\/span><\/p>\n<ul>\n<li>\n<p align=\"left\"><span style=\"color: #000000;\"><span style=\"font-family: Times New Roman, serif;\"><span style=\"font-size: medium;\"><span style=\"font-family: Arial, serif;\"><span style=\"font-size: small;\"><span lang=\"en-US\">Extrait vid\u00e9o <\/span><\/span><\/span><span style=\"color: #ff0000;\"><span style=\"font-family: Arial, serif;\"><span style=\"font-size: small;\"><span lang=\"en-US\">\u00e0 visionner <\/span><\/span><\/span><\/span><span style=\"color: #ff0000;\"><span style=\"font-family: Arial, serif;\"><span style=\"font-size: small;\"><span lang=\"en-US\"><u>sans le son<\/u><\/span><\/span><\/span><\/span><span style=\"color: #ff0000;\"><span style=\"font-family: Arial, serif;\"><span style=\"font-size: small;\"><span lang=\"en-US\">, juste pour donner le contexte des scripts<\/span><\/span><\/span><\/span><\/span><\/span><\/span><\/p>\n<\/li>\n<\/ul>\n<table width=\"527\" cellspacing=\"0\" cellpadding=\"7\">\n<tbody>\n<tr valign=\"top\">\n<td width=\"362\">\n<p align=\"left\"><a href=\"https:\/\/www.youtube.com\/watch?v=oEqw-FjgSFM\" target=\"_blank\" rel=\"noopener\"><span style=\"color: #0000ff;\"><span style=\"font-family: Arial, serif;\"><span style=\"font-size: small;\"><span lang=\"fr-FR\"><u>https:\/\/www.youtube.com\/watch?v=oEqw-FjgSFM<\/u><\/span><\/span><\/span><\/span><\/a><\/p>\n<\/td>\n<td width=\"137\">\n<p align=\"left\"><img loading=\"lazy\" decoding=\"async\" class=\"alignnone size-full wp-image-102\" src=\"https:\/\/ecole.ac-nice.fr\/antibes\/semainedeslangues\/wp-content\/uploads\/sites\/32\/2022\/03\/petit-g-d2.png\" alt=\"\" width=\"293\" height=\"113\" \/><\/p>\n<\/td>\n<\/tr>\n<\/tbody>\n<\/table>\n<ul>\n<li>\n<p lang=\"en-US\" align=\"left\"><span style=\"color: #000000;\"><span style=\"font-family: Arial, serif;\"><span style=\"font-size: small;\">Script et \u00e9l\u00e9ments de langage: <\/span><\/span><\/span><\/p>\n<\/li>\n<\/ul>\n<p align=\"left\"><a name=\"_Hlk92980944\"><\/a> <span style=\"color: #000000;\"><img loading=\"lazy\" decoding=\"async\" class=\"alignnone size-full wp-image-83\" src=\"https:\/\/ecole.ac-nice.fr\/antibes\/semainedeslangues\/wp-content\/uploads\/sites\/32\/2022\/03\/roadsign.png\" alt=\"\" width=\"34\" height=\"33\" \/> <span style=\"font-family: Times New Roman, serif;\"><span style=\"font-size: medium;\"><span style=\"font-family: Arial, serif;\"><span style=\"font-size: small;\"><span lang=\"en-US\">Certains mots ou expressions rel\u00e8vent du langage familier. Les expressions et les mots significatifs \u00e0 relever sont soulign\u00e9s. La compr\u00e9hension reste globale et l\u2019explicitation se fait en langue fran\u00e7aise.<\/span><\/span><\/span><\/span><\/span><\/span><\/p>\n<table width=\"605\" cellspacing=\"0\" cellpadding=\"7\">\n<tbody>\n<tr valign=\"top\">\n<td width=\"266\">\n<p align=\"left\"><span style=\"color: #000000;\"><span style=\"font-family: Arial, serif;\"><span style=\"font-size: small;\"><b>Runde 1\u00a0<\/b><\/span><\/span><\/span><\/p>\n<p align=\"left\"><span style=\"color: #000000;\"><img loading=\"lazy\" decoding=\"async\" class=\"alignnone wp-image-100\" src=\"https:\/\/ecole.ac-nice.fr\/antibes\/semainedeslangues\/wp-content\/uploads\/sites\/32\/2022\/03\/mondrian.jpg\" alt=\"\" width=\"284\" height=\"288\" \/> <\/span><\/p>\n<p lang=\"en-US\" align=\"left\"><span style=\"color: #000000;\"><span style=\"font-family: Arial, serif;\"><span style=\"font-size: small;\"><b>Mondrian, <\/b><u>Komposition in rot, blau und gelb<\/u><b>, <\/b>1930<\/span><\/span><\/span><\/p>\n<\/td>\n<td width=\"311\">\n<p lang=\"en-US\" align=\"left\"><span style=\"color: #000000;\"><span style=\"font-family: Arial, serif;\"><span style=\"font-size: small;\"><b>Skript<\/b> <span style=\"color: #ff0000;\"><b>(l\u2019enseignant lit)<\/b><\/span><\/span><\/span><\/span><\/p>\n<p lang=\"en-US\" align=\"left\"><span style=\"color: #000000;\"><span style=\"font-family: Arial, serif;\"><span style=\"font-size: small;\">&#8211; <u>Bin Chris. Bin nicht wirklich ein K\u00fcnstler<\/u>, aber ich werde mein bestes tun. Seid Ihr bereit?<\/span><\/span><\/span><\/p>\n<p lang=\"en-US\" align=\"left\"><span style=\"color: #000000;\"><span style=\"font-family: Arial, serif;\"><span style=\"font-size: small;\">-Sag uns genau, was du siehst.<\/span><\/span><\/span><\/p>\n<p lang=\"en-US\" align=\"left\"><span style=\"color: #000000;\"><span style=\"font-family: Arial, serif;\"><span style=\"font-size: small;\">&#8211; Ich sehe<u> ein rotes Quadrat<\/u>, er ist ungef\u00e4hr oben.<\/span><\/span><\/span><\/p>\n<p lang=\"en-US\" align=\"left\"><span style=\"color: #000000;\"><span style=\"font-family: Arial, serif;\"><span style=\"font-size: small;\">&#8211; Von dir aus gesehen w\u00fcrde es rechts stehen.<\/span><\/span><\/span><\/p>\n<p lang=\"en-US\" align=\"left\"><span style=\"color: #000000;\"><span style=\"font-family: Arial, serif;\"><span style=\"font-size: small;\">&#8211; So, d<u>ann gibt\u2019s ein blaues Quadrat unten, und ein sehr kleines gelbes Quadrat <\/u>&#8230;<\/span><\/span><\/span><\/p>\n<p lang=\"en-US\" align=\"left\"><span style=\"color: #000000;\"><span style=\"font-family: Arial, serif;\"><span style=\"font-size: small;\">&#8211; Rothko? &#8211; <u>Falsch<\/u><\/span><\/span><\/span><\/p>\n<p lang=\"en-US\" align=\"left\"><span style=\"color: #000000;\"><span style=\"font-family: Arial, serif;\"><span style=\"font-size: small;\">&#8211; Worum geht es in <u>diesem Gem\u00e4lde<\/u>?<\/span><\/span><\/span><\/p>\n<p lang=\"en-US\" align=\"left\"><span style=\"color: #000000;\"><span style=\"font-family: Arial, serif;\"><span style=\"font-size: small;\">&#8211; Es erinnert mich an das erste mal wo ich Baseball in Little league gespielt habe.<\/span><\/span><\/span><\/p>\n<p lang=\"en-US\" align=\"left\"><span style=\"color: #000000;\"><span style=\"font-family: Arial, serif;\"><span style=\"font-size: small;\">&#8211; Kannst du vielleicht mit der Kreide deine Version malen?<\/span><\/span><\/span><\/p>\n<\/td>\n<\/tr>\n<\/tbody>\n<\/table>\n<table width=\"605\" cellspacing=\"0\" cellpadding=\"7\">\n<tbody>\n<tr valign=\"top\">\n<td width=\"325\">\n<p lang=\"en-US\" align=\"left\"><span style=\"color: #000000;\"><span style=\"font-family: Arial, serif;\"><span style=\"font-size: small;\"><b>Runde 2<\/b><\/span><\/span><\/span><\/p>\n<p align=\"left\"><span style=\"color: #000000;\"><img loading=\"lazy\" decoding=\"async\" class=\"alignnone wp-image-99\" src=\"https:\/\/ecole.ac-nice.fr\/antibes\/semainedeslangues\/wp-content\/uploads\/sites\/32\/2022\/03\/hopper.jpg\" alt=\"\" width=\"364\" height=\"304\" \/> <\/span><\/p>\n<p lang=\"en-US\" align=\"left\"><span style=\"font-family: Arial, serif;\"><span style=\"font-size: small;\"><b>Edward Hopper, <\/b><\/span><span style=\"font-size: small;\"><u>Nachtschw\u00e4rmer<\/u><\/span><span style=\"font-size: small;\">, <\/span><span style=\"font-size: small;\">1942<\/span><\/span><\/p>\n<\/td>\n<td width=\"252\">\n<p lang=\"en-US\" align=\"left\"><span style=\"color: #000000;\"><span style=\"font-family: Arial, serif;\"><span style=\"font-size: small;\"><b>Skript <span style=\"color: #ff0000;\">(l\u2019enseignant lit)<\/span><\/b><\/span><\/span><\/span><\/p>\n<p lang=\"en-US\" align=\"left\"><span style=\"color: #000000;\"><span style=\"font-family: Arial, serif;\"><span style=\"font-size: small;\">&#8211; Was siehst du? Was steht vor dir?<\/span><\/span><\/span><\/p>\n<p lang=\"en-US\" align=\"left\"><span style=\"color: #000000;\"><span style=\"font-family: Arial, serif;\"><span style=\"font-size: small;\">&#8211; Ich sehe eine Frau, sie tr\u00e4gt ein rotes Kleid, Sie ist rothaarig. Sie sitzt in einem Gesch\u00e4ft. Das Gesch\u00e4ft heisst \u201cPhillies\u201d. Keine Ahnung , was es bedeutet<\/span><\/span><\/span><\/p>\n<p lang=\"en-US\" align=\"left\"><span style=\"color: #000000;\"><span style=\"font-family: Arial, serif;\"><span style=\"font-size: small;\">&#8211; Chagall? <\/span><\/span><\/span><\/p>\n<p lang=\"en-US\" align=\"left\"><span style=\"color: #000000;\"><span style=\"font-family: Arial, serif;\"><span style=\"font-size: small;\">&#8211; Keine Ahnung.<\/span><\/span><\/span><\/p>\n<p lang=\"en-US\" align=\"left\"><span style=\"color: #000000;\"><span style=\"font-family: Arial, serif;\"><span style=\"font-size: small;\">&#8211; Der K\u00fcnstler\u2026 seine Freundin wurde ihm gestohlen. Deswegen hat er dieses Bild gemahlt, um seine Gef\u00fchle ausdr\u00fccken zu k\u00f6nnen.<\/span><\/span><\/span><\/p>\n<\/td>\n<\/tr>\n<\/tbody>\n<\/table>\n<table width=\"605\" cellspacing=\"0\" cellpadding=\"7\">\n<tbody>\n<tr valign=\"top\">\n<td width=\"325\">\n<p lang=\"en-US\" align=\"left\"><span style=\"color: #000000;\"><span style=\"font-family: Arial, serif;\"><span style=\"font-size: small;\"><b>Runde 3<\/b><\/span><\/span><\/span><\/p>\n<p align=\"left\"><span style=\"color: #000000;\"><img loading=\"lazy\" decoding=\"async\" class=\"alignnone wp-image-103\" src=\"https:\/\/ecole.ac-nice.fr\/antibes\/semainedeslangues\/wp-content\/uploads\/sites\/32\/2022\/03\/wood-300x228.jpg\" alt=\"\" width=\"371\" height=\"282\" srcset=\"https:\/\/ecole.ac-nice.fr\/antibes\/semainedeslangues\/wp-content\/uploads\/sites\/32\/2022\/03\/wood-300x228.jpg 300w, https:\/\/ecole.ac-nice.fr\/antibes\/semainedeslangues\/wp-content\/uploads\/sites\/32\/2022\/03\/wood-768x583.jpg 768w, https:\/\/ecole.ac-nice.fr\/antibes\/semainedeslangues\/wp-content\/uploads\/sites\/32\/2022\/03\/wood.jpg 787w\" sizes=\"auto, (max-width: 371px) 100vw, 371px\" \/> <\/span><\/p>\n<p lang=\"en-US\" align=\"left\"><span style=\"font-family: Arial, serif;\"><span style=\"font-size: small;\"><b>Grant Wood<\/b>, <u>Parson Weems Fabel<\/u>, 1939<\/span><\/span><\/p>\n<\/td>\n<td width=\"252\">\n<p lang=\"en-US\" align=\"left\"><span style=\"color: #000000;\"><span style=\"font-family: Arial, serif;\"><span style=\"font-size: small;\"><b>Skript: <span style=\"color: #ff0000;\">(l\u2019enseignant lit)<\/span><\/b><\/span><\/span><\/span><\/p>\n<p lang=\"en-US\" align=\"left\"><span style=\"font-family: Arial, serif;\"><span style=\"font-size: small;\"><i>&#8211; Ich glaube, dieses Gem\u00e4lde ist sehr gut.<\/i><\/span><\/span><\/p>\n<p lang=\"en-US\" align=\"left\"><span style=\"font-family: Arial, serif;\"><span style=\"font-size: small;\"><i>-\u2026Millionen von Kirschen\u2026<\/i><\/span><\/span><\/p>\n<p lang=\"en-US\" align=\"left\"><span style=\"font-family: Arial, serif;\"><span style=\"font-size: small;\"><i>&#8211; Ich glaube, er ist ein General. Er tr\u00e4gt einen Piratenhut. Er h\u00e4lt einen Kirschenbaum<\/i><\/span><\/span><\/p>\n<p lang=\"en-US\" align=\"left\"><span style=\"font-family: Arial, serif;\"><span style=\"font-size: small;\"><i>&#8211; Seine H\u00e4nde sind wirklich realistisch, sie k\u00f6nnten meine H\u00e4nde sein.<\/i><\/span><\/span><\/p>\n<p lang=\"en-US\" align=\"left\"><span style=\"font-family: Arial, serif;\"><span style=\"font-size: small;\"><i>&#8211; Korrekt\u2026 Shana du gewinnst!. Ich habe etwas f\u00fcr dich gemacht<\/i><\/span><\/span><\/p>\n<p lang=\"en-US\" align=\"left\"><span style=\"color: #000000;\"><span style=\"font-family: Arial, serif;\"><span style=\"font-size: small;\"><i>&#8211; Oh wunderbart! Danke sehr!<\/i><\/span><\/span><\/span><\/p>\n<\/td>\n<\/tr>\n<\/tbody>\n<\/table>\n<ul>\n<li>\n<p lang=\"en-US\" align=\"left\"><span style=\"color: #000000;\"><span style=\"font-family: Arial, serif;\"><span style=\"font-size: small;\">Extrait \u00e0 visionner \u201cpour le plaisir\u201d<\/span><\/span><\/span><\/p>\n<\/li>\n<\/ul>\n<table width=\"527\" cellspacing=\"0\" cellpadding=\"7\">\n<tbody>\n<tr valign=\"top\">\n<td width=\"371\">\n<p align=\"left\"><a href=\"https:\/\/www.youtube.com\/watch?v=E136wOBMGJo\" target=\"_blank\" rel=\"noopener\"><span style=\"color: #0000ff;\"><span style=\"font-family: Arial, serif;\"><span style=\"font-size: small;\"><span lang=\"fr-FR\"><u>https:\/\/www.youtube.com\/watch?v=E136wOBMGJo<\/u><\/span><\/span><\/span><\/span><\/a><\/p>\n<\/td>\n<td width=\"128\">\n<p align=\"left\"><img loading=\"lazy\" decoding=\"async\" class=\"alignnone size-full wp-image-101\" src=\"https:\/\/ecole.ac-nice.fr\/antibes\/semainedeslangues\/wp-content\/uploads\/sites\/32\/2022\/03\/petit-g-d2-fin.png\" alt=\"\" width=\"252\" height=\"128\" \/><\/p>\n<\/td>\n<\/tr>\n<\/tbody>\n<\/table>\n<p style=\"text-align: center;\"><a href=\"https:\/\/ecole.ac-nice.fr\/antibes\/semainedeslangues\/wp-content\/uploads\/sites\/32\/2022\/03\/C3D2all.pdf\">T\u00e9l\u00e9charger cette page<\/a><\/p>\n","protected":false},"excerpt":{"rendered":"<p>Tag 2: Dienstag, 5. April Extrait vid\u00e9o \u00e0 visionner sans le son, juste pour donner le contexte des scripts https:\/\/www.youtube.com\/watch?v=oEqw-FjgSFM Script et \u00e9l\u00e9ments de langage: Certains mots ou expressions rel\u00e8vent du langage familier. Les expressions et les mots significatifs \u00e0 relever sont soulign\u00e9s. La compr\u00e9hension reste globale et l\u2019explicitation se fait en langue fran\u00e7aise. Runde &hellip; <a href=\"https:\/\/ecole.ac-nice.fr\/antibes\/semainedeslangues\/accueil\/allemand\/allemand-c3-tag2-5-april\/\" class=\"more-link\">Continuer la lecture de <span class=\"screen-reader-text\">Allemand C3 Tag2, 5. April<\/span> <span class=\"meta-nav\">&rarr;<\/span><\/a><\/p>\n","protected":false},"author":26,"featured_media":0,"parent":41,"menu_order":0,"comment_status":"closed","ping_status":"closed","template":"","meta":{"footnotes":""},"class_list":["post-238","page","type-page","status-publish","hentry"],"_links":{"self":[{"href":"https:\/\/ecole.ac-nice.fr\/antibes\/semainedeslangues\/wp-json\/wp\/v2\/pages\/238","targetHints":{"allow":["GET"]}}],"collection":[{"href":"https:\/\/ecole.ac-nice.fr\/antibes\/semainedeslangues\/wp-json\/wp\/v2\/pages"}],"about":[{"href":"https:\/\/ecole.ac-nice.fr\/antibes\/semainedeslangues\/wp-json\/wp\/v2\/types\/page"}],"author":[{"embeddable":true,"href":"https:\/\/ecole.ac-nice.fr\/antibes\/semainedeslangues\/wp-json\/wp\/v2\/users\/26"}],"replies":[{"embeddable":true,"href":"https:\/\/ecole.ac-nice.fr\/antibes\/semainedeslangues\/wp-json\/wp\/v2\/comments?post=238"}],"version-history":[{"count":8,"href":"https:\/\/ecole.ac-nice.fr\/antibes\/semainedeslangues\/wp-json\/wp\/v2\/pages\/238\/revisions"}],"predecessor-version":[{"id":275,"href":"https:\/\/ecole.ac-nice.fr\/antibes\/semainedeslangues\/wp-json\/wp\/v2\/pages\/238\/revisions\/275"}],"up":[{"embeddable":true,"href":"https:\/\/ecole.ac-nice.fr\/antibes\/semainedeslangues\/wp-json\/wp\/v2\/pages\/41"}],"wp:attachment":[{"href":"https:\/\/ecole.ac-nice.fr\/antibes\/semainedeslangues\/wp-json\/wp\/v2\/media?parent=238"}],"curies":[{"name":"wp","href":"https:\/\/api.w.org\/{rel}","templated":true}]}}