{"id":126,"date":"2022-03-09T17:00:12","date_gmt":"2022-03-09T16:00:12","guid":{"rendered":"https:\/\/ecole.ac-nice.fr\/antibes\/semainedeslangues\/?page_id=126"},"modified":"2022-04-07T17:24:18","modified_gmt":"2022-04-07T15:24:18","slug":"anglais-c2-day-4-april-8th","status":"publish","type":"page","link":"https:\/\/ecole.ac-nice.fr\/antibes\/semainedeslangues\/accueil\/anglais\/anglais-c2-day-4-april-8th\/","title":{"rendered":"Anglais C2 Day 4, April 8th"},"content":{"rendered":"<h2 style=\"text-align: center;\"><span style=\"color: #0000ff;\">Anglais Cycle 2<\/span><\/h2>\n<h2 style=\"text-align: center;\"><span style=\"color: #0000ff;\">Day 4, <\/span><span style=\"color: #0000ff;\">April 8th<\/span><\/h2>\n<p><a name=\"_Hlk93061060\"><\/a> <span style=\"font-family: Times New Roman, serif;\"><span style=\"font-size: medium;\"><span style=\"font-family: Arial, serif;\"><span style=\"font-size: small;\"><span lang=\"en-US\">D\u00e9marche et entrainement identiques avec le jour 3 pour les 3 \u0153uvres propos\u00e9es ci-apr\u00e8s:<\/span><\/span><\/span><\/span><\/span><\/p>\n<table width=\"707\" cellspacing=\"0\" cellpadding=\"7\">\n<tbody>\n<tr valign=\"top\">\n<td width=\"340\">\n<p align=\"left\"><img loading=\"lazy\" decoding=\"async\" class=\"alignnone wp-image-136\" src=\"https:\/\/ecole.ac-nice.fr\/antibes\/semainedeslangues\/wp-content\/uploads\/sites\/32\/2022\/03\/picasso-nana.png\" alt=\"\" width=\"295\" height=\"448\" \/><\/p>\n<p lang=\"en-US\" align=\"left\"><span style=\"font-family: Arial, serif;\"><span style=\"font-size: small;\"><u>Nana<\/u> Picasso 1901<\/span><\/span><\/p>\n<\/td>\n<td width=\"340\">\n<p align=\"left\"><img loading=\"lazy\" decoding=\"async\" class=\"alignnone wp-image-133\" src=\"https:\/\/ecole.ac-nice.fr\/antibes\/semainedeslangues\/wp-content\/uploads\/sites\/32\/2022\/03\/vasarely-300x300.jpg\" alt=\"\" width=\"331\" height=\"331\" srcset=\"https:\/\/ecole.ac-nice.fr\/antibes\/semainedeslangues\/wp-content\/uploads\/sites\/32\/2022\/03\/vasarely-300x300.jpg 300w, https:\/\/ecole.ac-nice.fr\/antibes\/semainedeslangues\/wp-content\/uploads\/sites\/32\/2022\/03\/vasarely-150x150.jpg 150w, https:\/\/ecole.ac-nice.fr\/antibes\/semainedeslangues\/wp-content\/uploads\/sites\/32\/2022\/03\/vasarely.jpg 500w\" sizes=\"auto, (max-width: 331px) 100vw, 331px\" \/><\/p>\n<p align=\"left\"><span style=\"font-family: Calibri, serif;\"><span style=\"font-size: small;\"><b>Victor Vasarely<\/b>, <u>Vega 200,<\/u> 1968<\/span><\/span><\/p>\n<\/td>\n<\/tr>\n<tr>\n<td colspan=\"2\" valign=\"top\" width=\"693\">\n<p align=\"left\"><img loading=\"lazy\" decoding=\"async\" class=\"alignnone wp-image-137\" src=\"https:\/\/ecole.ac-nice.fr\/antibes\/semainedeslangues\/wp-content\/uploads\/sites\/32\/2022\/03\/braque-300x247.jpg\" alt=\"\" width=\"592\" height=\"487\" srcset=\"https:\/\/ecole.ac-nice.fr\/antibes\/semainedeslangues\/wp-content\/uploads\/sites\/32\/2022\/03\/braque-300x247.jpg 300w, https:\/\/ecole.ac-nice.fr\/antibes\/semainedeslangues\/wp-content\/uploads\/sites\/32\/2022\/03\/braque.jpg 757w\" sizes=\"auto, (max-width: 592px) 100vw, 592px\" \/><\/p>\n<p align=\"left\"><span style=\"font-family: Times New Roman, serif;\"><span style=\"font-size: medium;\"><span style=\"font-family: Arial, serif;\"><span style=\"font-size: small;\"><b>Georges Braque<\/b><\/span><\/span><span style=\"font-family: Arial, serif;\"><span style=\"font-size: small;\">, <\/span><\/span><span style=\"font-family: Arial, serif;\"><span style=\"font-size: small;\"><u>Anvers<\/u><\/span><\/span><span style=\"font-family: Arial, serif;\"><span style=\"font-size: small;\">,1905<\/span><\/span><\/span><\/span><\/p>\n<\/td>\n<\/tr>\n<\/tbody>\n<\/table>\n<p><span style=\"font-family: Times New Roman, serif;\"><span style=\"font-size: medium;\"><span style=\"color: #4f81bd;\"><span style=\"font-family: Arial, serif;\"><span lang=\"en-US\"><b>Production finale:<\/b><\/span><\/span><\/span><\/span><\/span><\/p>\n<p><span style=\"font-family: Times New Roman, serif;\"><span style=\"font-size: medium;\"><span style=\"font-family: Arial, serif;\"><span style=\"font-size: small;\"><span lang=\"en-US\">Parmi les deux oeuvres d\u2019art propos\u00e9es, en choisir une \u00e0 presenter pour le concours d\u00e9partemental.<\/span><\/span><\/span><\/span><\/span><\/p>\n<table width=\"707\" cellspacing=\"0\" cellpadding=\"7\">\n<tbody>\n<tr valign=\"top\">\n<td width=\"340\">\n<p align=\"left\"><img loading=\"lazy\" decoding=\"async\" class=\"alignnone wp-image-134\" src=\"https:\/\/ecole.ac-nice.fr\/antibes\/semainedeslangues\/wp-content\/uploads\/sites\/32\/2022\/03\/warhol-300x300.jpg\" alt=\"\" width=\"360\" height=\"360\" srcset=\"https:\/\/ecole.ac-nice.fr\/antibes\/semainedeslangues\/wp-content\/uploads\/sites\/32\/2022\/03\/warhol-300x300.jpg 300w, https:\/\/ecole.ac-nice.fr\/antibes\/semainedeslangues\/wp-content\/uploads\/sites\/32\/2022\/03\/warhol-150x150.jpg 150w\" sizes=\"auto, (max-width: 360px) 100vw, 360px\" \/><\/p>\n<p align=\"left\"><span style=\"font-family: Arial, serif;\"><span style=\"font-size: small;\"><b>Andy Warhol<\/b>, <u>Marylin<\/u>, 1962<\/span><\/span><\/p>\n<\/td>\n<td width=\"340\">\n<p align=\"left\"><img loading=\"lazy\" decoding=\"async\" class=\"alignnone wp-image-135\" src=\"https:\/\/ecole.ac-nice.fr\/antibes\/semainedeslangues\/wp-content\/uploads\/sites\/32\/2022\/03\/miro.jpg\" alt=\"\" width=\"295\" height=\"367\" \/><\/p>\n<p lang=\"en-US\" align=\"left\"><span style=\"font-family: Arial, serif;\"><span style=\"font-size: small;\"><b>Joan Miro<\/b>, <u>Le Jardin<\/u>, 1925<\/span><\/span><\/p>\n<\/td>\n<\/tr>\n<\/tbody>\n<\/table>\n<p style=\"text-align: center;\"><a href=\"https:\/\/ecole.ac-nice.fr\/antibes\/semainedeslangues\/wp-content\/uploads\/sites\/32\/2022\/03\/C2D4.pdf\">T\u00e9l\u00e9charger cette page C2D4<\/a><\/p>\n","protected":false},"excerpt":{"rendered":"<p>Anglais Cycle 2 Day 4, April 8th D\u00e9marche et entrainement identiques avec le jour 3 pour les 3 \u0153uvres propos\u00e9es ci-apr\u00e8s: Nana Picasso 1901 Victor Vasarely, Vega 200, 1968 Georges Braque, Anvers,1905 Production finale: Parmi les deux oeuvres d\u2019art propos\u00e9es, en choisir une \u00e0 presenter pour le concours d\u00e9partemental. Andy Warhol, Marylin, 1962 Joan Miro, &hellip; <a href=\"https:\/\/ecole.ac-nice.fr\/antibes\/semainedeslangues\/accueil\/anglais\/anglais-c2-day-4-april-8th\/\" class=\"more-link\">Continuer la lecture de <span class=\"screen-reader-text\">Anglais C2 Day 4, April 8th<\/span> <span class=\"meta-nav\">&rarr;<\/span><\/a><\/p>\n","protected":false},"author":26,"featured_media":0,"parent":37,"menu_order":0,"comment_status":"closed","ping_status":"closed","template":"","meta":{"footnotes":""},"class_list":["post-126","page","type-page","status-publish","hentry"],"_links":{"self":[{"href":"https:\/\/ecole.ac-nice.fr\/antibes\/semainedeslangues\/wp-json\/wp\/v2\/pages\/126","targetHints":{"allow":["GET"]}}],"collection":[{"href":"https:\/\/ecole.ac-nice.fr\/antibes\/semainedeslangues\/wp-json\/wp\/v2\/pages"}],"about":[{"href":"https:\/\/ecole.ac-nice.fr\/antibes\/semainedeslangues\/wp-json\/wp\/v2\/types\/page"}],"author":[{"embeddable":true,"href":"https:\/\/ecole.ac-nice.fr\/antibes\/semainedeslangues\/wp-json\/wp\/v2\/users\/26"}],"replies":[{"embeddable":true,"href":"https:\/\/ecole.ac-nice.fr\/antibes\/semainedeslangues\/wp-json\/wp\/v2\/comments?post=126"}],"version-history":[{"count":10,"href":"https:\/\/ecole.ac-nice.fr\/antibes\/semainedeslangues\/wp-json\/wp\/v2\/pages\/126\/revisions"}],"predecessor-version":[{"id":217,"href":"https:\/\/ecole.ac-nice.fr\/antibes\/semainedeslangues\/wp-json\/wp\/v2\/pages\/126\/revisions\/217"}],"up":[{"embeddable":true,"href":"https:\/\/ecole.ac-nice.fr\/antibes\/semainedeslangues\/wp-json\/wp\/v2\/pages\/37"}],"wp:attachment":[{"href":"https:\/\/ecole.ac-nice.fr\/antibes\/semainedeslangues\/wp-json\/wp\/v2\/media?parent=126"}],"curies":[{"name":"wp","href":"https:\/\/api.w.org\/{rel}","templated":true}]}}